{"id":652,"date":"2020-11-09T11:15:33","date_gmt":"2020-11-09T10:15:33","guid":{"rendered":"https:\/\/tandem-paragliding-zellamsee.com\/?page_id=652"},"modified":"2026-01-12T15:12:41","modified_gmt":"2026-01-12T14:12:41","slug":"parapendio-sullo-schmittenhoehe","status":"publish","type":"page","link":"https:\/\/tandem-paragliding-zellamsee.com\/it\/parapendio-sullo-schmittenhoehe\/","title":{"rendered":"Zona di volo Schmittenh\u00f6he"},"content":{"rendered":"<div data-elementor-type=\"wp-page\" data-elementor-id=\"652\" class=\"elementor elementor-652\" data-elementor-post-type=\"page\">\n\t\t\t\t<div class=\"elementor-element elementor-element-89b8d6c e-con-full e-flex e-con e-parent\" data-id=\"89b8d6c\" data-element_type=\"container\" data-settings=\"{&quot;background_background&quot;:&quot;classic&quot;,&quot;jet_parallax_layout_list&quot;:[]}\">\n\t\t\t\t<div class=\"elementor-element elementor-element-3e47d2b elementor-align-left elementor-widget elementor-widget-breadcrumbs\" data-id=\"3e47d2b\" data-element_type=\"widget\" data-widget_type=\"breadcrumbs.default\">\n\t\t\t\t\t<p id=\"breadcrumbs\"><span><span><a href=\"https:\/\/tandem-paragliding-zellamsee.com\/it\/\">Pagina iniziale<\/a><\/span><\/span><\/p>\t\t\t\t<\/div>\n\t\t\t\t<\/div>\n\t\t<div class=\"elementor-element elementor-element-531b4d5 e-flex e-con-boxed e-con e-parent\" data-id=\"531b4d5\" data-element_type=\"container\" data-settings=\"{&quot;jet_parallax_layout_list&quot;:[]}\">\n\t\t\t\t\t<div class=\"e-con-inner\">\n\t\t\t\t<div class=\"elementor-element elementor-element-f026fcc elementor-widget elementor-widget-heading\" data-id=\"f026fcc\" data-element_type=\"widget\" data-widget_type=\"heading.default\">\n\t\t\t\t\t<div class=\"elementor-heading-title elementor-size-default\">Parapendio biposto<\/div>\t\t\t\t<\/div>\n\t\t\t\t<div class=\"elementor-element elementor-element-6bda399 elementor-widget elementor-widget-heading\" data-id=\"6bda399\" data-element_type=\"widget\" data-widget_type=\"heading.default\">\n\t\t\t\t\t<h1 class=\"elementor-heading-title elementor-size-default\">Parapendio biposto dallo Schmittenh\u00f6he<\/h1>\t\t\t\t<\/div>\n\t\t\t\t\t<\/div>\n\t\t\t\t<\/div>\n\t\t<div class=\"elementor-element elementor-element-43fbecd e-flex e-con-boxed e-con e-parent\" data-id=\"43fbecd\" data-element_type=\"container\" data-settings=\"{&quot;background_background&quot;:&quot;classic&quot;,&quot;jet_parallax_layout_list&quot;:[]}\">\n\t\t\t\t\t<div class=\"e-con-inner\">\n\t\t<div class=\"elementor-element elementor-element-c2cdc47 e-con-full e-flex e-con e-child\" data-id=\"c2cdc47\" data-element_type=\"container\" data-settings=\"{&quot;background_background&quot;:&quot;classic&quot;,&quot;background_motion_fx_motion_fx_scrolling&quot;:&quot;yes&quot;,&quot;background_motion_fx_opacity_effect&quot;:&quot;yes&quot;,&quot;background_motion_fx_opacity_range&quot;:{&quot;unit&quot;:&quot;%&quot;,&quot;size&quot;:&quot;&quot;,&quot;sizes&quot;:{&quot;start&quot;:46,&quot;end&quot;:100}},&quot;position&quot;:&quot;absolute&quot;,&quot;jet_parallax_layout_list&quot;:[],&quot;background_motion_fx_opacity_direction&quot;:&quot;out-in&quot;,&quot;background_motion_fx_opacity_level&quot;:{&quot;unit&quot;:&quot;px&quot;,&quot;size&quot;:10,&quot;sizes&quot;:[]},&quot;background_motion_fx_devices&quot;:[&quot;desktop&quot;,&quot;tablet&quot;,&quot;mobile&quot;]}\">\n\t\t\t\t<\/div>\n\t\t<div class=\"elementor-element elementor-element-29ba815 e-con-full e-flex e-con e-child\" data-id=\"29ba815\" data-element_type=\"container\" data-settings=\"{&quot;jet_parallax_layout_list&quot;:[],&quot;motion_fx_motion_fx_scrolling&quot;:&quot;yes&quot;,&quot;motion_fx_translateY_effect&quot;:&quot;yes&quot;,&quot;motion_fx_translateY_direction&quot;:&quot;negative&quot;,&quot;motion_fx_translateY_speed&quot;:{&quot;unit&quot;:&quot;px&quot;,&quot;size&quot;:6,&quot;sizes&quot;:[]},&quot;motion_fx_translateY_affectedRange&quot;:{&quot;unit&quot;:&quot;%&quot;,&quot;size&quot;:&quot;&quot;,&quot;sizes&quot;:{&quot;start&quot;:0,&quot;end&quot;:50}},&quot;motion_fx_devices&quot;:[&quot;desktop&quot;,&quot;tablet&quot;,&quot;mobile&quot;]}\">\n\t\t\t\t<div class=\"elementor-element elementor-element-6e09137 elementor-widget elementor-widget-heading\" data-id=\"6e09137\" data-element_type=\"widget\" data-widget_type=\"heading.default\">\n\t\t\t\t\t<h2 class=\"elementor-heading-title elementor-size-default\">Parapendio biposto dallo Schmittenh\u00f6he<\/h2>\t\t\t\t<\/div>\n\t\t\t\t<div class=\"elementor-element elementor-element-ebf4a60 elementor-widget elementor-widget-text-editor\" data-id=\"ebf4a60\" data-element_type=\"widget\" data-widget_type=\"text-editor.default\">\n\t\t\t\t\t\t\t\t\t<p>Questa \u00e8 l&#039;avventura perfetta per tutti coloro che vogliono vedere il Salisburghese dall&#039;alto.<\/p>\t\t\t\t\t\t\t\t<\/div>\n\t\t\t\t<\/div>\n\t\t\t\t\t<\/div>\n\t\t\t\t<\/div>\n\t\t<div class=\"elementor-element elementor-element-8dfc3b3 e-flex e-con-boxed e-con e-parent\" data-id=\"8dfc3b3\" data-element_type=\"container\" data-settings=\"{&quot;jet_parallax_layout_list&quot;:[]}\">\n\t\t\t\t\t<div class=\"e-con-inner\">\n\t\t<div class=\"elementor-element elementor-element-da8f859 e-flex e-con-boxed e-con e-child\" data-id=\"da8f859\" data-element_type=\"container\" data-settings=\"{&quot;jet_parallax_layout_list&quot;:[]}\">\n\t\t\t\t\t<div class=\"e-con-inner\">\n\t\t\t\t<div class=\"elementor-element elementor-element-fed371f elementor-widget elementor-widget-text-editor\" data-id=\"fed371f\" data-element_type=\"widget\" data-widget_type=\"text-editor.default\">\n\t\t\t\t\t\t\t\t\t<p>Guardi pi\u00f9 di 30 tremila. S\u00ec, le montagne qui sono semplicemente bellissime. Il tutto \u00e8 completato dalla vista unica sul lago di Zell.<\/p><p>Negli ultimi anni lo Schmittenh\u00f6he \u00e8 diventato una delle aree di volo pi\u00f9 apprezzate dell&#039;Austria. E questo \u00e8 meritato, perch\u00e9 qui le termiche sono particolarmente vantaggiose. Quando inizi, puoi iniziare in qualsiasi direzione!<\/p>\t\t\t\t\t\t\t\t<\/div>\n\t\t\t\t\t<\/div>\n\t\t\t\t<\/div>\n\t\t\t\t\t<\/div>\n\t\t\t\t<\/div>\n\t\t<div class=\"elementor-element elementor-element-4d163b2 e-flex e-con-boxed e-con e-parent\" data-id=\"4d163b2\" data-element_type=\"container\" data-settings=\"{&quot;background_background&quot;:&quot;classic&quot;,&quot;jet_parallax_layout_list&quot;:[]}\">\n\t\t\t\t\t<div class=\"e-con-inner\">\n\t\t<div class=\"elementor-element elementor-element-d300147 e-con-full e-flex e-con e-child\" data-id=\"d300147\" data-element_type=\"container\" data-settings=\"{&quot;background_background&quot;:&quot;classic&quot;,&quot;background_motion_fx_motion_fx_scrolling&quot;:&quot;yes&quot;,&quot;background_motion_fx_opacity_effect&quot;:&quot;yes&quot;,&quot;background_motion_fx_opacity_range&quot;:{&quot;unit&quot;:&quot;%&quot;,&quot;size&quot;:&quot;&quot;,&quot;sizes&quot;:{&quot;start&quot;:46,&quot;end&quot;:100}},&quot;position&quot;:&quot;absolute&quot;,&quot;jet_parallax_layout_list&quot;:[],&quot;background_motion_fx_opacity_direction&quot;:&quot;out-in&quot;,&quot;background_motion_fx_opacity_level&quot;:{&quot;unit&quot;:&quot;px&quot;,&quot;size&quot;:10,&quot;sizes&quot;:[]},&quot;background_motion_fx_devices&quot;:[&quot;desktop&quot;,&quot;tablet&quot;,&quot;mobile&quot;]}\">\n\t\t\t\t<\/div>\n\t\t<div class=\"elementor-element elementor-element-1509771 e-con-full e-flex e-con e-child\" data-id=\"1509771\" data-element_type=\"container\" data-settings=\"{&quot;jet_parallax_layout_list&quot;:[],&quot;motion_fx_motion_fx_scrolling&quot;:&quot;yes&quot;,&quot;motion_fx_translateY_effect&quot;:&quot;yes&quot;,&quot;motion_fx_translateY_direction&quot;:&quot;negative&quot;,&quot;motion_fx_translateY_speed&quot;:{&quot;unit&quot;:&quot;px&quot;,&quot;size&quot;:6,&quot;sizes&quot;:[]},&quot;motion_fx_translateY_affectedRange&quot;:{&quot;unit&quot;:&quot;%&quot;,&quot;size&quot;:&quot;&quot;,&quot;sizes&quot;:{&quot;start&quot;:0,&quot;end&quot;:50}},&quot;motion_fx_devices&quot;:[&quot;desktop&quot;,&quot;tablet&quot;,&quot;mobile&quot;]}\">\n\t\t\t\t<div class=\"elementor-element elementor-element-20863fc elementor-widget elementor-widget-heading\" data-id=\"20863fc\" data-element_type=\"widget\" data-widget_type=\"heading.default\">\n\t\t\t\t\t<h2 class=\"elementor-heading-title elementor-size-default\">Le migliori termiche sullo Schmittenh\u00f6he<\/h2>\t\t\t\t<\/div>\n\t\t\t\t<div class=\"elementor-element elementor-element-399eb81 elementor-widget elementor-widget-text-editor\" data-id=\"399eb81\" data-element_type=\"widget\" data-widget_type=\"text-editor.default\">\n\t\t\t\t\t\t\t\t\t<p>Le termiche sono cruciali, soprattutto se vuoi goderti lo splendido panorama il pi\u00f9 a lungo possibile.\u00a0<\/p>\t\t\t\t\t\t\t\t<\/div>\n\t\t\t\t<\/div>\n\t\t\t\t\t<\/div>\n\t\t\t\t<\/div>\n\t\t<div class=\"elementor-element elementor-element-fa25a00 e-flex e-con-boxed e-con e-parent\" data-id=\"fa25a00\" data-element_type=\"container\" data-settings=\"{&quot;jet_parallax_layout_list&quot;:[]}\">\n\t\t\t\t\t<div class=\"e-con-inner\">\n\t\t<div class=\"elementor-element elementor-element-aa59c84 e-flex e-con-boxed e-con e-child\" data-id=\"aa59c84\" data-element_type=\"container\" data-settings=\"{&quot;jet_parallax_layout_list&quot;:[]}\">\n\t\t\t\t\t<div class=\"e-con-inner\">\n\t\t\t\t<div class=\"elementor-element elementor-element-9d7ada3 elementor-widget elementor-widget-text-editor\" data-id=\"9d7ada3\" data-element_type=\"widget\" data-widget_type=\"text-editor.default\">\n\t\t\t\t\t\t\t\t\t<p>La forte corrente ascensionale rende le termiche sullo Schmittenh\u00f6he cos\u00ec potenti. I voli termici o i voli di cross-country sono i migliori tra aprile e agosto. Pianifica il tuo con noi, ad esempio <a href=\"https:\/\/tandem-paragliding-zellamsee.com\/it\/serbatoi-di-kaprun-in-parapendio\/\">Escursione in parapendio ai bacini artificiali di Kaprun.<\/a><\/p><p>Atterrerai sempre al punto di atterraggio vicino a F\u00fcrth (Kapruner Stra\u00dfe 2, 5721 Piesendorf, stazione ferroviaria). L\u00ec troverete un collegamento con la stazione a valle con i mezzi pubblici. Gi\u00e0 conosciuto? Lo Schmittenh\u00f6he \u00e8 la montagna panoramica pi\u00f9 bella dell&#039;Austria! Se stai ancora cercando un alloggio nelle vicinanze, dai un&#039;occhiata <a href=\"https:\/\/www.we-rent-apartments.com\/\" target=\"_blank\" rel=\"noopener\">affittiamo appartamenti e chalet<\/a> Sopra!<\/p>\t\t\t\t\t\t\t\t<\/div>\n\t\t\t\t\t<\/div>\n\t\t\t\t<\/div>\n\t\t\t\t\t<\/div>\n\t\t\t\t<\/div>\n\t\t<div class=\"elementor-element elementor-element-8359031 e-con-full e-flex e-con e-parent\" data-id=\"8359031\" data-element_type=\"container\" data-settings=\"{&quot;background_background&quot;:&quot;classic&quot;,&quot;jet_parallax_layout_list&quot;:[]}\">\n\t\t<div class=\"elementor-element elementor-element-f2c375c e-con-full e-flex e-con e-child\" data-id=\"f2c375c\" data-element_type=\"container\" data-settings=\"{&quot;jet_parallax_layout_list&quot;:[],&quot;background_background&quot;:&quot;classic&quot;}\">\n\t\t\t\t<div class=\"elementor-element elementor-element-93c8f67 elementor-widget elementor-widget-heading\" data-id=\"93c8f67\" data-element_type=\"widget\" data-widget_type=\"heading.default\">\n\t\t\t\t\t<h2 class=\"elementor-heading-title elementor-size-default\">Punti salienti dell&#039;area di volo<\/h2>\t\t\t\t<\/div>\n\t\t\t\t<div class=\"elementor-element elementor-element-c37a5d2 elementor-widget elementor-widget-text-editor\" data-id=\"c37a5d2\" data-element_type=\"widget\" data-widget_type=\"text-editor.default\">\n\t\t\t\t\t\t\t\t\t<ul><li>Termiche ottimali per lunghi tempi di volo<\/li><li>Inizio possibile in tutte le direzioni<\/li><li>Ampio prato da preparare\u00a0<\/li><li>Vista su Zeller See e Kitzsteinhorn<\/li><li>Pi\u00f9 di 30 tremila da vedere<\/li><\/ul>\t\t\t\t\t\t\t\t<\/div>\n\t\t\t\t<\/div>\n\t\t<div class=\"elementor-element elementor-element-f738952 e-con-full e-flex e-con e-child\" data-id=\"f738952\" data-element_type=\"container\" data-settings=\"{&quot;jet_parallax_layout_list&quot;:[]}\">\n\t\t\t\t<div class=\"elementor-element elementor-element-d937b81 elementor-widget elementor-widget-shortcode\" data-id=\"d937b81\" data-element_type=\"widget\" data-widget_type=\"shortcode.default\">\n\t\t\t\t\t\t\t<div class=\"elementor-shortcode\"><a href='https:\/\/www.foto-webcam.eu\/webcam\/zellamsee\/'>\n<img src='https:\/\/www.foto-webcam.eu\/webcam\/zellamsee\/current\/640.jpg'>\n<\/a><\/div>\n\t\t\t\t\t\t<\/div>\n\t\t\t\t<\/div>\n\t\t\t\t<\/div>\n\t\t<div class=\"elementor-element elementor-element-454591e e-flex e-con-boxed e-con e-parent\" data-id=\"454591e\" data-element_type=\"container\" data-settings=\"{&quot;background_background&quot;:&quot;slideshow&quot;,&quot;background_slideshow_gallery&quot;:[{&quot;id&quot;:15865,&quot;url&quot;:&quot;https:\\\/\\\/tandem-paragliding-zellamsee.com\\\/wp-content\\\/uploads\\\/2024\\\/07\\\/53277850393_172e3a35ed_o-scaled-1.jpg&quot;}],&quot;jet_parallax_layout_list&quot;:[],&quot;background_slideshow_loop&quot;:&quot;yes&quot;,&quot;background_slideshow_slide_duration&quot;:5000,&quot;background_slideshow_slide_transition&quot;:&quot;fade&quot;,&quot;background_slideshow_transition_duration&quot;:500}\">\n\t\t\t\t\t<div class=\"e-con-inner\">\n\t\t\t\t\t<\/div>\n\t\t\t\t<\/div>\n\t\t<div class=\"elementor-element elementor-element-4507379 e-flex e-con-boxed e-con e-parent\" data-id=\"4507379\" data-element_type=\"container\" data-settings=\"{&quot;background_background&quot;:&quot;classic&quot;,&quot;jet_parallax_layout_list&quot;:[]}\">\n\t\t\t\t\t<div class=\"e-con-inner\">\n\t\t\t\t<div class=\"elementor-element elementor-element-887916c elementor-widget elementor-widget-heading\" data-id=\"887916c\" data-element_type=\"widget\" data-widget_type=\"heading.default\">\n\t\t\t\t\t<h2 class=\"elementor-heading-title elementor-size-default\">Perch\u00e8 FalkenAir?<\/h2>\t\t\t\t<\/div>\n\t\t\t\t\t<\/div>\n\t\t\t\t<\/div>\n\t\t<div class=\"elementor-element elementor-element-a7440a6 e-flex e-con-boxed e-con e-parent\" data-id=\"a7440a6\" data-element_type=\"container\" data-settings=\"{&quot;background_background&quot;:&quot;classic&quot;,&quot;jet_parallax_layout_list&quot;:[]}\">\n\t\t\t\t\t<div class=\"e-con-inner\">\n\t\t<div class=\"elementor-element elementor-element-9d0282e e-con-full e-flex e-con e-child\" data-id=\"9d0282e\" data-element_type=\"container\" data-settings=\"{&quot;jet_parallax_layout_list&quot;:[]}\">\n\t\t<div class=\"elementor-element elementor-element-d3e557d e-flex e-con-boxed e-con e-child\" data-id=\"d3e557d\" data-element_type=\"container\" data-settings=\"{&quot;jet_parallax_layout_list&quot;:[]}\">\n\t\t\t\t\t<div class=\"e-con-inner\">\n\t\t\t\t<div class=\"elementor-element elementor-element-87b2659 elementor-widget__width-initial elementor-widget elementor-widget-heading\" data-id=\"87b2659\" data-element_type=\"widget\" data-widget_type=\"heading.default\">\n\t\t\t\t\t<div class=\"elementor-heading-title elementor-size-default\">1<\/div>\t\t\t\t<\/div>\n\t\t\t\t<div class=\"elementor-element elementor-element-81db53a elementor-widget__width-initial elementor-widget elementor-widget-heading\" data-id=\"81db53a\" data-element_type=\"widget\" data-widget_type=\"heading.default\">\n\t\t\t\t\t<h3 class=\"elementor-heading-title elementor-size-default\">Fiducia e sicurezza<\/h3>\t\t\t\t<\/div>\n\t\t\t\t\t<\/div>\n\t\t\t\t<\/div>\n\t\t\t\t<div class=\"elementor-element elementor-element-044a080 elementor-widget elementor-widget-heading\" data-id=\"044a080\" data-element_type=\"widget\" data-widget_type=\"heading.default\">\n\t\t\t\t\t<div class=\"elementor-heading-title elementor-size-default\">Puoi contare su di noi sia dal punto di vista tecnico che organizzativo<\/div>\t\t\t\t<\/div>\n\t\t\t\t<div class=\"elementor-element elementor-element-0a68371 elementor-widget elementor-widget-text-editor\" data-id=\"0a68371\" data-element_type=\"widget\" data-widget_type=\"text-editor.default\">\n\t\t\t\t\t\t\t\t\t<ul><li><strong>Nessun costo in caso di maltempo<br \/><\/strong>rimandiamo o annulliamo<\/li><li><strong>Assicurazione completa<\/strong><br \/>durante il volo<\/li><li><strong>Piloti appassionati da oltre 20 anni<\/strong><br \/>stato testato e concesso in licenza<\/li><\/ul>\t\t\t\t\t\t\t\t<\/div>\n\t\t\t\t<\/div>\n\t\t<div class=\"elementor-element elementor-element-d5946fb e-con-full e-flex e-con e-child\" data-id=\"d5946fb\" data-element_type=\"container\" data-settings=\"{&quot;jet_parallax_layout_list&quot;:[]}\">\n\t\t<div class=\"elementor-element elementor-element-0a47dba e-flex e-con-boxed e-con e-child\" data-id=\"0a47dba\" data-element_type=\"container\" data-settings=\"{&quot;jet_parallax_layout_list&quot;:[]}\">\n\t\t\t\t\t<div class=\"e-con-inner\">\n\t\t\t\t<div class=\"elementor-element elementor-element-c9dce62 elementor-widget__width-initial elementor-widget elementor-widget-heading\" data-id=\"c9dce62\" data-element_type=\"widget\" data-widget_type=\"heading.default\">\n\t\t\t\t\t<div class=\"elementor-heading-title elementor-size-default\">2<\/div>\t\t\t\t<\/div>\n\t\t\t\t<div class=\"elementor-element elementor-element-02e14f8 elementor-widget__width-initial elementor-widget elementor-widget-heading\" data-id=\"02e14f8\" data-element_type=\"widget\" data-widget_type=\"heading.default\">\n\t\t\t\t\t<h3 class=\"elementor-heading-title elementor-size-default\">Massima esperienza<\/h3>\t\t\t\t<\/div>\n\t\t\t\t\t<\/div>\n\t\t\t\t<\/div>\n\t\t\t\t<div class=\"elementor-element elementor-element-2d5487c elementor-widget elementor-widget-heading\" data-id=\"2d5487c\" data-element_type=\"widget\" data-widget_type=\"heading.default\">\n\t\t\t\t\t<div class=\"elementor-heading-title elementor-size-default\">vivi un volo indimenticabile\n<\/div>\t\t\t\t<\/div>\n\t\t\t\t<div class=\"elementor-element elementor-element-6c2c308 elementor-widget elementor-widget-text-editor\" data-id=\"6c2c308\" data-element_type=\"widget\" data-widget_type=\"text-editor.default\">\n\t\t\t\t\t\t\t\t\t<ul><li><strong>Vola con un professionista<br \/><\/strong>e uno dei principali piloti di sci di fondo e acro della regione<\/li><li><strong>Le migliori foto e video<\/strong><br \/>con le migliori action cam<\/li><li><strong>Controlla tu stesso l&#039;ombrello<\/strong><br \/>se vuoi durante il volo in parapendio<\/li><\/ul>\t\t\t\t\t\t\t\t<\/div>\n\t\t\t\t<\/div>\n\t\t<div class=\"elementor-element elementor-element-59098e3 e-con-full e-flex e-con e-child\" data-id=\"59098e3\" data-element_type=\"container\" data-settings=\"{&quot;jet_parallax_layout_list&quot;:[]}\">\n\t\t<div class=\"elementor-element elementor-element-c5cfafe e-flex e-con-boxed e-con e-child\" data-id=\"c5cfafe\" data-element_type=\"container\" data-settings=\"{&quot;jet_parallax_layout_list&quot;:[]}\">\n\t\t\t\t\t<div class=\"e-con-inner\">\n\t\t\t\t<div class=\"elementor-element elementor-element-ca48e8a elementor-widget__width-initial elementor-widget elementor-widget-heading\" data-id=\"ca48e8a\" data-element_type=\"widget\" data-widget_type=\"heading.default\">\n\t\t\t\t\t<div class=\"elementor-heading-title elementor-size-default\">3<\/div>\t\t\t\t<\/div>\n\t\t\t\t<div class=\"elementor-element elementor-element-1ab9fe2 elementor-widget__width-initial elementor-widget elementor-widget-heading\" data-id=\"1ab9fe2\" data-element_type=\"widget\" data-widget_type=\"heading.default\">\n\t\t\t\t\t<h3 class=\"elementor-heading-title elementor-size-default\">pensato a tutto<\/h3>\t\t\t\t<\/div>\n\t\t\t\t\t<\/div>\n\t\t\t\t<\/div>\n\t\t\t\t<div class=\"elementor-element elementor-element-bc3486d elementor-widget elementor-widget-heading\" data-id=\"bc3486d\" data-element_type=\"widget\" data-widget_type=\"heading.default\">\n\t\t\t\t\t<div class=\"elementor-heading-title elementor-size-default\">Un&#039;esperienza dall&#039;arrivo al viaggio di ritorno a casa <\/div>\t\t\t\t<\/div>\n\t\t\t\t<div class=\"elementor-element elementor-element-1050db6 elementor-widget elementor-widget-text-editor\" data-id=\"1050db6\" data-element_type=\"widget\" data-widget_type=\"text-editor.default\">\n\t\t\t\t\t\t\t\t\t<ul><li><strong>Servizio navetta<br \/><\/strong>alla stazione a valle (biglietto funivia non incluso)<\/li><li><strong>Certificato e adesivo<\/strong><br \/>per ricordare il tuo volo in tandem<\/li><\/ul>\t\t\t\t\t\t\t\t<\/div>\n\t\t\t\t<\/div>\n\t\t\t\t\t<\/div>\n\t\t\t\t<\/div>\n\t\t\t\t<\/div>","protected":false},"excerpt":{"rendered":"<p>Parapendio tandem Parapendio tandem dallo Schmittenh\u00f6he Parapendio tandem dallo Schmittenh\u00f6he Questa \u00e8 l&#039;avventura perfetta per tutti coloro che vogliono vedere il Salisburghese dall&#039;alto. Guardi pi\u00f9 di 30 tremila. S\u00ec, le montagne qui sono semplicemente bellissime. Il tutto \u00e8 completato dalla vista unica sul lago Zell [...]<\/p>","protected":false},"author":1,"featured_media":0,"parent":0,"menu_order":7,"comment_status":"closed","ping_status":"closed","template":"","meta":{"_acf_changed":false,"footnotes":""},"class_list":["post-652","page","type-page","status-publish","hentry"],"acf":[],"yoast_head":"<!-- This site is optimized with the Yoast SEO plugin v27.5 - https:\/\/yoast.com\/product\/yoast-seo-wordpress\/ -->\n<title>Tandem Paragleiten Schmittenh\u00f6he - Das perfekte Abenteuer<\/title>\n<meta name=\"description\" content=\"Tandem Paragleiten von der Schmittenh\u00f6he ist das Top Erlebnis im Salzburger Land. Du siehst dabei 30 Dreitausender und den Zeller See!\" \/>\n<meta name=\"robots\" content=\"index, follow, max-snippet:-1, max-image-preview:large, max-video-preview:-1\" \/>\n<link rel=\"canonical\" href=\"https:\/\/tandem-paragliding-zellamsee.com\/it\/parapendio-sullo-schmittenhoehe\/\" \/>\n<meta property=\"og:locale\" content=\"it_IT\" \/>\n<meta property=\"og:type\" content=\"article\" \/>\n<meta property=\"og:title\" content=\"Tandem Paragleiten Schmittenh\u00f6he - Das perfekte Abenteuer\" \/>\n<meta property=\"og:description\" content=\"Tandem Paragleiten von der Schmittenh\u00f6he ist das Top Erlebnis im Salzburger Land. Du siehst dabei 30 Dreitausender und den Zeller See!\" \/>\n<meta property=\"og:url\" content=\"https:\/\/tandem-paragliding-zellamsee.com\/it\/parapendio-sullo-schmittenhoehe\/\" \/>\n<meta property=\"og:site_name\" content=\"Tandem Paragliding Zell am See\" \/>\n<meta property=\"article:publisher\" content=\"https:\/\/www.facebook.com\/Falkenair\" \/>\n<meta property=\"article:modified_time\" content=\"2026-01-12T14:12:41+00:00\" \/>\n<meta property=\"og:image\" content=\"https:\/\/www.foto-webcam.eu\/webcam\/zellamsee\/current\/640.jpg\" \/>\n<meta name=\"twitter:card\" content=\"summary_large_image\" \/>\n<meta name=\"twitter:label1\" content=\"Tempo di lettura stimato\" \/>\n\t<meta name=\"twitter:data1\" content=\"2 minuti\" \/>\n<script type=\"application\/ld+json\" class=\"yoast-schema-graph\">{\"@context\":\"https:\\\/\\\/schema.org\",\"@graph\":[{\"@type\":\"WebPage\",\"@id\":\"https:\\\/\\\/tandem-paragliding-zellamsee.com\\\/schmittenhoehe-paragleiten\\\/\",\"url\":\"https:\\\/\\\/tandem-paragliding-zellamsee.com\\\/schmittenhoehe-paragleiten\\\/\",\"name\":\"Tandem Paragleiten Schmittenh\u00f6he - Das perfekte Abenteuer\",\"isPartOf\":{\"@id\":\"https:\\\/\\\/tandem-paragliding-zellamsee.com\\\/#website\"},\"primaryImageOfPage\":{\"@id\":\"https:\\\/\\\/tandem-paragliding-zellamsee.com\\\/schmittenhoehe-paragleiten\\\/#primaryimage\"},\"image\":{\"@id\":\"https:\\\/\\\/tandem-paragliding-zellamsee.com\\\/schmittenhoehe-paragleiten\\\/#primaryimage\"},\"thumbnailUrl\":\"https:\\\/\\\/www.foto-webcam.eu\\\/webcam\\\/zellamsee\\\/current\\\/640.jpg\",\"datePublished\":\"2020-11-09T10:15:33+00:00\",\"dateModified\":\"2026-01-12T14:12:41+00:00\",\"description\":\"Tandem Paragleiten von der Schmittenh\u00f6he ist das Top Erlebnis im Salzburger Land. Du siehst dabei 30 Dreitausender und den Zeller See!\",\"breadcrumb\":{\"@id\":\"https:\\\/\\\/tandem-paragliding-zellamsee.com\\\/schmittenhoehe-paragleiten\\\/#breadcrumb\"},\"inLanguage\":\"it-IT\",\"potentialAction\":[{\"@type\":\"ReadAction\",\"target\":[\"https:\\\/\\\/tandem-paragliding-zellamsee.com\\\/schmittenhoehe-paragleiten\\\/\"]}]},{\"@type\":\"ImageObject\",\"inLanguage\":\"it-IT\",\"@id\":\"https:\\\/\\\/tandem-paragliding-zellamsee.com\\\/schmittenhoehe-paragleiten\\\/#primaryimage\",\"url\":\"https:\\\/\\\/www.foto-webcam.eu\\\/webcam\\\/zellamsee\\\/current\\\/640.jpg\",\"contentUrl\":\"https:\\\/\\\/www.foto-webcam.eu\\\/webcam\\\/zellamsee\\\/current\\\/640.jpg\"},{\"@type\":\"BreadcrumbList\",\"@id\":\"https:\\\/\\\/tandem-paragliding-zellamsee.com\\\/schmittenhoehe-paragleiten\\\/#breadcrumb\",\"itemListElement\":[{\"@type\":\"ListItem\",\"position\":1,\"name\":\"Startseite\",\"item\":\"https:\\\/\\\/tandem-paragliding-zellamsee.com\\\/\"},{\"@type\":\"ListItem\",\"position\":2,\"name\":\"Fluggebiet Schmittenh\u00f6he\"}]},{\"@type\":\"WebSite\",\"@id\":\"https:\\\/\\\/tandem-paragliding-zellamsee.com\\\/#website\",\"url\":\"https:\\\/\\\/tandem-paragliding-zellamsee.com\\\/\",\"name\":\"Tandem Paragliding Zell am See\",\"description\":\"Tandemflug in Zell am See mit Falken Air\",\"publisher\":{\"@id\":\"https:\\\/\\\/tandem-paragliding-zellamsee.com\\\/#organization\"},\"potentialAction\":[{\"@type\":\"SearchAction\",\"target\":{\"@type\":\"EntryPoint\",\"urlTemplate\":\"https:\\\/\\\/tandem-paragliding-zellamsee.com\\\/?s={search_term_string}\"},\"query-input\":{\"@type\":\"PropertyValueSpecification\",\"valueRequired\":true,\"valueName\":\"search_term_string\"}}],\"inLanguage\":\"it-IT\"},{\"@type\":\"Organization\",\"@id\":\"https:\\\/\\\/tandem-paragliding-zellamsee.com\\\/#organization\",\"name\":\"Tandem Paragliding Zell am See\",\"url\":\"https:\\\/\\\/tandem-paragliding-zellamsee.com\\\/\",\"logo\":{\"@type\":\"ImageObject\",\"inLanguage\":\"it-IT\",\"@id\":\"https:\\\/\\\/tandem-paragliding-zellamsee.com\\\/#\\\/schema\\\/logo\\\/image\\\/\",\"url\":\"https:\\\/\\\/tandem-paragliding-zellamsee.com\\\/wp-content\\\/uploads\\\/2024\\\/06\\\/schriftzug-falkenair.svg\",\"contentUrl\":\"https:\\\/\\\/tandem-paragliding-zellamsee.com\\\/wp-content\\\/uploads\\\/2024\\\/06\\\/schriftzug-falkenair.svg\",\"width\":585.541,\"height\":91.215,\"caption\":\"Tandem Paragliding Zell am See\"},\"image\":{\"@id\":\"https:\\\/\\\/tandem-paragliding-zellamsee.com\\\/#\\\/schema\\\/logo\\\/image\\\/\"},\"sameAs\":[\"https:\\\/\\\/www.facebook.com\\\/Falkenair\",\"https:\\\/\\\/www.instagram.com\\\/falken_air\\\/\"]}]}<\/script>\n<!-- \/ Yoast SEO plugin. -->","yoast_head_json":{"title":"Tandem Paragleiten Schmittenh\u00f6he - Das perfekte Abenteuer","description":"Tandem Paragleiten von der Schmittenh\u00f6he ist das Top Erlebnis im Salzburger Land. Du siehst dabei 30 Dreitausender und den Zeller See!","robots":{"index":"index","follow":"follow","max-snippet":"max-snippet:-1","max-image-preview":"max-image-preview:large","max-video-preview":"max-video-preview:-1"},"canonical":"https:\/\/tandem-paragliding-zellamsee.com\/it\/parapendio-sullo-schmittenhoehe\/","og_locale":"it_IT","og_type":"article","og_title":"Tandem Paragleiten Schmittenh\u00f6he - Das perfekte Abenteuer","og_description":"Tandem Paragleiten von der Schmittenh\u00f6he ist das Top Erlebnis im Salzburger Land. Du siehst dabei 30 Dreitausender und den Zeller See!","og_url":"https:\/\/tandem-paragliding-zellamsee.com\/it\/parapendio-sullo-schmittenhoehe\/","og_site_name":"Tandem Paragliding Zell am See","article_publisher":"https:\/\/www.facebook.com\/Falkenair","article_modified_time":"2026-01-12T14:12:41+00:00","og_image":[{"url":"https:\/\/www.foto-webcam.eu\/webcam\/zellamsee\/current\/640.jpg","type":"","width":"","height":""}],"twitter_card":"summary_large_image","twitter_misc":{"Tempo di lettura stimato":"2 minuti"},"schema":{"@context":"https:\/\/schema.org","@graph":[{"@type":"WebPage","@id":"https:\/\/tandem-paragliding-zellamsee.com\/schmittenhoehe-paragleiten\/","url":"https:\/\/tandem-paragliding-zellamsee.com\/schmittenhoehe-paragleiten\/","name":"Tandem Paragleiten Schmittenh\u00f6he - Das perfekte Abenteuer","isPartOf":{"@id":"https:\/\/tandem-paragliding-zellamsee.com\/#website"},"primaryImageOfPage":{"@id":"https:\/\/tandem-paragliding-zellamsee.com\/schmittenhoehe-paragleiten\/#primaryimage"},"image":{"@id":"https:\/\/tandem-paragliding-zellamsee.com\/schmittenhoehe-paragleiten\/#primaryimage"},"thumbnailUrl":"https:\/\/www.foto-webcam.eu\/webcam\/zellamsee\/current\/640.jpg","datePublished":"2020-11-09T10:15:33+00:00","dateModified":"2026-01-12T14:12:41+00:00","description":"Tandem Paragleiten von der Schmittenh\u00f6he ist das Top Erlebnis im Salzburger Land. Du siehst dabei 30 Dreitausender und den Zeller See!","breadcrumb":{"@id":"https:\/\/tandem-paragliding-zellamsee.com\/schmittenhoehe-paragleiten\/#breadcrumb"},"inLanguage":"it-IT","potentialAction":[{"@type":"ReadAction","target":["https:\/\/tandem-paragliding-zellamsee.com\/schmittenhoehe-paragleiten\/"]}]},{"@type":"ImageObject","inLanguage":"it-IT","@id":"https:\/\/tandem-paragliding-zellamsee.com\/schmittenhoehe-paragleiten\/#primaryimage","url":"https:\/\/www.foto-webcam.eu\/webcam\/zellamsee\/current\/640.jpg","contentUrl":"https:\/\/www.foto-webcam.eu\/webcam\/zellamsee\/current\/640.jpg"},{"@type":"BreadcrumbList","@id":"https:\/\/tandem-paragliding-zellamsee.com\/schmittenhoehe-paragleiten\/#breadcrumb","itemListElement":[{"@type":"ListItem","position":1,"name":"Startseite","item":"https:\/\/tandem-paragliding-zellamsee.com\/"},{"@type":"ListItem","position":2,"name":"Fluggebiet Schmittenh\u00f6he"}]},{"@type":"WebSite","@id":"https:\/\/tandem-paragliding-zellamsee.com\/#website","url":"https:\/\/tandem-paragliding-zellamsee.com\/","name":"Tandem Paragliding Zell am See","description":"Tandemflug in Zell am See mit Falken Air","publisher":{"@id":"https:\/\/tandem-paragliding-zellamsee.com\/#organization"},"potentialAction":[{"@type":"SearchAction","target":{"@type":"EntryPoint","urlTemplate":"https:\/\/tandem-paragliding-zellamsee.com\/?s={search_term_string}"},"query-input":{"@type":"PropertyValueSpecification","valueRequired":true,"valueName":"search_term_string"}}],"inLanguage":"it-IT"},{"@type":"Organization","@id":"https:\/\/tandem-paragliding-zellamsee.com\/#organization","name":"Tandem Paragliding Zell am See","url":"https:\/\/tandem-paragliding-zellamsee.com\/","logo":{"@type":"ImageObject","inLanguage":"it-IT","@id":"https:\/\/tandem-paragliding-zellamsee.com\/#\/schema\/logo\/image\/","url":"https:\/\/tandem-paragliding-zellamsee.com\/wp-content\/uploads\/2024\/06\/schriftzug-falkenair.svg","contentUrl":"https:\/\/tandem-paragliding-zellamsee.com\/wp-content\/uploads\/2024\/06\/schriftzug-falkenair.svg","width":585.541,"height":91.215,"caption":"Tandem Paragliding Zell am See"},"image":{"@id":"https:\/\/tandem-paragliding-zellamsee.com\/#\/schema\/logo\/image\/"},"sameAs":["https:\/\/www.facebook.com\/Falkenair","https:\/\/www.instagram.com\/falken_air\/"]}]}},"_links":{"self":[{"href":"https:\/\/tandem-paragliding-zellamsee.com\/it\/wp-json\/wp\/v2\/pages\/652","targetHints":{"allow":["GET"]}}],"collection":[{"href":"https:\/\/tandem-paragliding-zellamsee.com\/it\/wp-json\/wp\/v2\/pages"}],"about":[{"href":"https:\/\/tandem-paragliding-zellamsee.com\/it\/wp-json\/wp\/v2\/types\/page"}],"author":[{"embeddable":true,"href":"https:\/\/tandem-paragliding-zellamsee.com\/it\/wp-json\/wp\/v2\/users\/1"}],"replies":[{"embeddable":true,"href":"https:\/\/tandem-paragliding-zellamsee.com\/it\/wp-json\/wp\/v2\/comments?post=652"}],"version-history":[{"count":5,"href":"https:\/\/tandem-paragliding-zellamsee.com\/it\/wp-json\/wp\/v2\/pages\/652\/revisions"}],"predecessor-version":[{"id":17567,"href":"https:\/\/tandem-paragliding-zellamsee.com\/it\/wp-json\/wp\/v2\/pages\/652\/revisions\/17567"}],"wp:attachment":[{"href":"https:\/\/tandem-paragliding-zellamsee.com\/it\/wp-json\/wp\/v2\/media?parent=652"}],"curies":[{"name":"wp","href":"https:\/\/api.w.org\/{rel}","templated":true}]}}