{"id":253,"date":"2020-11-07T10:30:12","date_gmt":"2020-11-07T09:30:12","guid":{"rendered":"http:\/\/test.kriesi.at\/enfold-health-coach\/?page_id=253"},"modified":"2026-02-01T05:59:49","modified_gmt":"2026-02-01T04:59:49","slug":"piloti-e-squadra","status":"publish","type":"page","link":"https:\/\/tandem-paragliding-zellamsee.com\/it\/piloti-e-squadra\/","title":{"rendered":"squadra"},"content":{"rendered":"<div data-elementor-type=\"wp-page\" data-elementor-id=\"253\" class=\"elementor elementor-253\" data-elementor-post-type=\"page\">\n\t\t\t\t<div class=\"elementor-element elementor-element-98fdb5b e-con-full e-flex e-con e-parent\" data-id=\"98fdb5b\" data-element_type=\"container\" data-settings=\"{&quot;background_background&quot;:&quot;classic&quot;,&quot;jet_parallax_layout_list&quot;:[]}\">\n\t\t\t\t<div class=\"elementor-element elementor-element-fdfb34a elementor-align-left elementor-widget elementor-widget-breadcrumbs\" data-id=\"fdfb34a\" data-element_type=\"widget\" data-widget_type=\"breadcrumbs.default\">\n\t\t\t\t\t<p id=\"breadcrumbs\"><span><span><a href=\"https:\/\/tandem-paragliding-zellamsee.com\/it\/\">Pagina iniziale<\/a><\/span><\/span><\/p>\t\t\t\t<\/div>\n\t\t\t\t<\/div>\n\t\t<div class=\"elementor-element elementor-element-5cef1be e-flex e-con-boxed e-con e-parent\" data-id=\"5cef1be\" data-element_type=\"container\" data-settings=\"{&quot;jet_parallax_layout_list&quot;:[]}\">\n\t\t\t\t\t<div class=\"e-con-inner\">\n\t\t<div class=\"elementor-element elementor-element-ce3e089 e-con-full e-flex e-con e-child\" data-id=\"ce3e089\" data-element_type=\"container\" data-settings=\"{&quot;jet_parallax_layout_list&quot;:[]}\">\n\t\t\t\t<div class=\"elementor-element elementor-element-6775cbe elementor-widget elementor-widget-heading\" data-id=\"6775cbe\" data-element_type=\"widget\" data-widget_type=\"heading.default\">\n\t\t\t\t\t<div class=\"elementor-heading-title elementor-size-default\">Falken Air<\/div>\t\t\t\t<\/div>\n\t\t\t\t<div class=\"elementor-element elementor-element-c0e328d elementor-widget elementor-widget-heading\" data-id=\"c0e328d\" data-element_type=\"widget\" data-widget_type=\"heading.default\">\n\t\t\t\t\t<h1 class=\"elementor-heading-title elementor-size-default\">Parapendio con professionisti!<\/h1>\t\t\t\t<\/div>\n\t\t\t\t<\/div>\n\t\t<div class=\"elementor-element elementor-element-4b160bd e-con-full e-flex e-con e-child\" data-id=\"4b160bd\" data-element_type=\"container\" data-settings=\"{&quot;jet_parallax_layout_list&quot;:[]}\">\n\t\t\t\t<div class=\"elementor-element elementor-element-0005db1 elementor-widget elementor-widget-text-editor\" data-id=\"0005db1\" data-element_type=\"widget\" data-widget_type=\"text-editor.default\">\n\t\t\t\t\t\t\t\t\t<p>Falken Air \u00e8 composta da piloti autonomi che amano condividere la loro passione per il volo con i propri ospiti.<\/p><p>Un team altamente professionale e amichevole di persone collaudate e <strong>professionisti del tandem certificati e istruttori di volo<\/strong> rendi il tuo volo un&#039;esperienza perfetta.<\/p><p><strong>La tua sicurezza e la tua fiducia in noi sono la nostra massima priorit\u00e0!<\/strong><\/p><p>Questo fa la differenza: non siamo solo appassionati piloti tandem, ma voliamo anche quasi ogni giorno nel nostro tempo libero!<\/p>\t\t\t\t\t\t\t\t<\/div>\n\t\t\t\t<\/div>\n\t\t\t\t\t<\/div>\n\t\t\t\t<\/div>\n\t\t<div class=\"elementor-element elementor-element-36494fa image-text e-flex e-con-boxed e-con e-parent\" data-id=\"36494fa\" data-element_type=\"container\" data-settings=\"{&quot;background_background&quot;:&quot;classic&quot;,&quot;jet_parallax_layout_list&quot;:[]}\">\n\t\t\t\t\t<div class=\"e-con-inner\">\n\t\t<div class=\"elementor-element elementor-element-e8a84bc e-con-full e-flex e-con e-child\" data-id=\"e8a84bc\" data-element_type=\"container\" data-settings=\"{&quot;motion_fx_motion_fx_scrolling&quot;:&quot;yes&quot;,&quot;jet_parallax_layout_list&quot;:[],&quot;background_background&quot;:&quot;classic&quot;,&quot;motion_fx_translateY_effect&quot;:&quot;yes&quot;,&quot;motion_fx_translateY_direction&quot;:&quot;negative&quot;,&quot;motion_fx_translateY_speed&quot;:{&quot;unit&quot;:&quot;px&quot;,&quot;size&quot;:1.5,&quot;sizes&quot;:[]},&quot;motion_fx_translateY_affectedRange&quot;:{&quot;unit&quot;:&quot;%&quot;,&quot;size&quot;:&quot;&quot;,&quot;sizes&quot;:{&quot;start&quot;:0,&quot;end&quot;:100}},&quot;motion_fx_devices&quot;:[&quot;desktop&quot;,&quot;tablet&quot;,&quot;mobile&quot;]}\">\n\t\t\t\t<\/div>\n\t\t<div class=\"elementor-element elementor-element-a1346ef e-con-full e-flex e-con e-child\" data-id=\"a1346ef\" data-element_type=\"container\" data-settings=\"{&quot;jet_parallax_layout_list&quot;:[]}\">\n\t\t\t\t<div class=\"elementor-element elementor-element-f7aadf7 elementor-widget elementor-widget-heading\" data-id=\"f7aadf7\" data-element_type=\"widget\" data-widget_type=\"heading.default\">\n\t\t\t\t\t<div class=\"elementor-heading-title elementor-size-default\">Zell am See-Kaprun<\/div>\t\t\t\t<\/div>\n\t\t\t\t<div class=\"elementor-element elementor-element-484ca63 elementor-widget elementor-widget-heading\" data-id=\"484ca63\" data-element_type=\"widget\" data-widget_type=\"heading.default\">\n\t\t\t\t\t<h2 class=\"elementor-heading-title elementor-size-default\">Ti porteremo sano e salvo a valle!<\/h2>\t\t\t\t<\/div>\n\t\t\t\t<div class=\"elementor-element elementor-element-a0e9b83 elementor-widget elementor-widget-text-editor\" data-id=\"a0e9b83\" data-element_type=\"widget\" data-widget_type=\"text-editor.default\">\n\t\t\t\t\t\t\t\t\t<p>Scivoliamo con voi in tutta sicurezza dallo Schmittenh\u00f6he e dalle altre vette fino a valle! Scoprirai quelli popolari <a href=\"https:\/\/tandem-paragliding-zellamsee.com\/it\/attrazioni-turistiche\/\">Attrazioni di Zell am See<\/a> e altre regioni viste a volo d&#039;uccello.<\/p><p>Desiderate saperne di pi\u00f9 su Falken Air? Allora date un&#039;occhiata a cosa sta facendo l&#039;associazione turistica Zell am See-Kaprun <a href=\"https:\/\/www.zellamsee-kaprun.com\/de\/live\/blog\/da-liegt-dir-zell-am-see-kaprun-zu-fuessen_b-3171494\" target=\"_blank\" rel=\"noopener\">scrive di noi cos\u00ec<\/a> \u2026<\/p>\t\t\t\t\t\t\t\t<\/div>\n\t\t\t\t<\/div>\n\t\t\t\t\t<\/div>\n\t\t\t\t<\/div>\n\t\t<div class=\"elementor-element elementor-element-b4afe13 image-text e-flex e-con-boxed e-con e-parent\" data-id=\"b4afe13\" data-element_type=\"container\" data-settings=\"{&quot;background_background&quot;:&quot;classic&quot;,&quot;jet_parallax_layout_list&quot;:[]}\">\n\t\t\t\t\t<div class=\"e-con-inner\">\n\t\t<div class=\"elementor-element elementor-element-fe18940 e-con-full e-flex e-con e-child\" data-id=\"fe18940\" data-element_type=\"container\" data-settings=\"{&quot;jet_parallax_layout_list&quot;:[]}\">\n\t\t\t\t<div class=\"elementor-element elementor-element-f36ede9 elementor-widget elementor-widget-heading\" data-id=\"f36ede9\" data-element_type=\"widget\" data-widget_type=\"heading.default\">\n\t\t\t\t\t<h2 class=\"elementor-heading-title elementor-size-default\">Sepp<\/h2>\t\t\t\t<\/div>\n\t\t\t\t<div class=\"elementor-element elementor-element-8c00670 elementor-widget elementor-widget-text-editor\" data-id=\"8c00670\" data-element_type=\"widget\" data-widget_type=\"text-editor.default\">\n\t\t\t\t\t\t\t\t\t<p>Anche al di fuori del volo tandem professionale, l&#039;aviazione determina la vita di Sepp da oltre 20 anni: quando tenta nuovi record di volo di fondo in Brasile e sulle Alpi, quando impara nuove manovre acrobatiche (acrobazie) o quando scala le montagne e poi vola dalle vette pi\u00f9 alte nelle Alpi il volo domina la Vita. Anche qui <a href=\"https:\/\/www.falkenair.com\/wp-content\/uploads\/2024\/04\/platzhirsch-artikel-2024-nindl-paragleiten.pdf\" target=\"_blank\" rel=\"noopener\">Articolo di punta<\/a> Inoltre.<\/p><p>In combinazione con il paracadutismo e il base jumping, allena continuamente le sue abilit\u00e0 di volo e caduta libera. Anche dopo i voli in tandem la motivazione spesso non si ferma e le persone continuano ad allenarsi diligentemente e a volare con gli amici. Ecco alcune esperienze:<\/p><ul><li>Grandi voli di fondo nelle Alpi (triangoli FAI):<\/li><\/ul><ol><li>Stoderzinken con 285 km \u2013 record personale<\/li><li>Zillertal con 276 km<\/li><li>Anterselva con 246 km<\/li><\/ol><ul><li>Numerose traversate alpine con il parapendio<\/li><li>Grandi voli di cross-country <a href=\"https:\/\/www.instagram.com\/p\/CHXOQpEDgON\/?igshid=YmMyMTA2M2Y=\" target=\"_blank\" rel=\"noopener\">Brasile<\/a> (Miglior personale: 441 e 425 km)<\/li><li><a href=\"https:\/\/www.instagram.com\/p\/BvPK-tQF3K2\/?igshid=YmMyMTA2M2Y=\" target=\"_blank\" rel=\"noopener\">Cammina e vola<\/a> dalle vette pi\u00f9 alte delle nostre Alpi (Gro\u00dfglockner, Gro\u00dfes Wiesbachhorn, Hocheiser, Gro\u00dfvenediger, vetta del Kitzsteinhorn, Ortler, e molto altro.)<\/li><li><a href=\"https:\/\/www.instagram.com\/p\/CVGmPkRvaz3\/?igshid=YmMyMTA2M2Y=\" target=\"_blank\" rel=\"noopener\">avventura<\/a> e viaggiare con il parapendio in Sud America, Australia, India, Nepal, Islanda, Sud Africa, Norvegia,...<\/li><li><a href=\"https:\/\/www.instagram.com\/p\/CM9NSAdn1nf\/?igshid=YmMyMTA2M2Y=\" target=\"_blank\" rel=\"noopener\">Voli acrobatici<\/a> e addestramento costante di nuove manovre acrobatiche (Cork, Misty, McTwist, Helico, Infinity Tumbling)<\/li><li>Professionista qualificato\u00a0<a href=\"https:\/\/www.instagram.com\/p\/BtoPP5nlG0c\/?igshid=YmMyMTA2M2Y=\" target=\"_blank\" rel=\"noopener\">fotografo<\/a>, paracadutista, <a href=\"https:\/\/www.instagram.com\/p\/CGzG19AD29U\/?igshid=YmMyMTA2M2Y=\" target=\"_blank\" rel=\"noopener\">Alianti a motore<\/a> E <a href=\"https:\/\/www.instagram.com\/p\/Chw--qIj9kn\/?igshid=YmMyMTA2M2Y=\" target=\"_blank\" rel=\"noopener\">Ponticello BASE<\/a><\/li><\/ul>\t\t\t\t\t\t\t\t<\/div>\n\t\t\t\t<\/div>\n\t\t<div class=\"elementor-element elementor-element-b927893 e-con-full e-flex e-con e-child\" data-id=\"b927893\" data-element_type=\"container\" data-settings=\"{&quot;motion_fx_motion_fx_scrolling&quot;:&quot;yes&quot;,&quot;motion_fx_translateX_speed&quot;:{&quot;unit&quot;:&quot;px&quot;,&quot;size&quot;:1.1,&quot;sizes&quot;:[]},&quot;motion_fx_translateX_affectedRange&quot;:{&quot;unit&quot;:&quot;%&quot;,&quot;size&quot;:&quot;&quot;,&quot;sizes&quot;:{&quot;start&quot;:0,&quot;end&quot;:50}},&quot;jet_parallax_layout_list&quot;:[],&quot;motion_fx_translateX_effect&quot;:&quot;yes&quot;,&quot;motion_fx_devices&quot;:[&quot;desktop&quot;,&quot;tablet&quot;,&quot;mobile&quot;]}\">\n\t\t\t\t<div class=\"elementor-element elementor-element-435a4a9 elementor-widget elementor-widget-image\" data-id=\"435a4a9\" data-element_type=\"widget\" data-widget_type=\"image.default\">\n\t\t\t\t\t\t\t\t\t\t\t\t\t\t\t<img fetchpriority=\"high\" decoding=\"async\" width=\"800\" height=\"800\" src=\"https:\/\/tandem-paragliding-zellamsee.com\/wp-content\/uploads\/2024\/06\/52207553879_6a90b8d158_o-1030x1030.jpg\" class=\"attachment-large size-large wp-image-15739\" alt=\"\" srcset=\"https:\/\/tandem-paragliding-zellamsee.com\/wp-content\/uploads\/2024\/06\/52207553879_6a90b8d158_o-1030x1030.jpg 1030w, https:\/\/tandem-paragliding-zellamsee.com\/wp-content\/uploads\/2024\/06\/52207553879_6a90b8d158_o-300x300.jpg 300w, https:\/\/tandem-paragliding-zellamsee.com\/wp-content\/uploads\/2024\/06\/52207553879_6a90b8d158_o-80x80.jpg 80w, https:\/\/tandem-paragliding-zellamsee.com\/wp-content\/uploads\/2024\/06\/52207553879_6a90b8d158_o-768x768.jpg 768w, https:\/\/tandem-paragliding-zellamsee.com\/wp-content\/uploads\/2024\/06\/52207553879_6a90b8d158_o-1536x1536.jpg 1536w, https:\/\/tandem-paragliding-zellamsee.com\/wp-content\/uploads\/2024\/06\/52207553879_6a90b8d158_o-2048x2048.jpg 2048w, https:\/\/tandem-paragliding-zellamsee.com\/wp-content\/uploads\/2024\/06\/52207553879_6a90b8d158_o-12x12.jpg 12w\" sizes=\"(max-width: 800px) 100vw, 800px\" \/>\t\t\t\t\t\t\t\t\t\t\t\t\t\t\t<\/div>\n\t\t\t\t<\/div>\n\t\t\t\t\t<\/div>\n\t\t\t\t<\/div>\n\t\t<div class=\"elementor-element elementor-element-5d2c8c4 text-image e-flex e-con-boxed e-con e-parent\" data-id=\"5d2c8c4\" data-element_type=\"container\" data-settings=\"{&quot;background_background&quot;:&quot;classic&quot;,&quot;jet_parallax_layout_list&quot;:[]}\">\n\t\t\t\t\t<div class=\"e-con-inner\">\n\t\t<div class=\"elementor-element elementor-element-ee7125b e-con-full e-flex e-con e-child\" data-id=\"ee7125b\" data-element_type=\"container\" data-settings=\"{&quot;motion_fx_motion_fx_scrolling&quot;:&quot;yes&quot;,&quot;motion_fx_translateX_speed&quot;:{&quot;unit&quot;:&quot;px&quot;,&quot;size&quot;:1.1,&quot;sizes&quot;:[]},&quot;motion_fx_translateX_affectedRange&quot;:{&quot;unit&quot;:&quot;%&quot;,&quot;size&quot;:&quot;&quot;,&quot;sizes&quot;:{&quot;start&quot;:0,&quot;end&quot;:50}},&quot;jet_parallax_layout_list&quot;:[],&quot;motion_fx_translateX_effect&quot;:&quot;yes&quot;,&quot;motion_fx_translateX_direction&quot;:&quot;negative&quot;,&quot;motion_fx_devices&quot;:[&quot;desktop&quot;,&quot;tablet&quot;,&quot;mobile&quot;]}\">\n\t\t\t\t<div class=\"elementor-element elementor-element-421dbd4 elementor-widget elementor-widget-image\" data-id=\"421dbd4\" data-element_type=\"widget\" data-widget_type=\"image.default\">\n\t\t\t\t\t\t\t\t\t\t\t\t\t\t\t<img decoding=\"async\" width=\"768\" height=\"1024\" src=\"https:\/\/tandem-paragliding-zellamsee.com\/wp-content\/uploads\/2024\/06\/53403853070_3146125a81_o.jpg\" class=\"attachment-large size-large wp-image-15740\" alt=\"\" srcset=\"https:\/\/tandem-paragliding-zellamsee.com\/wp-content\/uploads\/2024\/06\/53403853070_3146125a81_o.jpg 768w, https:\/\/tandem-paragliding-zellamsee.com\/wp-content\/uploads\/2024\/06\/53403853070_3146125a81_o-225x300.jpg 225w, https:\/\/tandem-paragliding-zellamsee.com\/wp-content\/uploads\/2024\/06\/53403853070_3146125a81_o-9x12.jpg 9w\" sizes=\"(max-width: 768px) 100vw, 768px\" \/>\t\t\t\t\t\t\t\t\t\t\t\t\t\t\t<\/div>\n\t\t\t\t<\/div>\n\t\t<div class=\"elementor-element elementor-element-b2c94b0 e-con-full e-flex e-con e-child\" data-id=\"b2c94b0\" data-element_type=\"container\" data-settings=\"{&quot;jet_parallax_layout_list&quot;:[]}\">\n\t\t\t\t<div class=\"elementor-element elementor-element-390491a elementor-widget elementor-widget-heading\" data-id=\"390491a\" data-element_type=\"widget\" data-widget_type=\"heading.default\">\n\t\t\t\t\t<h2 class=\"elementor-heading-title elementor-size-default\">Tom<\/h2>\t\t\t\t<\/div>\n\t\t\t\t<div class=\"elementor-element elementor-element-08c80b0 elementor-widget elementor-widget-text-editor\" data-id=\"08c80b0\" data-element_type=\"widget\" data-widget_type=\"text-editor.default\">\n\t\t\t\t\t\t\t\t\t<section class=\"av_textblock_section\"><div class=\"avia_textblock\"><p>Breve e dolce: \u201cVolo perch\u00e9 voglio essere libero\u2026 e in tandem perch\u00e9 voglio che le persone siano felici\u2026\u201d<\/p><p>(Ci\u00f2 significa: volo perch\u00e9 voglio essere libero - e tandem perch\u00e9 voglio rendere felici le persone :)) - e il nostro spirito libero Tom ti mette sempre di buon umore!<\/p><\/div><\/section>\t\t\t\t\t\t\t\t<\/div>\n\t\t\t\t<\/div>\n\t\t\t\t\t<\/div>\n\t\t\t\t<\/div>\n\t\t<div class=\"elementor-element elementor-element-1d98198 image-text e-flex e-con-boxed e-con e-parent\" data-id=\"1d98198\" data-element_type=\"container\" data-settings=\"{&quot;background_background&quot;:&quot;classic&quot;,&quot;jet_parallax_layout_list&quot;:[]}\">\n\t\t\t\t\t<div class=\"e-con-inner\">\n\t\t<div class=\"elementor-element elementor-element-33e8c0b e-con-full e-flex e-con e-child\" data-id=\"33e8c0b\" data-element_type=\"container\" data-settings=\"{&quot;jet_parallax_layout_list&quot;:[]}\">\n\t\t\t\t<div class=\"elementor-element elementor-element-f73b40c elementor-widget elementor-widget-heading\" data-id=\"f73b40c\" data-element_type=\"widget\" data-widget_type=\"heading.default\">\n\t\t\t\t\t<h2 class=\"elementor-heading-title elementor-size-default\">Clemente<\/h2>\t\t\t\t<\/div>\n\t\t\t\t<div class=\"elementor-element elementor-element-150249a elementor-widget elementor-widget-text-editor\" data-id=\"150249a\" data-element_type=\"widget\" data-widget_type=\"text-editor.default\">\n\t\t\t\t\t\t\t\t\t<section class=\"av_textblock_section\"><div class=\"avia_textblock\"><p>Nato a Graz e cresciuto in citt\u00e0, Klemens ha ormai dedicato la sua vita interamente alla natura e alla montagna.\u00a0<\/p><p>Che sia come guida di snowboard a St. Anton am Arlberg in inverno o come pilota di parapendio a Pinzgau in estate, preferisce trascorrere il suo tempo all&#039;aria aperta.<\/p><p>\u201cHo la fortuna di aver trasformato i miei hobby in una carriera. Naturalmente \u00e8 ancora pi\u00f9 bello quando posso condividere questi momenti di felicit\u00e0 con altre persone!\u201d<\/p><\/div><\/section>\t\t\t\t\t\t\t\t<\/div>\n\t\t\t\t<\/div>\n\t\t<div class=\"elementor-element elementor-element-d92c183 e-con-full e-flex e-con e-child\" data-id=\"d92c183\" data-element_type=\"container\" data-settings=\"{&quot;motion_fx_motion_fx_scrolling&quot;:&quot;yes&quot;,&quot;motion_fx_translateX_speed&quot;:{&quot;unit&quot;:&quot;px&quot;,&quot;size&quot;:1.1,&quot;sizes&quot;:[]},&quot;motion_fx_translateX_affectedRange&quot;:{&quot;unit&quot;:&quot;%&quot;,&quot;size&quot;:&quot;&quot;,&quot;sizes&quot;:{&quot;start&quot;:0,&quot;end&quot;:50}},&quot;jet_parallax_layout_list&quot;:[],&quot;motion_fx_translateX_effect&quot;:&quot;yes&quot;,&quot;motion_fx_devices&quot;:[&quot;desktop&quot;,&quot;tablet&quot;,&quot;mobile&quot;]}\">\n\t\t\t\t<div class=\"elementor-element elementor-element-cf86341 elementor-widget elementor-widget-image\" data-id=\"cf86341\" data-element_type=\"widget\" data-widget_type=\"image.default\">\n\t\t\t\t\t\t\t\t\t\t\t\t\t\t\t<img decoding=\"async\" width=\"800\" height=\"700\" src=\"https:\/\/tandem-paragliding-zellamsee.com\/wp-content\/uploads\/2024\/06\/g0010808-scaled-1-1030x901.jpg\" class=\"attachment-large size-large wp-image-15741\" alt=\"\" srcset=\"https:\/\/tandem-paragliding-zellamsee.com\/wp-content\/uploads\/2024\/06\/g0010808-scaled-1-1030x901.jpg 1030w, https:\/\/tandem-paragliding-zellamsee.com\/wp-content\/uploads\/2024\/06\/g0010808-scaled-1-300x263.jpg 300w, https:\/\/tandem-paragliding-zellamsee.com\/wp-content\/uploads\/2024\/06\/g0010808-scaled-1-768x672.jpg 768w, https:\/\/tandem-paragliding-zellamsee.com\/wp-content\/uploads\/2024\/06\/g0010808-scaled-1-1536x1344.jpg 1536w, https:\/\/tandem-paragliding-zellamsee.com\/wp-content\/uploads\/2024\/06\/g0010808-scaled-1-2048x1792.jpg 2048w, https:\/\/tandem-paragliding-zellamsee.com\/wp-content\/uploads\/2024\/06\/g0010808-scaled-1-14x12.jpg 14w\" sizes=\"(max-width: 800px) 100vw, 800px\" \/>\t\t\t\t\t\t\t\t\t\t\t\t\t\t\t<\/div>\n\t\t\t\t<\/div>\n\t\t\t\t\t<\/div>\n\t\t\t\t<\/div>\n\t\t<div class=\"elementor-element elementor-element-e0261c9 image-text e-flex e-con-boxed e-con e-parent\" data-id=\"e0261c9\" data-element_type=\"container\" id=\"christina\" data-settings=\"{&quot;background_background&quot;:&quot;classic&quot;,&quot;jet_parallax_layout_list&quot;:[]}\">\n\t\t\t\t\t<div class=\"e-con-inner\">\n\t\t<div class=\"elementor-element elementor-element-6cc9927 e-con-full e-flex e-con e-child\" data-id=\"6cc9927\" data-element_type=\"container\" data-settings=\"{&quot;motion_fx_motion_fx_scrolling&quot;:&quot;yes&quot;,&quot;motion_fx_translateX_speed&quot;:{&quot;unit&quot;:&quot;px&quot;,&quot;size&quot;:1.1,&quot;sizes&quot;:[]},&quot;motion_fx_translateX_affectedRange&quot;:{&quot;unit&quot;:&quot;%&quot;,&quot;size&quot;:&quot;&quot;,&quot;sizes&quot;:{&quot;start&quot;:0,&quot;end&quot;:50}},&quot;motion_fx_translateX_direction&quot;:&quot;negative&quot;,&quot;jet_parallax_layout_list&quot;:[],&quot;motion_fx_translateX_effect&quot;:&quot;yes&quot;,&quot;motion_fx_devices&quot;:[&quot;desktop&quot;,&quot;tablet&quot;,&quot;mobile&quot;]}\">\n\t\t\t\t<div class=\"elementor-element elementor-element-18baf12 elementor-widget elementor-widget-image\" data-id=\"18baf12\" data-element_type=\"widget\" data-widget_type=\"image.default\">\n\t\t\t\t\t\t\t\t\t\t\t\t\t\t\t<img loading=\"lazy\" decoding=\"async\" width=\"800\" height=\"600\" src=\"https:\/\/tandem-paragliding-zellamsee.com\/wp-content\/uploads\/2024\/07\/53277847043_72fa025705_o-scaled-1-1030x773.jpg\" class=\"attachment-large size-large wp-image-15867\" alt=\"\" srcset=\"https:\/\/tandem-paragliding-zellamsee.com\/wp-content\/uploads\/2024\/07\/53277847043_72fa025705_o-scaled-1-1030x773.jpg 1030w, https:\/\/tandem-paragliding-zellamsee.com\/wp-content\/uploads\/2024\/07\/53277847043_72fa025705_o-scaled-1-300x225.jpg 300w, https:\/\/tandem-paragliding-zellamsee.com\/wp-content\/uploads\/2024\/07\/53277847043_72fa025705_o-scaled-1-768x576.jpg 768w, https:\/\/tandem-paragliding-zellamsee.com\/wp-content\/uploads\/2024\/07\/53277847043_72fa025705_o-scaled-1-1536x1152.jpg 1536w, https:\/\/tandem-paragliding-zellamsee.com\/wp-content\/uploads\/2024\/07\/53277847043_72fa025705_o-scaled-1-2048x1536.jpg 2048w, https:\/\/tandem-paragliding-zellamsee.com\/wp-content\/uploads\/2024\/07\/53277847043_72fa025705_o-scaled-1-16x12.jpg 16w\" sizes=\"(max-width: 800px) 100vw, 800px\" \/>\t\t\t\t\t\t\t\t\t\t\t\t\t\t\t<\/div>\n\t\t\t\t<\/div>\n\t\t<div class=\"elementor-element elementor-element-a884d52 e-con-full e-flex e-con e-child\" data-id=\"a884d52\" data-element_type=\"container\" data-settings=\"{&quot;jet_parallax_layout_list&quot;:[]}\">\n\t\t\t\t<div class=\"elementor-element elementor-element-831b861 elementor-widget elementor-widget-heading\" data-id=\"831b861\" data-element_type=\"widget\" data-widget_type=\"heading.default\">\n\t\t\t\t\t<h2 class=\"elementor-heading-title elementor-size-default\">Giulia<\/h2>\t\t\t\t<\/div>\n\t\t\t\t<\/div>\n\t\t\t\t\t<\/div>\n\t\t\t\t<\/div>\n\t\t<div class=\"elementor-element elementor-element-9e402c4 text-image e-flex e-con-boxed e-con e-parent\" data-id=\"9e402c4\" data-element_type=\"container\" data-settings=\"{&quot;background_background&quot;:&quot;classic&quot;,&quot;jet_parallax_layout_list&quot;:[]}\">\n\t\t\t\t\t<div class=\"e-con-inner\">\n\t\t<div class=\"elementor-element elementor-element-295a01c e-con-full e-flex e-con e-child\" data-id=\"295a01c\" data-element_type=\"container\" data-settings=\"{&quot;jet_parallax_layout_list&quot;:[]}\">\n\t\t\t\t<div class=\"elementor-element elementor-element-dd4fb0d elementor-widget elementor-widget-heading\" data-id=\"dd4fb0d\" data-element_type=\"widget\" data-widget_type=\"heading.default\">\n\t\t\t\t\t<h2 class=\"elementor-heading-title elementor-size-default\">Pietro<\/h2>\t\t\t\t<\/div>\n\t\t\t\t<div class=\"elementor-element elementor-element-6ff22d3 elementor-widget elementor-widget-text-editor\" data-id=\"6ff22d3\" data-element_type=\"widget\" data-widget_type=\"text-editor.default\">\n\t\t\t\t\t\t\t\t\t<p>Peter \u00e8 un appassionato pilota di parapendio per il quale volare \u00e8 molto pi\u00f9 di un semplice hobby: \u00e8 la sua vocazione. Come istruttore di volo esperto, sa trasmettere le sue conoscenze con calma, competenza e grande empatia. Soprattutto durante i voli in tandem, riesce a far sentire i suoi passeggeri al sicuro e a regalare loro momenti indimenticabili in volo.<\/p><p>Con il suo atteggiamento calmo, la sua professionalit\u00e0 e il suo palpabile entusiasmo per il parapendio, non \u00e8 solo un istruttore di volo affidabile, ma anche una persona che ispira gli altri con la sua passione per il volo. Chiunque decolli con lui percepisce immediatamente che si tratta di una persona che ama il cielo ed \u00e8 desiderosa di condividere questa passione.<\/p>\t\t\t\t\t\t\t\t<\/div>\n\t\t\t\t<\/div>\n\t\t<div class=\"elementor-element elementor-element-996bc85 e-con-full e-flex e-con e-child\" data-id=\"996bc85\" data-element_type=\"container\" data-settings=\"{&quot;motion_fx_motion_fx_scrolling&quot;:&quot;yes&quot;,&quot;motion_fx_translateX_speed&quot;:{&quot;unit&quot;:&quot;px&quot;,&quot;size&quot;:1.1,&quot;sizes&quot;:[]},&quot;motion_fx_translateX_affectedRange&quot;:{&quot;unit&quot;:&quot;%&quot;,&quot;size&quot;:&quot;&quot;,&quot;sizes&quot;:{&quot;start&quot;:0,&quot;end&quot;:50}},&quot;jet_parallax_layout_list&quot;:[],&quot;motion_fx_translateX_effect&quot;:&quot;yes&quot;,&quot;motion_fx_devices&quot;:[&quot;desktop&quot;,&quot;tablet&quot;,&quot;mobile&quot;]}\">\n\t\t\t\t<div class=\"elementor-element elementor-element-5e0f4f5 elementor-widget elementor-widget-image\" data-id=\"5e0f4f5\" data-element_type=\"widget\" data-widget_type=\"image.default\">\n\t\t\t\t\t\t\t\t\t\t\t\t\t\t\t<img loading=\"lazy\" decoding=\"async\" width=\"720\" height=\"1030\" src=\"https:\/\/tandem-paragliding-zellamsee.com\/wp-content\/uploads\/2026\/02\/photo-2026-01-31-07-20-48-e1769921791388-720x1030.jpg\" class=\"attachment-large size-large wp-image-17617\" alt=\"Pilota tandem Peter\" srcset=\"https:\/\/tandem-paragliding-zellamsee.com\/wp-content\/uploads\/2026\/02\/photo-2026-01-31-07-20-48-e1769921791388-720x1030.jpg 720w, https:\/\/tandem-paragliding-zellamsee.com\/wp-content\/uploads\/2026\/02\/photo-2026-01-31-07-20-48-e1769921791388-210x300.jpg 210w, https:\/\/tandem-paragliding-zellamsee.com\/wp-content\/uploads\/2026\/02\/photo-2026-01-31-07-20-48-e1769921791388-768x1099.jpg 768w, https:\/\/tandem-paragliding-zellamsee.com\/wp-content\/uploads\/2026\/02\/photo-2026-01-31-07-20-48-e1769921791388-8x12.jpg 8w, https:\/\/tandem-paragliding-zellamsee.com\/wp-content\/uploads\/2026\/02\/photo-2026-01-31-07-20-48-e1769921791388.jpg 1048w\" sizes=\"(max-width: 720px) 100vw, 720px\" \/>\t\t\t\t\t\t\t\t\t\t\t\t\t\t\t<\/div>\n\t\t\t\t<\/div>\n\t\t\t\t\t<\/div>\n\t\t\t\t<\/div>\n\t\t<div class=\"elementor-element elementor-element-aa07191 text-image e-flex e-con-boxed e-con e-parent\" data-id=\"aa07191\" data-element_type=\"container\" data-settings=\"{&quot;background_background&quot;:&quot;classic&quot;,&quot;jet_parallax_layout_list&quot;:[]}\">\n\t\t\t\t\t<div class=\"e-con-inner\">\n\t\t<div class=\"elementor-element elementor-element-7861c3b e-con-full e-flex e-con e-child\" data-id=\"7861c3b\" data-element_type=\"container\" data-settings=\"{&quot;motion_fx_motion_fx_scrolling&quot;:&quot;yes&quot;,&quot;motion_fx_translateX_speed&quot;:{&quot;unit&quot;:&quot;px&quot;,&quot;size&quot;:1.1,&quot;sizes&quot;:[]},&quot;motion_fx_translateX_affectedRange&quot;:{&quot;unit&quot;:&quot;%&quot;,&quot;size&quot;:&quot;&quot;,&quot;sizes&quot;:{&quot;start&quot;:0,&quot;end&quot;:50}},&quot;jet_parallax_layout_list&quot;:[],&quot;motion_fx_translateX_effect&quot;:&quot;yes&quot;,&quot;motion_fx_translateX_direction&quot;:&quot;negative&quot;,&quot;motion_fx_devices&quot;:[&quot;desktop&quot;,&quot;tablet&quot;,&quot;mobile&quot;]}\">\n\t\t\t\t<div class=\"elementor-element elementor-element-4c2153f elementor-widget elementor-widget-image\" data-id=\"4c2153f\" data-element_type=\"widget\" data-widget_type=\"image.default\">\n\t\t\t\t\t\t\t\t\t\t\t\t\t\t\t<img loading=\"lazy\" decoding=\"async\" width=\"800\" height=\"800\" src=\"https:\/\/tandem-paragliding-zellamsee.com\/wp-content\/uploads\/2024\/06\/53402493697_e5bd4f7020_o-1030x1030.jpg\" class=\"attachment-large size-large wp-image-15745\" alt=\"\" srcset=\"https:\/\/tandem-paragliding-zellamsee.com\/wp-content\/uploads\/2024\/06\/53402493697_e5bd4f7020_o-1030x1030.jpg 1030w, https:\/\/tandem-paragliding-zellamsee.com\/wp-content\/uploads\/2024\/06\/53402493697_e5bd4f7020_o-300x300.jpg 300w, https:\/\/tandem-paragliding-zellamsee.com\/wp-content\/uploads\/2024\/06\/53402493697_e5bd4f7020_o-80x80.jpg 80w, https:\/\/tandem-paragliding-zellamsee.com\/wp-content\/uploads\/2024\/06\/53402493697_e5bd4f7020_o-768x768.jpg 768w, https:\/\/tandem-paragliding-zellamsee.com\/wp-content\/uploads\/2024\/06\/53402493697_e5bd4f7020_o-1536x1536.jpg 1536w, https:\/\/tandem-paragliding-zellamsee.com\/wp-content\/uploads\/2024\/06\/53402493697_e5bd4f7020_o-12x12.jpg 12w, https:\/\/tandem-paragliding-zellamsee.com\/wp-content\/uploads\/2024\/06\/53402493697_e5bd4f7020_o.jpg 2048w\" sizes=\"(max-width: 800px) 100vw, 800px\" \/>\t\t\t\t\t\t\t\t\t\t\t\t\t\t\t<\/div>\n\t\t\t\t<\/div>\n\t\t<div class=\"elementor-element elementor-element-a01a5d2 e-con-full e-flex e-con e-child\" data-id=\"a01a5d2\" data-element_type=\"container\" data-settings=\"{&quot;jet_parallax_layout_list&quot;:[]}\">\n\t\t\t\t<div class=\"elementor-element elementor-element-6e2226c elementor-widget elementor-widget-heading\" data-id=\"6e2226c\" data-element_type=\"widget\" data-widget_type=\"heading.default\">\n\t\t\t\t\t<h2 class=\"elementor-heading-title elementor-size-default\">Eugenio<\/h2>\t\t\t\t<\/div>\n\t\t\t\t<div class=\"elementor-element elementor-element-c8892c0 elementor-widget elementor-widget-text-editor\" data-id=\"c8892c0\" data-element_type=\"widget\" data-widget_type=\"text-editor.default\">\n\t\t\t\t\t\t\t\t\t<section class=\"av_textblock_section\"><div class=\"avia_textblock\"><section class=\"av_textblock_section\"><div class=\"avia_textblock\"><section class=\"av_textblock_section\"><div class=\"avia_textblock\"><p>Istruttore di volo e pilota tandem nonch\u00e9 appassionato pilota di sci di fondo.<\/p><p>Nell&#039;autunno 2023 Eugen ha aperto la propria societ\u00e0 di servizi di controllo e parapendio, Paragliding Service Wolf. \u00c8 quindi altamente qualificato anche in termini di tecnologia dei test e delle apparecchiature.<\/p><\/div><\/section><\/div><\/section><\/div><\/section>\t\t\t\t\t\t\t\t<\/div>\n\t\t\t\t<\/div>\n\t\t\t\t\t<\/div>\n\t\t\t\t<\/div>\n\t\t<div class=\"elementor-element elementor-element-65698b1 text-image e-flex e-con-boxed e-con e-parent\" data-id=\"65698b1\" data-element_type=\"container\" data-settings=\"{&quot;background_background&quot;:&quot;classic&quot;,&quot;jet_parallax_layout_list&quot;:[]}\">\n\t\t\t\t\t<div class=\"e-con-inner\">\n\t\t<div class=\"elementor-element elementor-element-38380eb e-con-full e-flex e-con e-child\" data-id=\"38380eb\" data-element_type=\"container\" data-settings=\"{&quot;jet_parallax_layout_list&quot;:[]}\">\n\t\t\t\t<div class=\"elementor-element elementor-element-c143253 elementor-widget elementor-widget-heading\" data-id=\"c143253\" data-element_type=\"widget\" data-widget_type=\"heading.default\">\n\t\t\t\t\t<h2 class=\"elementor-heading-title elementor-size-default\">Davide<\/h2>\t\t\t\t<\/div>\n\t\t\t\t<\/div>\n\t\t<div class=\"elementor-element elementor-element-5dd5e3c e-con-full e-flex e-con e-child\" data-id=\"5dd5e3c\" data-element_type=\"container\" data-settings=\"{&quot;motion_fx_motion_fx_scrolling&quot;:&quot;yes&quot;,&quot;motion_fx_translateX_speed&quot;:{&quot;unit&quot;:&quot;px&quot;,&quot;size&quot;:1.1,&quot;sizes&quot;:[]},&quot;motion_fx_translateX_affectedRange&quot;:{&quot;unit&quot;:&quot;%&quot;,&quot;size&quot;:&quot;&quot;,&quot;sizes&quot;:{&quot;start&quot;:0,&quot;end&quot;:50}},&quot;jet_parallax_layout_list&quot;:[],&quot;motion_fx_translateX_effect&quot;:&quot;yes&quot;,&quot;motion_fx_devices&quot;:[&quot;desktop&quot;,&quot;tablet&quot;,&quot;mobile&quot;]}\">\n\t\t\t\t<div class=\"elementor-element elementor-element-46f76cc elementor-widget elementor-widget-image\" data-id=\"46f76cc\" data-element_type=\"widget\" data-widget_type=\"image.default\">\n\t\t\t\t\t\t\t\t\t\t\t\t\t\t\t<img loading=\"lazy\" decoding=\"async\" width=\"800\" height=\"502\" src=\"https:\/\/tandem-paragliding-zellamsee.com\/wp-content\/uploads\/2023\/08\/WhatsApp-Image-2023-08-01-at-08.35.49-e1702633644785.jpg\" class=\"attachment-large size-large wp-image-14044\" alt=\"Il pilota David della Falken Air Tandem Parapendio Zell am See\" srcset=\"https:\/\/tandem-paragliding-zellamsee.com\/wp-content\/uploads\/2023\/08\/WhatsApp-Image-2023-08-01-at-08.35.49-e1702633644785.jpg 1024w, https:\/\/tandem-paragliding-zellamsee.com\/wp-content\/uploads\/2023\/08\/WhatsApp-Image-2023-08-01-at-08.35.49-e1702633644785-300x188.jpg 300w, https:\/\/tandem-paragliding-zellamsee.com\/wp-content\/uploads\/2023\/08\/WhatsApp-Image-2023-08-01-at-08.35.49-e1702633644785-768x482.jpg 768w, https:\/\/tandem-paragliding-zellamsee.com\/wp-content\/uploads\/2023\/08\/WhatsApp-Image-2023-08-01-at-08.35.49-e1702633644785-705x442.jpg 705w\" sizes=\"(max-width: 800px) 100vw, 800px\" \/>\t\t\t\t\t\t\t\t\t\t\t\t\t\t\t<\/div>\n\t\t\t\t<\/div>\n\t\t\t\t\t<\/div>\n\t\t\t\t<\/div>\n\t\t<div class=\"elementor-element elementor-element-5a27078 image-text e-flex e-con-boxed e-con e-parent\" data-id=\"5a27078\" data-element_type=\"container\" data-settings=\"{&quot;background_background&quot;:&quot;classic&quot;,&quot;jet_parallax_layout_list&quot;:[]}\">\n\t\t\t\t\t<div class=\"e-con-inner\">\n\t\t<div class=\"elementor-element elementor-element-d89393a e-con-full e-flex e-con e-child\" data-id=\"d89393a\" data-element_type=\"container\" data-settings=\"{&quot;motion_fx_motion_fx_scrolling&quot;:&quot;yes&quot;,&quot;motion_fx_translateX_speed&quot;:{&quot;unit&quot;:&quot;px&quot;,&quot;size&quot;:1.1,&quot;sizes&quot;:[]},&quot;motion_fx_translateX_affectedRange&quot;:{&quot;unit&quot;:&quot;%&quot;,&quot;size&quot;:&quot;&quot;,&quot;sizes&quot;:{&quot;start&quot;:0,&quot;end&quot;:50}},&quot;motion_fx_translateX_direction&quot;:&quot;negative&quot;,&quot;jet_parallax_layout_list&quot;:[],&quot;motion_fx_translateX_effect&quot;:&quot;yes&quot;,&quot;motion_fx_devices&quot;:[&quot;desktop&quot;,&quot;tablet&quot;,&quot;mobile&quot;]}\">\n\t\t\t\t<div class=\"elementor-element elementor-element-6b1241d elementor-widget elementor-widget-image\" data-id=\"6b1241d\" data-element_type=\"widget\" data-widget_type=\"image.default\">\n\t\t\t\t\t\t\t\t\t\t\t\t\t\t\t<img loading=\"lazy\" decoding=\"async\" width=\"579\" height=\"1030\" src=\"https:\/\/tandem-paragliding-zellamsee.com\/wp-content\/uploads\/2024\/06\/53402493632_00fa88210f_o-579x1030.jpg\" class=\"attachment-large size-large wp-image-15746\" alt=\"\" srcset=\"https:\/\/tandem-paragliding-zellamsee.com\/wp-content\/uploads\/2024\/06\/53402493632_00fa88210f_o-579x1030.jpg 579w, https:\/\/tandem-paragliding-zellamsee.com\/wp-content\/uploads\/2024\/06\/53402493632_00fa88210f_o-169x300.jpg 169w, https:\/\/tandem-paragliding-zellamsee.com\/wp-content\/uploads\/2024\/06\/53402493632_00fa88210f_o-768x1365.jpg 768w, https:\/\/tandem-paragliding-zellamsee.com\/wp-content\/uploads\/2024\/06\/53402493632_00fa88210f_o-864x1536.jpg 864w, https:\/\/tandem-paragliding-zellamsee.com\/wp-content\/uploads\/2024\/06\/53402493632_00fa88210f_o-1152x2048.jpg 1152w, https:\/\/tandem-paragliding-zellamsee.com\/wp-content\/uploads\/2024\/06\/53402493632_00fa88210f_o-7x12.jpg 7w, https:\/\/tandem-paragliding-zellamsee.com\/wp-content\/uploads\/2024\/06\/53402493632_00fa88210f_o.jpg 1440w\" sizes=\"(max-width: 579px) 100vw, 579px\" \/>\t\t\t\t\t\t\t\t\t\t\t\t\t\t\t<\/div>\n\t\t\t\t<\/div>\n\t\t<div class=\"elementor-element elementor-element-eb8abeb e-con-full e-flex e-con e-child\" data-id=\"eb8abeb\" data-element_type=\"container\" data-settings=\"{&quot;jet_parallax_layout_list&quot;:[]}\">\n\t\t\t\t<div class=\"elementor-element elementor-element-9d89cc3 elementor-widget elementor-widget-heading\" data-id=\"9d89cc3\" data-element_type=\"widget\" data-widget_type=\"heading.default\">\n\t\t\t\t\t<h2 class=\"elementor-heading-title elementor-size-default\">Fabiano<\/h2>\t\t\t\t<\/div>\n\t\t\t\t<div class=\"elementor-element elementor-element-e22c9d2 elementor-widget elementor-widget-text-editor\" data-id=\"e22c9d2\" data-element_type=\"widget\" data-widget_type=\"text-editor.default\">\n\t\t\t\t\t\t\t\t\t<section class=\"av_textblock_section\"><div class=\"avia_textblock\"><p>\u201cVolare in tutta la sua diversit\u00e0 \u00e8 libert\u00e0 e vita!\u201d<\/p><p>Che si tratti di un volo in tandem, di un veloce Hike&amp;Fly o di voli a lunga distanza, ogni minuto libero lo trascorrete in volo con Fabian. L&#039;Oberpinzgauer ama la natura, la montagna e trasmette ai suoi passeggeri l&#039;indescrivibile sensazione di volare.<\/p><ul><li>Volare dal 2014<\/li><li>Triangolo FAI di 260 km attraverso il Pinzgau<\/li><li>Vittoria nella classifica generale della gara \u201con board air race\u201d di 33 ore<\/li><li>Numerosi voli dalle montagne pi\u00f9 alte dell&#039;Austria<\/li><\/ul><\/div><\/section>\t\t\t\t\t\t\t\t<\/div>\n\t\t\t\t<\/div>\n\t\t\t\t\t<\/div>\n\t\t\t\t<\/div>\n\t\t<div class=\"elementor-element elementor-element-9d0a7fc text-image e-flex e-con-boxed e-con e-parent\" data-id=\"9d0a7fc\" data-element_type=\"container\" data-settings=\"{&quot;background_background&quot;:&quot;classic&quot;,&quot;jet_parallax_layout_list&quot;:[]}\">\n\t\t\t\t\t<div class=\"e-con-inner\">\n\t\t<div class=\"elementor-element elementor-element-1e99d71 e-con-full e-flex e-con e-child\" data-id=\"1e99d71\" data-element_type=\"container\" data-settings=\"{&quot;jet_parallax_layout_list&quot;:[]}\">\n\t\t\t\t<div class=\"elementor-element elementor-element-5d81e62 elementor-widget elementor-widget-heading\" data-id=\"5d81e62\" data-element_type=\"widget\" data-widget_type=\"heading.default\">\n\t\t\t\t\t<h2 class=\"elementor-heading-title elementor-size-default\">Massimo<\/h2>\t\t\t\t<\/div>\n\t\t\t\t<\/div>\n\t\t<div class=\"elementor-element elementor-element-4e5a2b7 e-con-full e-flex e-con e-child\" data-id=\"4e5a2b7\" data-element_type=\"container\" data-settings=\"{&quot;motion_fx_motion_fx_scrolling&quot;:&quot;yes&quot;,&quot;motion_fx_translateX_speed&quot;:{&quot;unit&quot;:&quot;px&quot;,&quot;size&quot;:1.1,&quot;sizes&quot;:[]},&quot;motion_fx_translateX_affectedRange&quot;:{&quot;unit&quot;:&quot;%&quot;,&quot;size&quot;:&quot;&quot;,&quot;sizes&quot;:{&quot;start&quot;:0,&quot;end&quot;:50}},&quot;jet_parallax_layout_list&quot;:[],&quot;motion_fx_translateX_effect&quot;:&quot;yes&quot;,&quot;motion_fx_devices&quot;:[&quot;desktop&quot;,&quot;tablet&quot;,&quot;mobile&quot;]}\">\n\t\t\t\t<div class=\"elementor-element elementor-element-c3ded4b elementor-widget elementor-widget-image\" data-id=\"c3ded4b\" data-element_type=\"widget\" data-widget_type=\"image.default\">\n\t\t\t\t\t\t\t\t\t\t\t\t\t\t\t<img loading=\"lazy\" decoding=\"async\" width=\"800\" height=\"700\" src=\"https:\/\/tandem-paragliding-zellamsee.com\/wp-content\/uploads\/2024\/07\/53277561446_d24ccb7336_o-scaled-1-1030x901.jpg\" class=\"attachment-large size-large wp-image-15879\" alt=\"\" srcset=\"https:\/\/tandem-paragliding-zellamsee.com\/wp-content\/uploads\/2024\/07\/53277561446_d24ccb7336_o-scaled-1-1030x901.jpg 1030w, https:\/\/tandem-paragliding-zellamsee.com\/wp-content\/uploads\/2024\/07\/53277561446_d24ccb7336_o-scaled-1-300x263.jpg 300w, https:\/\/tandem-paragliding-zellamsee.com\/wp-content\/uploads\/2024\/07\/53277561446_d24ccb7336_o-scaled-1-768x672.jpg 768w, https:\/\/tandem-paragliding-zellamsee.com\/wp-content\/uploads\/2024\/07\/53277561446_d24ccb7336_o-scaled-1-1536x1344.jpg 1536w, https:\/\/tandem-paragliding-zellamsee.com\/wp-content\/uploads\/2024\/07\/53277561446_d24ccb7336_o-scaled-1-2048x1792.jpg 2048w, https:\/\/tandem-paragliding-zellamsee.com\/wp-content\/uploads\/2024\/07\/53277561446_d24ccb7336_o-scaled-1-14x12.jpg 14w\" sizes=\"(max-width: 800px) 100vw, 800px\" \/>\t\t\t\t\t\t\t\t\t\t\t\t\t\t\t<\/div>\n\t\t\t\t<\/div>\n\t\t\t\t\t<\/div>\n\t\t\t\t<\/div>\n\t\t<div class=\"elementor-element elementor-element-0bbb2f0 image-text e-flex e-con-boxed e-con e-parent\" data-id=\"0bbb2f0\" data-element_type=\"container\" data-settings=\"{&quot;background_background&quot;:&quot;classic&quot;,&quot;jet_parallax_layout_list&quot;:[]}\">\n\t\t\t\t\t<div class=\"e-con-inner\">\n\t\t<div class=\"elementor-element elementor-element-d2fb96c e-con-full e-flex e-con e-child\" data-id=\"d2fb96c\" data-element_type=\"container\" data-settings=\"{&quot;motion_fx_motion_fx_scrolling&quot;:&quot;yes&quot;,&quot;motion_fx_translateX_speed&quot;:{&quot;unit&quot;:&quot;px&quot;,&quot;size&quot;:1.1,&quot;sizes&quot;:[]},&quot;motion_fx_translateX_affectedRange&quot;:{&quot;unit&quot;:&quot;%&quot;,&quot;size&quot;:&quot;&quot;,&quot;sizes&quot;:{&quot;start&quot;:0,&quot;end&quot;:50}},&quot;motion_fx_translateX_direction&quot;:&quot;negative&quot;,&quot;jet_parallax_layout_list&quot;:[],&quot;motion_fx_translateX_effect&quot;:&quot;yes&quot;,&quot;motion_fx_devices&quot;:[&quot;desktop&quot;,&quot;tablet&quot;,&quot;mobile&quot;]}\">\n\t\t\t\t<div class=\"elementor-element elementor-element-4e59e67 elementor-widget elementor-widget-image\" data-id=\"4e59e67\" data-element_type=\"widget\" data-widget_type=\"image.default\">\n\t\t\t\t\t\t\t\t\t\t\t\t\t\t\t<img loading=\"lazy\" decoding=\"async\" width=\"800\" height=\"450\" src=\"https:\/\/tandem-paragliding-zellamsee.com\/wp-content\/uploads\/2026\/02\/photo-2026-01-30-19-56-05-e1769921834989-1030x579.jpg\" class=\"attachment-large size-large wp-image-17621\" alt=\"\" srcset=\"https:\/\/tandem-paragliding-zellamsee.com\/wp-content\/uploads\/2026\/02\/photo-2026-01-30-19-56-05-e1769921834989-1030x579.jpg 1030w, https:\/\/tandem-paragliding-zellamsee.com\/wp-content\/uploads\/2026\/02\/photo-2026-01-30-19-56-05-e1769921834989-300x169.jpg 300w, https:\/\/tandem-paragliding-zellamsee.com\/wp-content\/uploads\/2026\/02\/photo-2026-01-30-19-56-05-e1769921834989-768x432.jpg 768w, https:\/\/tandem-paragliding-zellamsee.com\/wp-content\/uploads\/2026\/02\/photo-2026-01-30-19-56-05-e1769921834989-18x10.jpg 18w, https:\/\/tandem-paragliding-zellamsee.com\/wp-content\/uploads\/2026\/02\/photo-2026-01-30-19-56-05-e1769921834989.jpg 1312w\" sizes=\"(max-width: 800px) 100vw, 800px\" \/>\t\t\t\t\t\t\t\t\t\t\t\t\t\t\t<\/div>\n\t\t\t\t<\/div>\n\t\t<div class=\"elementor-element elementor-element-d3b764c e-con-full e-flex e-con e-child\" data-id=\"d3b764c\" data-element_type=\"container\" data-settings=\"{&quot;jet_parallax_layout_list&quot;:[]}\">\n\t\t\t\t<div class=\"elementor-element elementor-element-be055fc elementor-widget elementor-widget-heading\" data-id=\"be055fc\" data-element_type=\"widget\" data-widget_type=\"heading.default\">\n\t\t\t\t\t<h2 class=\"elementor-heading-title elementor-size-default\">Tom<\/h2>\t\t\t\t<\/div>\n\t\t\t\t<div class=\"elementor-element elementor-element-84fbb0d elementor-widget elementor-widget-text-editor\" data-id=\"84fbb0d\" data-element_type=\"widget\" data-widget_type=\"text-editor.default\">\n\t\t\t\t\t\t\t\t\t<p>Il pilota Tom, un vero Pinzgauer con 40 anni di esperienza di volo.<\/p>\t\t\t\t\t\t\t\t<\/div>\n\t\t\t\t<\/div>\n\t\t\t\t\t<\/div>\n\t\t\t\t<\/div>\n\t\t<div class=\"elementor-element elementor-element-b548669 e-con-full e-flex e-con e-parent\" data-id=\"b548669\" data-element_type=\"container\" data-settings=\"{&quot;jet_parallax_layout_list&quot;:[]}\">\n\t\t\t\t<div class=\"elementor-element elementor-element-aabb842 elementor-widget elementor-widget-shortcode\" data-id=\"aabb842\" data-element_type=\"widget\" data-widget_type=\"shortcode.default\">\n\t\t\t\t\t\t\t<div class=\"elementor-shortcode\"><pre class=\"ti-widget\"><template id=\"trustindex-google-widget-html\"><div class=\"ti-widget  ti-goog ti-show-rating-text ti-review-text-mode-readmore ti-content-align-center\" data-no-translation=\"true\" data-time-locale=\"vor %d %s|Heute|Tag|Tagen|Woche|Wochen|Monat|Monaten|Jahr|Jahren\" data-plugin-version=\"13.2.9\" data-layout-id=\"37\" data-layout-category=\"slider\" data-set-id=\"light-minimal\" data-pid=\"\" data-language=\"de\" data-close-locale=\"Schlie\u00dfen\" data-css-version=\"2\" data-reply-by-locale=\"Antwort des Eigent\u00fcmers\" data-only-rating-locale=\"Dieser Nutzer hat lediglich eine Bewertung abgegeben.\" data-pager-autoplay-timeout=\"6\"> <div class=\"ti-widget-container ti-col-1\"> <div class=\"ti-reviews-container\"> <div class=\"ti-controls\"> <div class=\"ti-next\" aria-label=\"N\u00e4chste Bewertung\" role=\"button\" tabindex=\"0\"><\/div> <div class=\"ti-prev\" aria-label=\"Vorherige Bewertung\" role=\"button\" tabindex=\"0\"><\/div> <\/div> <div class=\"ti-reviews-container-wrapper\">  <div data-empty=\"0\" data-time=\"1756771200\" class=\"ti-review-item source-Google ti-image-layout-thumbnail\" data-id=\"cfcd208495d565ef66e7dff9f98764da\"> <div class=\"ti-inner\"> <div class=\"ti-review-header\"> <trustindex-image class=\"ti-platform-icon\" data-imgurl=\"https:\/\/cdn.trustindex.io\/assets\/platform\/Google\/icon.svg\" alt=\"\" width=\"20\" height=\"20\" loading=\"lazy\"><\/trustindex-image> <div class=\"ti-profile-img\"> <trustindex-image data-imgurl=\"https:\/\/lh3.googleusercontent.com\/a-\/ALV-UjU8eJ9QoVybDjIXTXQm3OqmW24SiQvT8YWYFzqVZLNb8dSEqXI=w64-h64-c-rp-mo-br100\" alt=\"Hannes Etzelstorfer profile picture\" loading=\"lazy\"><\/trustindex-image> <\/div> <div class=\"ti-profile-details\"> <div class=\"ti-name\"> Hannes Etzelstorfer <\/div> <div class=\"ti-date\"><\/div> <\/div> <\/div> <span class=\"ti-stars\"><trustindex-image class=\"ti-star\" data-imgurl=\"https:\/\/cdn.trustindex.io\/assets\/platform\/Google\/star\/f.svg\" alt=\"Google star 1\" width=\"17\" height=\"17\" loading=\"lazy\"><\/trustindex-image><trustindex-image class=\"ti-star\" data-imgurl=\"https:\/\/cdn.trustindex.io\/assets\/platform\/Google\/star\/f.svg\" alt=\"Google star 2\" width=\"17\" height=\"17\" loading=\"lazy\"><\/trustindex-image><trustindex-image class=\"ti-star\" data-imgurl=\"https:\/\/cdn.trustindex.io\/assets\/platform\/Google\/star\/f.svg\" alt=\"Google star 3\" width=\"17\" height=\"17\" loading=\"lazy\"><\/trustindex-image><trustindex-image class=\"ti-star\" data-imgurl=\"https:\/\/cdn.trustindex.io\/assets\/platform\/Google\/star\/f.svg\" alt=\"Google star 4\" width=\"17\" height=\"17\" loading=\"lazy\"><\/trustindex-image><trustindex-image class=\"ti-star\" data-imgurl=\"https:\/\/cdn.trustindex.io\/assets\/platform\/Google\/star\/f.svg\" alt=\"Google star 5\" width=\"17\" height=\"17\" loading=\"lazy\"><\/trustindex-image><span class=\"ti-verified-review ti-verified-platform\"><span class=\"ti-verified-tooltip\">Trustindex \u00fcberpr\u00fcft, ob die Originalquelle der Bewertung Google ist.<\/span><\/span><\/span> <div class=\"ti-review-text-container ti-review-content\"><!-- R-CONTENT -->Bin mit meinen beiden T\u00f6chtern \u2013 14 und 10 Jahre \u2013 geflogen und es war ein unbeschreibliches Erlebnis f\u00fcr uns alle. Wir haben die n\u00e4chsten 24 Stunden \u00fcber nichts anderes mehr geredet. Meine \u00e4ltere Tochter, hat am selben Tag noch alle Details zum Pilotenschein recherchiert!\nDie Piloten haben sich super gek\u00fcmmert sodass wir uns alle total sicher gef\u00fchlt haben und Organisation war perfekt:\n* Online-Buchung\n* dann alle Infos bekommen\n* Treffpunkt leicht zu finden\n* Formalit\u00e4ten im Lift erledigt\n* unglaublicher Flug\n* Shuttle zur\u00fcck.\nWirklich an alles gedacht.\nAls am Landeplatz ein fremder Pilot gefragt hat ob er mit zur\u00fcck fahren darf, war ich echt froh mit Falkenair schon alles organisiert zu haben.<!-- R-CONTENT --><\/div> <span class=\"ti-read-more\" data-container=\".ti-review-content\" data-collapse-text=\"Ausblenden\" data-open-text=\"Weiterlesen\"><\/span> <\/div> <\/div>  <div data-empty=\"0\" data-time=\"1756684800\" class=\"ti-review-item source-Google ti-image-layout-thumbnail\" data-id=\"cfcd208495d565ef66e7dff9f98764da\"> <div class=\"ti-inner\"> <div class=\"ti-review-header\"> <trustindex-image class=\"ti-platform-icon\" data-imgurl=\"https:\/\/cdn.trustindex.io\/assets\/platform\/Google\/icon.svg\" alt=\"\" width=\"20\" height=\"20\" loading=\"lazy\"><\/trustindex-image> <div class=\"ti-profile-img\"> <trustindex-image data-imgurl=\"https:\/\/lh3.googleusercontent.com\/a\/ACg8ocI1ql940NTbsvT4RjrWx1DrTkMZy20nm4lkY6Ucvxdod-ex=w64-h64-c-rp-mo-br100\" alt=\"Prashanth Jain profile picture\" loading=\"lazy\"><\/trustindex-image> <\/div> <div class=\"ti-profile-details\"> <div class=\"ti-name\"> Prashanth Jain <\/div> <div class=\"ti-date\"><\/div> <\/div> <\/div> <span class=\"ti-stars\"><trustindex-image class=\"ti-star\" data-imgurl=\"https:\/\/cdn.trustindex.io\/assets\/platform\/Google\/star\/f.svg\" alt=\"Google star 1\" width=\"17\" height=\"17\" loading=\"lazy\"><\/trustindex-image><trustindex-image class=\"ti-star\" data-imgurl=\"https:\/\/cdn.trustindex.io\/assets\/platform\/Google\/star\/f.svg\" alt=\"Google star 2\" width=\"17\" height=\"17\" loading=\"lazy\"><\/trustindex-image><trustindex-image class=\"ti-star\" data-imgurl=\"https:\/\/cdn.trustindex.io\/assets\/platform\/Google\/star\/f.svg\" alt=\"Google star 3\" width=\"17\" height=\"17\" loading=\"lazy\"><\/trustindex-image><trustindex-image class=\"ti-star\" data-imgurl=\"https:\/\/cdn.trustindex.io\/assets\/platform\/Google\/star\/f.svg\" alt=\"Google star 4\" width=\"17\" height=\"17\" loading=\"lazy\"><\/trustindex-image><trustindex-image class=\"ti-star\" data-imgurl=\"https:\/\/cdn.trustindex.io\/assets\/platform\/Google\/star\/f.svg\" alt=\"Google star 5\" width=\"17\" height=\"17\" loading=\"lazy\"><\/trustindex-image><span class=\"ti-verified-review ti-verified-platform\"><span class=\"ti-verified-tooltip\">Trustindex \u00fcberpr\u00fcft, ob die Originalquelle der Bewertung Google ist.<\/span><\/span><\/span> <div class=\"ti-review-text-container ti-review-content\"><!-- R-CONTENT -->Excellent and friendly team who made us comfortable our gliding.i would strongly recommend this team.<!-- R-CONTENT --><\/div> <span class=\"ti-read-more\" data-container=\".ti-review-content\" data-collapse-text=\"Ausblenden\" data-open-text=\"Weiterlesen\"><\/span> <\/div> <\/div>  <div data-empty=\"0\" data-time=\"1756339200\" class=\"ti-review-item source-Google ti-image-layout-thumbnail\" data-id=\"cfcd208495d565ef66e7dff9f98764da\"> <div class=\"ti-inner\"> <div class=\"ti-review-header\"> <trustindex-image class=\"ti-platform-icon\" data-imgurl=\"https:\/\/cdn.trustindex.io\/assets\/platform\/Google\/icon.svg\" alt=\"\" width=\"20\" height=\"20\" loading=\"lazy\"><\/trustindex-image> <div class=\"ti-profile-img\"> <trustindex-image data-imgurl=\"https:\/\/lh3.googleusercontent.com\/a\/ACg8ocKTaywbOOXDZfQtHQF8H2JUHsPDFsIZ7VqUhU2CNNmOZpukUiM=w64-h64-c-rp-mo-br100\" alt=\"He iko profile picture\" loading=\"lazy\"><\/trustindex-image> <\/div> <div class=\"ti-profile-details\"> <div class=\"ti-name\"> He iko <\/div> <div class=\"ti-date\"><\/div> <\/div> <\/div> <span class=\"ti-stars\"><trustindex-image class=\"ti-star\" data-imgurl=\"https:\/\/cdn.trustindex.io\/assets\/platform\/Google\/star\/f.svg\" alt=\"Google star 1\" width=\"17\" height=\"17\" loading=\"lazy\"><\/trustindex-image><trustindex-image class=\"ti-star\" data-imgurl=\"https:\/\/cdn.trustindex.io\/assets\/platform\/Google\/star\/f.svg\" alt=\"Google star 2\" width=\"17\" height=\"17\" loading=\"lazy\"><\/trustindex-image><trustindex-image class=\"ti-star\" data-imgurl=\"https:\/\/cdn.trustindex.io\/assets\/platform\/Google\/star\/f.svg\" alt=\"Google star 3\" width=\"17\" height=\"17\" loading=\"lazy\"><\/trustindex-image><trustindex-image class=\"ti-star\" data-imgurl=\"https:\/\/cdn.trustindex.io\/assets\/platform\/Google\/star\/f.svg\" alt=\"Google star 4\" width=\"17\" height=\"17\" loading=\"lazy\"><\/trustindex-image><trustindex-image class=\"ti-star\" data-imgurl=\"https:\/\/cdn.trustindex.io\/assets\/platform\/Google\/star\/f.svg\" alt=\"Google star 5\" width=\"17\" height=\"17\" loading=\"lazy\"><\/trustindex-image><span class=\"ti-verified-review ti-verified-platform\"><span class=\"ti-verified-tooltip\">Trustindex \u00fcberpr\u00fcft, ob die Originalquelle der Bewertung Google ist.<\/span><\/span><\/span> <div class=\"ti-review-text-container ti-review-content\"><!-- R-CONTENT -->Es war ein wundersch\u00f6nes Erlebnis mit Falken Air zu fliegen. Ich hatte das Classic Plus Paket gebucht und hatte das Vergn\u00fcgen Tom als Piloten zu haben. Tom hat alles wunderbar erkl\u00e4rt und ich f\u00fchlte mich absolut sicher. Leider hat die Thermik nicht so mitgemacht wie erhofft, sodass wir \u201enur\u201c die Classic Variante fliegen konnten. Letztlich wurde auch nur diese berechnet. Was etwas negativ, aber nicht Falken Air zuzurechnen ist, sind die recht hohen Kosten von 30\u20ac f\u00fcr die Bergfahrt mit der Seilbahn. Daf\u00fcr konnte man aber auch kostenfrei vor dem Gel\u00e4nde parken. Insgesamt war alles sehr gut strukturiert und organisiert. Auch die anderen Piloten haben einen tollen Job gemacht. Meine Freundin ist mit Christina geflogen und war auch sehr begeistert. Tom \/ Christina 5 Sterne Plus f\u00fcr euch!!<!-- R-CONTENT --><\/div> <span class=\"ti-read-more\" data-container=\".ti-review-content\" data-collapse-text=\"Ausblenden\" data-open-text=\"Weiterlesen\"><\/span> <\/div> <\/div>  <div data-empty=\"0\" data-time=\"1756339200\" class=\"ti-review-item source-Google ti-image-layout-thumbnail\" data-id=\"cfcd208495d565ef66e7dff9f98764da\"> <div class=\"ti-inner\"> <div class=\"ti-review-header\"> <trustindex-image class=\"ti-platform-icon\" data-imgurl=\"https:\/\/cdn.trustindex.io\/assets\/platform\/Google\/icon.svg\" alt=\"\" width=\"20\" height=\"20\" loading=\"lazy\"><\/trustindex-image> <div class=\"ti-profile-img\"> <trustindex-image data-imgurl=\"https:\/\/lh3.googleusercontent.com\/a-\/ALV-UjWRRNoAW4Rhi3C8VBXvxR9yRRf4ELeLAUYJWlIm62SKH54x9UQ=w64-h64-c-rp-mo-br100\" alt=\"bia peters profile picture\" loading=\"lazy\"><\/trustindex-image> <\/div> <div class=\"ti-profile-details\"> <div class=\"ti-name\"> bia peters <\/div> <div class=\"ti-date\"><\/div> <\/div> <\/div> <span class=\"ti-stars\"><trustindex-image class=\"ti-star\" data-imgurl=\"https:\/\/cdn.trustindex.io\/assets\/platform\/Google\/star\/f.svg\" alt=\"Google star 1\" width=\"17\" height=\"17\" loading=\"lazy\"><\/trustindex-image><trustindex-image class=\"ti-star\" data-imgurl=\"https:\/\/cdn.trustindex.io\/assets\/platform\/Google\/star\/f.svg\" alt=\"Google star 2\" width=\"17\" height=\"17\" loading=\"lazy\"><\/trustindex-image><trustindex-image class=\"ti-star\" data-imgurl=\"https:\/\/cdn.trustindex.io\/assets\/platform\/Google\/star\/f.svg\" alt=\"Google star 3\" width=\"17\" height=\"17\" loading=\"lazy\"><\/trustindex-image><trustindex-image class=\"ti-star\" data-imgurl=\"https:\/\/cdn.trustindex.io\/assets\/platform\/Google\/star\/f.svg\" alt=\"Google star 4\" width=\"17\" height=\"17\" loading=\"lazy\"><\/trustindex-image><trustindex-image class=\"ti-star\" data-imgurl=\"https:\/\/cdn.trustindex.io\/assets\/platform\/Google\/star\/f.svg\" alt=\"Google star 5\" width=\"17\" height=\"17\" loading=\"lazy\"><\/trustindex-image><span class=\"ti-verified-review ti-verified-platform\"><span class=\"ti-verified-tooltip\">Trustindex \u00fcberpr\u00fcft, ob die Originalquelle der Bewertung Google ist.<\/span><\/span><\/span> <div class=\"ti-review-text-container ti-review-content\"><!-- R-CONTENT -->Der Flug am 12.8.25 war wirklich toll und f\u00fcr \u201eNichtflieger\u201c eine ganz neue Erfahrung. Auch mit H\u00f6henangst war der Flug sehr gut zu meistern. Ich durfte mit Christina fliegen.\n\nHier eine kurze Zusammenfassung meiner Eindr\u00fccke:\n\n- sehr unkomplizierte Online-Buchung (Zahlung in bar vor Ort, da Flieger meist selbstst\u00e4ndig t\u00e4tig)\n- kleiner Minuspunkt (das liegt leider nicht in der Hand des Veranstalters: mit ca. 30 \u20ac pro Person unter der Woche relativ teure Bergfahrt mit der Gondel, diese wird an der Talstation gesondert bezahlt)\n- ausreichend kostenfreie Parkpl\u00e4tze vor Ort (trotz Schildern \u201eParkpl\u00e4tze voll\u201c sind wir bis ganz nach oben gefahren, dort standen dann noch mindestens 50 Parkpl\u00e4tze zur Verf\u00fcgung)\n- sehr freundliche Begr\u00fc\u00dfung durch meine \u201eFlugbegleiterin\u201c\n- sehr gute Erkl\u00e4rung und Einweisung in den Ablauf\n- viel Empathie und Freude am Job (dies konnte man auch bei Tom und den anderen Fliegern sp\u00fcren)\n- nach dem Flug super organisierter Shuttle mit dem Kleinbus zum Ausgangspunkt (wenn gew\u00fcnscht)\n- der Ablauf war im Gesamten sehr gut organisiert, strukturiert, freundlich und f\u00fcr Erstflieger sehr zu empfehlen\n- bei Buchung von Video und Film: super Qualit\u00e4t und tolle Aufnahmen\n- ein weiterer gro\u00dfer Pluspunkt: wird die Flugh\u00f6he aufgrund von wetterbedingten Widrigkeiten nicht erreicht, wird auch nur der \u201eClassic-Flug\u201c berechnet, sehr fair und transparent\n\nMein Fazit: Immer wieder gerne. Auch ein gro\u00dfes Dankesch\u00f6n an Christina<!-- R-CONTENT --><\/div> <span class=\"ti-read-more\" data-container=\".ti-review-content\" data-collapse-text=\"Ausblenden\" data-open-text=\"Weiterlesen\"><\/span> <\/div> <\/div>  <div data-empty=\"0\" data-time=\"1755734400\" class=\"ti-review-item source-Google ti-image-layout-thumbnail\" data-id=\"cfcd208495d565ef66e7dff9f98764da\"> <div class=\"ti-inner\"> <div class=\"ti-review-header\"> <trustindex-image class=\"ti-platform-icon\" data-imgurl=\"https:\/\/cdn.trustindex.io\/assets\/platform\/Google\/icon.svg\" alt=\"\" width=\"20\" height=\"20\" loading=\"lazy\"><\/trustindex-image> <div class=\"ti-profile-img\"> <trustindex-image data-imgurl=\"https:\/\/lh3.googleusercontent.com\/a-\/ALV-UjWU1SbaJBWuMJRHcLUK-_k8vnR10f_CdlNjdw-gYoQQDRvBMRaDqg=w64-h64-c-rp-mo-ba4-br100\" alt=\"Ramona Janiak profile picture\" loading=\"lazy\"><\/trustindex-image> <\/div> <div class=\"ti-profile-details\"> <div class=\"ti-name\"> Ramona Janiak <\/div> <div class=\"ti-date\"><\/div> <\/div> <\/div> <span class=\"ti-stars\"><trustindex-image class=\"ti-star\" data-imgurl=\"https:\/\/cdn.trustindex.io\/assets\/platform\/Google\/star\/f.svg\" alt=\"Google star 1\" width=\"17\" height=\"17\" loading=\"lazy\"><\/trustindex-image><trustindex-image class=\"ti-star\" data-imgurl=\"https:\/\/cdn.trustindex.io\/assets\/platform\/Google\/star\/f.svg\" alt=\"Google star 2\" width=\"17\" height=\"17\" loading=\"lazy\"><\/trustindex-image><trustindex-image class=\"ti-star\" data-imgurl=\"https:\/\/cdn.trustindex.io\/assets\/platform\/Google\/star\/f.svg\" alt=\"Google star 3\" width=\"17\" height=\"17\" loading=\"lazy\"><\/trustindex-image><trustindex-image class=\"ti-star\" data-imgurl=\"https:\/\/cdn.trustindex.io\/assets\/platform\/Google\/star\/f.svg\" alt=\"Google star 4\" width=\"17\" height=\"17\" loading=\"lazy\"><\/trustindex-image><trustindex-image class=\"ti-star\" data-imgurl=\"https:\/\/cdn.trustindex.io\/assets\/platform\/Google\/star\/f.svg\" alt=\"Google star 5\" width=\"17\" height=\"17\" loading=\"lazy\"><\/trustindex-image><span class=\"ti-verified-review ti-verified-platform\"><span class=\"ti-verified-tooltip\">Trustindex \u00fcberpr\u00fcft, ob die Originalquelle der Bewertung Google ist.<\/span><\/span><\/span> <div class=\"ti-review-text-container ti-review-content\"><!-- R-CONTENT -->Ich hatte vor ein paar Tagen einen Classic Tandemflug mit Max (meine, so hie\u00df er).\nDas war eines der besten Dinge, die ich bisher erlebt hab.\nUnd ich werde nun garantiert zum \"Wiederholungst\u00e4ter\" ;-)\nDanke f\u00fcr dieses gigantisch gute Erlebnis :-)<!-- R-CONTENT --><\/div> <span class=\"ti-read-more\" data-container=\".ti-review-content\" data-collapse-text=\"Ausblenden\" data-open-text=\"Weiterlesen\"><\/span> <\/div> <\/div>  <div data-empty=\"0\" data-time=\"1755734400\" class=\"ti-review-item source-Google ti-image-layout-thumbnail\" data-id=\"cfcd208495d565ef66e7dff9f98764da\"> <div class=\"ti-inner\"> <div class=\"ti-review-header\"> <trustindex-image class=\"ti-platform-icon\" data-imgurl=\"https:\/\/cdn.trustindex.io\/assets\/platform\/Google\/icon.svg\" alt=\"\" width=\"20\" height=\"20\" loading=\"lazy\"><\/trustindex-image> <div class=\"ti-profile-img\"> <trustindex-image data-imgurl=\"https:\/\/lh3.googleusercontent.com\/a-\/ALV-UjVSKtAwXv9JY1JPqi8SUxjFRJUk5KLp77BIgOsJBN8NV5ye1ZpOpg=w64-h64-c-rp-mo-br100\" alt=\"Petra Hechenberger profile picture\" loading=\"lazy\"><\/trustindex-image> <\/div> <div class=\"ti-profile-details\"> <div class=\"ti-name\"> Petra Hechenberger <\/div> <div class=\"ti-date\"><\/div> <\/div> <\/div> <span class=\"ti-stars\"><trustindex-image class=\"ti-star\" data-imgurl=\"https:\/\/cdn.trustindex.io\/assets\/platform\/Google\/star\/f.svg\" alt=\"Google star 1\" width=\"17\" height=\"17\" loading=\"lazy\"><\/trustindex-image><trustindex-image class=\"ti-star\" data-imgurl=\"https:\/\/cdn.trustindex.io\/assets\/platform\/Google\/star\/f.svg\" alt=\"Google star 2\" width=\"17\" height=\"17\" loading=\"lazy\"><\/trustindex-image><trustindex-image class=\"ti-star\" data-imgurl=\"https:\/\/cdn.trustindex.io\/assets\/platform\/Google\/star\/f.svg\" alt=\"Google star 3\" width=\"17\" height=\"17\" loading=\"lazy\"><\/trustindex-image><trustindex-image class=\"ti-star\" data-imgurl=\"https:\/\/cdn.trustindex.io\/assets\/platform\/Google\/star\/f.svg\" alt=\"Google star 4\" width=\"17\" height=\"17\" loading=\"lazy\"><\/trustindex-image><trustindex-image class=\"ti-star\" data-imgurl=\"https:\/\/cdn.trustindex.io\/assets\/platform\/Google\/star\/f.svg\" alt=\"Google star 5\" width=\"17\" height=\"17\" loading=\"lazy\"><\/trustindex-image><span class=\"ti-verified-review ti-verified-platform\"><span class=\"ti-verified-tooltip\">Trustindex \u00fcberpr\u00fcft, ob die Originalquelle der Bewertung Google ist.<\/span><\/span><\/span> <div class=\"ti-review-text-container ti-review-content\"><!-- R-CONTENT -->Es war ein perfekter Flug. Vielen Dank daf\u00fcr an Tom\ud83e\udd29. Die Steilkurve wird mir in Erinnerung bleiben! \ud83d\ude02<!-- R-CONTENT --><\/div> <span class=\"ti-read-more\" data-container=\".ti-review-content\" data-collapse-text=\"Ausblenden\" data-open-text=\"Weiterlesen\"><\/span> <\/div> <\/div>  <div data-empty=\"0\" data-time=\"1755043200\" class=\"ti-review-item source-Google ti-image-layout-thumbnail\" data-id=\"cfcd208495d565ef66e7dff9f98764da\"> <div class=\"ti-inner\"> <div class=\"ti-review-header\"> <trustindex-image class=\"ti-platform-icon\" data-imgurl=\"https:\/\/cdn.trustindex.io\/assets\/platform\/Google\/icon.svg\" alt=\"\" width=\"20\" height=\"20\" loading=\"lazy\"><\/trustindex-image> <div class=\"ti-profile-img\"> <trustindex-image data-imgurl=\"https:\/\/lh3.googleusercontent.com\/a-\/ALV-UjWLBLG581bBnus0U3AfrE_ajLxM-84DaYPZajStT5p99vbwYZ4=w64-h64-c-rp-mo-br100\" alt=\"Anita Flamand profile picture\" loading=\"lazy\"><\/trustindex-image> <\/div> <div class=\"ti-profile-details\"> <div class=\"ti-name\"> Anita Flamand <\/div> <div class=\"ti-date\"><\/div> <\/div> <\/div> <span class=\"ti-stars\"><trustindex-image class=\"ti-star\" data-imgurl=\"https:\/\/cdn.trustindex.io\/assets\/platform\/Google\/star\/f.svg\" alt=\"Google star 1\" width=\"17\" height=\"17\" loading=\"lazy\"><\/trustindex-image><trustindex-image class=\"ti-star\" data-imgurl=\"https:\/\/cdn.trustindex.io\/assets\/platform\/Google\/star\/f.svg\" alt=\"Google star 2\" width=\"17\" height=\"17\" loading=\"lazy\"><\/trustindex-image><trustindex-image class=\"ti-star\" data-imgurl=\"https:\/\/cdn.trustindex.io\/assets\/platform\/Google\/star\/f.svg\" alt=\"Google star 3\" width=\"17\" height=\"17\" loading=\"lazy\"><\/trustindex-image><trustindex-image class=\"ti-star\" data-imgurl=\"https:\/\/cdn.trustindex.io\/assets\/platform\/Google\/star\/f.svg\" alt=\"Google star 4\" width=\"17\" height=\"17\" loading=\"lazy\"><\/trustindex-image><trustindex-image class=\"ti-star\" data-imgurl=\"https:\/\/cdn.trustindex.io\/assets\/platform\/Google\/star\/f.svg\" alt=\"Google star 5\" width=\"17\" height=\"17\" loading=\"lazy\"><\/trustindex-image><span class=\"ti-verified-review ti-verified-platform\"><span class=\"ti-verified-tooltip\">Trustindex \u00fcberpr\u00fcft, ob die Originalquelle der Bewertung Google ist.<\/span><\/span><\/span> <div class=\"ti-review-text-container ti-review-content\"><!-- R-CONTENT -->A truly magical experience, soaring above sweeping natural splendor felt like time stopped. Breathing in incredible views, gaining more and more height, touching the clouds, and feeling wrapped in a soft embrace, safe, cozy, and untouchable... Indescribable: you need to try it for yourself!\nStill smiling from this insane experience, endless thanks to Simon for these epic flights!<!-- R-CONTENT --><\/div> <span class=\"ti-read-more\" data-container=\".ti-review-content\" data-collapse-text=\"Ausblenden\" data-open-text=\"Weiterlesen\"><\/span> <\/div> <\/div>  <div data-empty=\"0\" data-time=\"1754870400\" class=\"ti-review-item source-Google ti-image-layout-thumbnail\" data-id=\"cfcd208495d565ef66e7dff9f98764da\"> <div class=\"ti-inner\"> <div class=\"ti-review-header\"> <trustindex-image class=\"ti-platform-icon\" data-imgurl=\"https:\/\/cdn.trustindex.io\/assets\/platform\/Google\/icon.svg\" alt=\"\" width=\"20\" height=\"20\" loading=\"lazy\"><\/trustindex-image> <div class=\"ti-profile-img\"> <trustindex-image data-imgurl=\"https:\/\/lh3.googleusercontent.com\/a\/ACg8ocIdMu0kGdxyiHIUxGQVgVfsm4KplyCdeRo6e4l4D6cUWiZYdw=w64-h64-c-rp-mo-br100\" alt=\"Fynn Lange profile picture\" loading=\"lazy\"><\/trustindex-image> <\/div> <div class=\"ti-profile-details\"> <div class=\"ti-name\"> Fynn Lange <\/div> <div class=\"ti-date\"><\/div> <\/div> <\/div> <span class=\"ti-stars\"><trustindex-image class=\"ti-star\" data-imgurl=\"https:\/\/cdn.trustindex.io\/assets\/platform\/Google\/star\/f.svg\" alt=\"Google star 1\" width=\"17\" height=\"17\" loading=\"lazy\"><\/trustindex-image><trustindex-image class=\"ti-star\" data-imgurl=\"https:\/\/cdn.trustindex.io\/assets\/platform\/Google\/star\/f.svg\" alt=\"Google star 2\" width=\"17\" height=\"17\" loading=\"lazy\"><\/trustindex-image><trustindex-image class=\"ti-star\" data-imgurl=\"https:\/\/cdn.trustindex.io\/assets\/platform\/Google\/star\/f.svg\" alt=\"Google star 3\" width=\"17\" height=\"17\" loading=\"lazy\"><\/trustindex-image><trustindex-image class=\"ti-star\" data-imgurl=\"https:\/\/cdn.trustindex.io\/assets\/platform\/Google\/star\/f.svg\" alt=\"Google star 4\" width=\"17\" height=\"17\" loading=\"lazy\"><\/trustindex-image><trustindex-image class=\"ti-star\" data-imgurl=\"https:\/\/cdn.trustindex.io\/assets\/platform\/Google\/star\/f.svg\" alt=\"Google star 5\" width=\"17\" height=\"17\" loading=\"lazy\"><\/trustindex-image><span class=\"ti-verified-review ti-verified-platform\"><span class=\"ti-verified-tooltip\">Trustindex \u00fcberpr\u00fcft, ob die Originalquelle der Bewertung Google ist.<\/span><\/span><\/span> <div class=\"ti-review-text-container ti-review-content\"><!-- R-CONTENT -->War Mega, der Mann war richtig nett und das fliegen hat sehr viel Spa\u00df gemacht<!-- R-CONTENT --><\/div> <span class=\"ti-read-more\" data-container=\".ti-review-content\" data-collapse-text=\"Ausblenden\" data-open-text=\"Weiterlesen\"><\/span> <\/div> <\/div>  <\/div> <\/div> <div class=\"ti-controls-line\"> <div class=\"dot\"><\/div> <\/div> <div class=\"ti-footer\"> <div class=\"ti-rating-text\"> <span class=\"nowrap\"><strong>Google<\/strong> Gesamtbewertung <\/span><span class=\"nowrap\"><strong>5.0<\/strong> von 5, <\/span><span class=\"nowrap\">basierend auf <strong>416 Bewertungen<\/strong><\/span> <\/div> <\/div>   <\/div> <\/div> <\/template><\/pre><div data-src=\"https:\/\/cdn.trustindex.io\/loader.js?wp-widget\" data-template-id=\"trustindex-google-widget-html\" data-css-url=\"https:\/\/tandem-paragliding-zellamsee.com\/wp-content\/uploads\/trustindex-google-widget.css?1776193097\"><\/div><\/div>\n\t\t\t\t\t\t<\/div>\n\t\t\t\t<\/div>\n\t\t\t\t<\/div>","protected":false},"excerpt":{"rendered":"<p>Il parapendio Falken Air vola con i professionisti! Falken Air \u00e8 composta da piloti indipendenti che amano condividere la loro passione per il volo con i nostri ospiti. Un team altamente professionale e amichevole di professionisti tandem e istruttori di volo testati e certificati renderanno il tuo volo un&#039;esperienza perfetta. La tua sicurezza e fiducia sono la nostra massima priorit\u00e0! [\u2026]<\/p>","protected":false},"author":1,"featured_media":0,"parent":0,"menu_order":22,"comment_status":"closed","ping_status":"closed","template":"","meta":{"_acf_changed":false,"footnotes":""},"class_list":["post-253","page","type-page","status-publish","hentry"],"acf":[],"yoast_head":"<!-- This site is optimized with the Yoast SEO plugin v27.5 - https:\/\/yoast.com\/product\/yoast-seo-wordpress\/ -->\n<title>Tandem Paragliding Zell am See - Sepp ist dein Pilot<\/title>\n<meta name=\"description\" content=\"Sepp ist dein Pilot beim Tandem Paragliding in Zell am See. Erlebe das perfekte Abenteuer \u00fcber Zell am See-Kaprun.\" \/>\n<meta name=\"robots\" content=\"index, follow, max-snippet:-1, max-image-preview:large, max-video-preview:-1\" \/>\n<link rel=\"canonical\" href=\"https:\/\/tandem-paragliding-zellamsee.com\/it\/piloti-e-squadra\/\" \/>\n<meta property=\"og:locale\" content=\"it_IT\" \/>\n<meta property=\"og:type\" content=\"article\" \/>\n<meta property=\"og:title\" content=\"Tandem Paragliding Zell am See - Sepp ist dein Pilot\" \/>\n<meta property=\"og:description\" content=\"Sepp ist dein Pilot beim Tandem Paragliding in Zell am See. Erlebe das perfekte Abenteuer \u00fcber Zell am See-Kaprun.\" \/>\n<meta property=\"og:url\" content=\"https:\/\/tandem-paragliding-zellamsee.com\/it\/piloti-e-squadra\/\" \/>\n<meta property=\"og:site_name\" content=\"Tandem Paragliding Zell am See\" \/>\n<meta property=\"article:publisher\" content=\"https:\/\/www.facebook.com\/Falkenair\" \/>\n<meta property=\"article:modified_time\" content=\"2026-02-01T04:59:49+00:00\" \/>\n<meta property=\"og:image\" content=\"https:\/\/tandem-paragliding-zellamsee.com\/wp-content\/uploads\/2024\/06\/52207553879_6a90b8d158_o-1030x1030.jpg\" \/>\n\t<meta property=\"og:image:width\" content=\"1030\" \/>\n\t<meta property=\"og:image:height\" content=\"1030\" \/>\n\t<meta property=\"og:image:type\" content=\"image\/jpeg\" \/>\n<meta name=\"twitter:card\" content=\"summary_large_image\" \/>\n<meta name=\"twitter:label1\" content=\"Tempo di lettura stimato\" \/>\n\t<meta name=\"twitter:data1\" content=\"20 minuti\" \/>\n<script type=\"application\/ld+json\" class=\"yoast-schema-graph\">{\"@context\":\"https:\\\/\\\/schema.org\",\"@graph\":[{\"@type\":\"WebPage\",\"@id\":\"https:\\\/\\\/tandem-paragliding-zellamsee.com\\\/piloten-team\\\/\",\"url\":\"https:\\\/\\\/tandem-paragliding-zellamsee.com\\\/piloten-team\\\/\",\"name\":\"Tandem Paragliding Zell am See - Sepp ist dein Pilot\",\"isPartOf\":{\"@id\":\"https:\\\/\\\/tandem-paragliding-zellamsee.com\\\/#website\"},\"primaryImageOfPage\":{\"@id\":\"https:\\\/\\\/tandem-paragliding-zellamsee.com\\\/piloten-team\\\/#primaryimage\"},\"image\":{\"@id\":\"https:\\\/\\\/tandem-paragliding-zellamsee.com\\\/piloten-team\\\/#primaryimage\"},\"thumbnailUrl\":\"https:\\\/\\\/tandem-paragliding-zellamsee.com\\\/wp-content\\\/uploads\\\/2024\\\/06\\\/52207553879_6a90b8d158_o-1030x1030.jpg\",\"datePublished\":\"2020-11-07T09:30:12+00:00\",\"dateModified\":\"2026-02-01T04:59:49+00:00\",\"description\":\"Sepp ist dein Pilot beim Tandem Paragliding in Zell am See. Erlebe das perfekte Abenteuer \u00fcber Zell am See-Kaprun.\",\"breadcrumb\":{\"@id\":\"https:\\\/\\\/tandem-paragliding-zellamsee.com\\\/piloten-team\\\/#breadcrumb\"},\"inLanguage\":\"it-IT\",\"potentialAction\":[{\"@type\":\"ReadAction\",\"target\":[\"https:\\\/\\\/tandem-paragliding-zellamsee.com\\\/piloten-team\\\/\"]}]},{\"@type\":\"ImageObject\",\"inLanguage\":\"it-IT\",\"@id\":\"https:\\\/\\\/tandem-paragliding-zellamsee.com\\\/piloten-team\\\/#primaryimage\",\"url\":\"https:\\\/\\\/tandem-paragliding-zellamsee.com\\\/wp-content\\\/uploads\\\/2024\\\/06\\\/52207553879_6a90b8d158_o-1030x1030.jpg\",\"contentUrl\":\"https:\\\/\\\/tandem-paragliding-zellamsee.com\\\/wp-content\\\/uploads\\\/2024\\\/06\\\/52207553879_6a90b8d158_o-1030x1030.jpg\"},{\"@type\":\"BreadcrumbList\",\"@id\":\"https:\\\/\\\/tandem-paragliding-zellamsee.com\\\/piloten-team\\\/#breadcrumb\",\"itemListElement\":[{\"@type\":\"ListItem\",\"position\":1,\"name\":\"Startseite\",\"item\":\"https:\\\/\\\/tandem-paragliding-zellamsee.com\\\/\"},{\"@type\":\"ListItem\",\"position\":2,\"name\":\"Team\"}]},{\"@type\":\"WebSite\",\"@id\":\"https:\\\/\\\/tandem-paragliding-zellamsee.com\\\/#website\",\"url\":\"https:\\\/\\\/tandem-paragliding-zellamsee.com\\\/\",\"name\":\"Tandem Paragliding Zell am See\",\"description\":\"Tandemflug in Zell am See mit Falken Air\",\"publisher\":{\"@id\":\"https:\\\/\\\/tandem-paragliding-zellamsee.com\\\/#organization\"},\"potentialAction\":[{\"@type\":\"SearchAction\",\"target\":{\"@type\":\"EntryPoint\",\"urlTemplate\":\"https:\\\/\\\/tandem-paragliding-zellamsee.com\\\/?s={search_term_string}\"},\"query-input\":{\"@type\":\"PropertyValueSpecification\",\"valueRequired\":true,\"valueName\":\"search_term_string\"}}],\"inLanguage\":\"it-IT\"},{\"@type\":\"Organization\",\"@id\":\"https:\\\/\\\/tandem-paragliding-zellamsee.com\\\/#organization\",\"name\":\"Tandem Paragliding Zell am See\",\"url\":\"https:\\\/\\\/tandem-paragliding-zellamsee.com\\\/\",\"logo\":{\"@type\":\"ImageObject\",\"inLanguage\":\"it-IT\",\"@id\":\"https:\\\/\\\/tandem-paragliding-zellamsee.com\\\/#\\\/schema\\\/logo\\\/image\\\/\",\"url\":\"https:\\\/\\\/tandem-paragliding-zellamsee.com\\\/wp-content\\\/uploads\\\/2024\\\/06\\\/schriftzug-falkenair.svg\",\"contentUrl\":\"https:\\\/\\\/tandem-paragliding-zellamsee.com\\\/wp-content\\\/uploads\\\/2024\\\/06\\\/schriftzug-falkenair.svg\",\"width\":585.541,\"height\":91.215,\"caption\":\"Tandem Paragliding Zell am See\"},\"image\":{\"@id\":\"https:\\\/\\\/tandem-paragliding-zellamsee.com\\\/#\\\/schema\\\/logo\\\/image\\\/\"},\"sameAs\":[\"https:\\\/\\\/www.facebook.com\\\/Falkenair\",\"https:\\\/\\\/www.instagram.com\\\/falken_air\\\/\"]}]}<\/script>\n<!-- \/ Yoast SEO plugin. -->","yoast_head_json":{"title":"Tandem Paragliding Zell am See - Sepp ist dein Pilot","description":"Sepp ist dein Pilot beim Tandem Paragliding in Zell am See. Erlebe das perfekte Abenteuer \u00fcber Zell am See-Kaprun.","robots":{"index":"index","follow":"follow","max-snippet":"max-snippet:-1","max-image-preview":"max-image-preview:large","max-video-preview":"max-video-preview:-1"},"canonical":"https:\/\/tandem-paragliding-zellamsee.com\/it\/piloti-e-squadra\/","og_locale":"it_IT","og_type":"article","og_title":"Tandem Paragliding Zell am See - Sepp ist dein Pilot","og_description":"Sepp ist dein Pilot beim Tandem Paragliding in Zell am See. Erlebe das perfekte Abenteuer \u00fcber Zell am See-Kaprun.","og_url":"https:\/\/tandem-paragliding-zellamsee.com\/it\/piloti-e-squadra\/","og_site_name":"Tandem Paragliding Zell am See","article_publisher":"https:\/\/www.facebook.com\/Falkenair","article_modified_time":"2026-02-01T04:59:49+00:00","og_image":[{"width":1030,"height":1030,"url":"https:\/\/tandem-paragliding-zellamsee.com\/wp-content\/uploads\/2024\/06\/52207553879_6a90b8d158_o-1030x1030.jpg","type":"image\/jpeg"}],"twitter_card":"summary_large_image","twitter_misc":{"Tempo di lettura stimato":"20 minuti"},"schema":{"@context":"https:\/\/schema.org","@graph":[{"@type":"WebPage","@id":"https:\/\/tandem-paragliding-zellamsee.com\/piloten-team\/","url":"https:\/\/tandem-paragliding-zellamsee.com\/piloten-team\/","name":"Tandem Paragliding Zell am See - Sepp ist dein Pilot","isPartOf":{"@id":"https:\/\/tandem-paragliding-zellamsee.com\/#website"},"primaryImageOfPage":{"@id":"https:\/\/tandem-paragliding-zellamsee.com\/piloten-team\/#primaryimage"},"image":{"@id":"https:\/\/tandem-paragliding-zellamsee.com\/piloten-team\/#primaryimage"},"thumbnailUrl":"https:\/\/tandem-paragliding-zellamsee.com\/wp-content\/uploads\/2024\/06\/52207553879_6a90b8d158_o-1030x1030.jpg","datePublished":"2020-11-07T09:30:12+00:00","dateModified":"2026-02-01T04:59:49+00:00","description":"Sepp ist dein Pilot beim Tandem Paragliding in Zell am See. Erlebe das perfekte Abenteuer \u00fcber Zell am See-Kaprun.","breadcrumb":{"@id":"https:\/\/tandem-paragliding-zellamsee.com\/piloten-team\/#breadcrumb"},"inLanguage":"it-IT","potentialAction":[{"@type":"ReadAction","target":["https:\/\/tandem-paragliding-zellamsee.com\/piloten-team\/"]}]},{"@type":"ImageObject","inLanguage":"it-IT","@id":"https:\/\/tandem-paragliding-zellamsee.com\/piloten-team\/#primaryimage","url":"https:\/\/tandem-paragliding-zellamsee.com\/wp-content\/uploads\/2024\/06\/52207553879_6a90b8d158_o-1030x1030.jpg","contentUrl":"https:\/\/tandem-paragliding-zellamsee.com\/wp-content\/uploads\/2024\/06\/52207553879_6a90b8d158_o-1030x1030.jpg"},{"@type":"BreadcrumbList","@id":"https:\/\/tandem-paragliding-zellamsee.com\/piloten-team\/#breadcrumb","itemListElement":[{"@type":"ListItem","position":1,"name":"Startseite","item":"https:\/\/tandem-paragliding-zellamsee.com\/"},{"@type":"ListItem","position":2,"name":"Team"}]},{"@type":"WebSite","@id":"https:\/\/tandem-paragliding-zellamsee.com\/#website","url":"https:\/\/tandem-paragliding-zellamsee.com\/","name":"Tandem Paragliding Zell am See","description":"Tandemflug in Zell am See mit Falken Air","publisher":{"@id":"https:\/\/tandem-paragliding-zellamsee.com\/#organization"},"potentialAction":[{"@type":"SearchAction","target":{"@type":"EntryPoint","urlTemplate":"https:\/\/tandem-paragliding-zellamsee.com\/?s={search_term_string}"},"query-input":{"@type":"PropertyValueSpecification","valueRequired":true,"valueName":"search_term_string"}}],"inLanguage":"it-IT"},{"@type":"Organization","@id":"https:\/\/tandem-paragliding-zellamsee.com\/#organization","name":"Tandem Paragliding Zell am See","url":"https:\/\/tandem-paragliding-zellamsee.com\/","logo":{"@type":"ImageObject","inLanguage":"it-IT","@id":"https:\/\/tandem-paragliding-zellamsee.com\/#\/schema\/logo\/image\/","url":"https:\/\/tandem-paragliding-zellamsee.com\/wp-content\/uploads\/2024\/06\/schriftzug-falkenair.svg","contentUrl":"https:\/\/tandem-paragliding-zellamsee.com\/wp-content\/uploads\/2024\/06\/schriftzug-falkenair.svg","width":585.541,"height":91.215,"caption":"Tandem Paragliding Zell am See"},"image":{"@id":"https:\/\/tandem-paragliding-zellamsee.com\/#\/schema\/logo\/image\/"},"sameAs":["https:\/\/www.facebook.com\/Falkenair","https:\/\/www.instagram.com\/falken_air\/"]}]}},"_links":{"self":[{"href":"https:\/\/tandem-paragliding-zellamsee.com\/it\/wp-json\/wp\/v2\/pages\/253","targetHints":{"allow":["GET"]}}],"collection":[{"href":"https:\/\/tandem-paragliding-zellamsee.com\/it\/wp-json\/wp\/v2\/pages"}],"about":[{"href":"https:\/\/tandem-paragliding-zellamsee.com\/it\/wp-json\/wp\/v2\/types\/page"}],"author":[{"embeddable":true,"href":"https:\/\/tandem-paragliding-zellamsee.com\/it\/wp-json\/wp\/v2\/users\/1"}],"replies":[{"embeddable":true,"href":"https:\/\/tandem-paragliding-zellamsee.com\/it\/wp-json\/wp\/v2\/comments?post=253"}],"version-history":[{"count":5,"href":"https:\/\/tandem-paragliding-zellamsee.com\/it\/wp-json\/wp\/v2\/pages\/253\/revisions"}],"predecessor-version":[{"id":17627,"href":"https:\/\/tandem-paragliding-zellamsee.com\/it\/wp-json\/wp\/v2\/pages\/253\/revisions\/17627"}],"wp:attachment":[{"href":"https:\/\/tandem-paragliding-zellamsee.com\/it\/wp-json\/wp\/v2\/media?parent=253"}],"curies":[{"name":"wp","href":"https:\/\/api.w.org\/{rel}","templated":true}]}}