{"id":1733,"date":"2021-03-17T13:28:47","date_gmt":"2021-03-17T12:28:47","guid":{"rendered":"https:\/\/tandem-paragliding-zellamsee.com\/?p=1733"},"modified":"2024-08-08T16:57:33","modified_gmt":"2024-08-08T14:57:33","slug":"serbatoi-di-kaprun-in-parapendio","status":"publish","type":"page","link":"https:\/\/tandem-paragliding-zellamsee.com\/it\/serbatoi-di-kaprun-in-parapendio\/","title":{"rendered":"Parapendio Serbatoi di Kaprun"},"content":{"rendered":"<div data-elementor-type=\"wp-page\" data-elementor-id=\"1733\" class=\"elementor elementor-1733\" data-elementor-post-type=\"page\">\n\t\t\t\t<div class=\"elementor-element elementor-element-26b4003 e-con-full e-flex e-con e-parent\" data-id=\"26b4003\" data-element_type=\"container\" data-settings=\"{&quot;background_background&quot;:&quot;classic&quot;,&quot;jet_parallax_layout_list&quot;:[]}\">\n\t\t\t\t<div class=\"elementor-element elementor-element-a67c300 elementor-align-left elementor-widget elementor-widget-breadcrumbs\" data-id=\"a67c300\" data-element_type=\"widget\" data-widget_type=\"breadcrumbs.default\">\n\t\t\t\t\t<p id=\"breadcrumbs\"><span><span><a href=\"https:\/\/tandem-paragliding-zellamsee.com\/it\/\">Pagina iniziale<\/a><\/span><\/span><\/p>\t\t\t\t<\/div>\n\t\t\t\t<\/div>\n\t\t<div class=\"elementor-element elementor-element-b0d4201 e-flex e-con-boxed e-con e-parent\" data-id=\"b0d4201\" data-element_type=\"container\" data-settings=\"{&quot;jet_parallax_layout_list&quot;:[]}\">\n\t\t\t\t\t<div class=\"e-con-inner\">\n\t\t<div class=\"elementor-element elementor-element-6d6dc76 e-con-full e-flex e-con e-child\" data-id=\"6d6dc76\" data-element_type=\"container\" data-settings=\"{&quot;jet_parallax_layout_list&quot;:[]}\">\n\t\t\t\t<div class=\"elementor-element elementor-element-f3b4125 elementor-widget elementor-widget-heading\" data-id=\"f3b4125\" data-element_type=\"widget\" data-widget_type=\"heading.default\">\n\t\t\t\t\t<div class=\"elementor-heading-title elementor-size-default\">Zell am See-Kaprun<\/div>\t\t\t\t<\/div>\n\t\t\t\t<div class=\"elementor-element elementor-element-b05e485 elementor-widget elementor-widget-heading\" data-id=\"b05e485\" data-element_type=\"widget\" data-widget_type=\"heading.default\">\n\t\t\t\t\t<h1 class=\"elementor-heading-title elementor-size-default\">Parapendio ai bacini artificiali di Kaprun<\/h1>\t\t\t\t<\/div>\n\t\t\t\t<\/div>\n\t\t<div class=\"elementor-element elementor-element-c00a8d0 e-con-full e-flex e-con e-child\" data-id=\"c00a8d0\" data-element_type=\"container\" data-settings=\"{&quot;jet_parallax_layout_list&quot;:[]}\">\n\t\t\t\t<div class=\"elementor-element elementor-element-6636182 elementor-widget elementor-widget-text-editor\" data-id=\"6636182\" data-element_type=\"widget\" data-widget_type=\"text-editor.default\">\n\t\t\t\t\t\t\t\t\t<p>Parapendio in tandem sopra il <a href=\"https:\/\/www.falkenstein.at\/de\/urlaub-in-zell-am-see-kaprun\/sehenswuerdigkeiten-zell-am-see\/kaprun-stausee\/\" target=\"_blank\" rel=\"noopener\">Serbatoi di Kaprun<\/a> nella regione di Zell am See-Kaprun \u00e8 un highlight \u2013 questo \u00e8 certo. I due bacini artificiali chiamati Mooserboden e Wasserfallboden sembrano fiordi. Potresti pensare di essere in Norvegia in questo momento. Sepp, il tuo pilota, ama sorvolare i due bacini perch\u00e9 dall&#039;alto puoi davvero vedere quanto sono impressionanti.<\/p><p><strong>Dallo Schmittenh\u00f6he ai bacini artificiali<\/strong><br \/>Iniziamo sempre da <a href=\"https:\/\/tandem-paragliding-zellamsee.com\/it\/parapendio-sullo-schmittenhoehe\/\">Schmittenh\u00f6he<\/a> a Zell am See. \u00c8 la posizione di partenza ideale per il volo in tandem verso i bacini artificiali di Kaprun. Un prerequisito importante sono ovviamente le termiche il giorno del volo. Abbiamo bisogno di forti correnti ascensionali per il parapendio sui bacini idrici. Non tutti i giorni sono adatti per un volo in termica. Il periodo migliore \u00e8 tra aprile e agosto.<\/p>\t\t\t\t\t\t\t\t<\/div>\n\t\t\t\t<\/div>\n\t\t\t\t\t<\/div>\n\t\t\t\t<\/div>\n\t\t<div class=\"elementor-element elementor-element-c81c604 image-text e-flex e-con-boxed e-con e-parent\" data-id=\"c81c604\" data-element_type=\"container\" data-settings=\"{&quot;background_background&quot;:&quot;classic&quot;,&quot;jet_parallax_layout_list&quot;:[]}\">\n\t\t\t\t\t<div class=\"e-con-inner\">\n\t\t<div class=\"elementor-element elementor-element-f1c326e e-con-full e-flex e-con e-child\" data-id=\"f1c326e\" data-element_type=\"container\" data-settings=\"{&quot;jet_parallax_layout_list&quot;:[]}\">\n\t\t\t\t<div class=\"elementor-element elementor-element-6af7610 elementor-widget elementor-widget-heading\" data-id=\"6af7610\" data-element_type=\"widget\" data-widget_type=\"heading.default\">\n\t\t\t\t\t<div class=\"elementor-heading-title elementor-size-default\">Zell am See-Kaprun<\/div>\t\t\t\t<\/div>\n\t\t\t\t<div class=\"elementor-element elementor-element-742cf9d elementor-widget elementor-widget-heading\" data-id=\"742cf9d\" data-element_type=\"widget\" data-widget_type=\"heading.default\">\n\t\t\t\t\t<h2 class=\"elementor-heading-title elementor-size-default\">L&#039;imponente muro della diga dall&#039;alto<\/h2>\t\t\t\t<\/div>\n\t\t\t\t<div class=\"elementor-element elementor-element-49b2bca elementor-widget elementor-widget-text-editor\" data-id=\"49b2bca\" data-element_type=\"widget\" data-widget_type=\"text-editor.default\">\n\t\t\t\t\t\t\t\t\t<p>Guardi la diga da una prospettiva a volo d&#039;uccello! Solo pochi avventurieri riescono a vedere questo spettacolo. La maggior parte dei vacanzieri fa un&#039;escursione ai bacini artificiali, ma tu puoi volare con noi direttamente sopra l&#039;attrazione. La diga \u00e8 alta 107 metri e lunga 500 metri. Puoi anche arrampicarti sul muro della diga.<\/p>\n<p><strong>Scopri il mondo dell&#039;elettricit\u00e0 e del ghiaccio<\/strong><br \/>La diga pu\u00f2 essere vista anche dall&#039;interno. Se dopo il parapendio avete ancora voglia, vi consigliamo di visitare l&#039;Electricity &amp; Ice Adventure World. Si trova a Mooserboden e fornisce informazioni sulle funzioni della centrale idroelettrica.<\/p>\n<p><strong>Con l&#039;autobus e l&#039;ascensore inclinato fino ai bacini idrici<\/strong><br \/>Se desiderate visitare i bacini artificiali, potete parcheggiare gratuitamente nel parcheggio Kesselfall a Kaprun. L\u00ec \u00e8 possibile acquistare i biglietti per la salita. Quindi prendi un autobus e l&#039;ascensore inclinato. C&#039;\u00e8 anche l&#039;opportunit\u00e0 di vedere l&#039;attrazione dall&#039;alto su un volo a motore. Nel video vi mostriamo la splendida vista.<\/p>\t\t\t\t\t\t\t\t<\/div>\n\t\t\t\t<\/div>\n\t\t<div class=\"elementor-element elementor-element-9c5f931 e-con-full e-flex e-con e-child\" data-id=\"9c5f931\" data-element_type=\"container\" data-settings=\"{&quot;motion_fx_motion_fx_scrolling&quot;:&quot;yes&quot;,&quot;jet_parallax_layout_list&quot;:[],&quot;motion_fx_translateY_effect&quot;:&quot;yes&quot;,&quot;motion_fx_translateY_direction&quot;:&quot;negative&quot;,&quot;motion_fx_translateY_speed&quot;:{&quot;unit&quot;:&quot;px&quot;,&quot;size&quot;:4,&quot;sizes&quot;:[]},&quot;motion_fx_translateY_affectedRange&quot;:{&quot;unit&quot;:&quot;%&quot;,&quot;size&quot;:&quot;&quot;,&quot;sizes&quot;:{&quot;start&quot;:0,&quot;end&quot;:100}},&quot;motion_fx_devices&quot;:[&quot;desktop&quot;,&quot;tablet&quot;,&quot;mobile&quot;]}\">\n\t\t\t\t<div class=\"elementor-element elementor-element-1a635e9 elementor-widget elementor-widget-image\" data-id=\"1a635e9\" data-element_type=\"widget\" data-widget_type=\"image.default\">\n\t\t\t\t\t\t\t\t\t\t\t\t\t\t\t<img fetchpriority=\"high\" decoding=\"async\" width=\"800\" height=\"600\" src=\"https:\/\/tandem-paragliding-zellamsee.com\/wp-content\/uploads\/2022\/08\/stauseen-kaprun-winter-kitzsteinhorn-paragliding-zellamsee-falkenair-1-1030x773.webp\" class=\"attachment-large size-large wp-image-12342\" alt=\"Vista invernale sul Kitzsteinhorn\" srcset=\"https:\/\/tandem-paragliding-zellamsee.com\/wp-content\/uploads\/2022\/08\/stauseen-kaprun-winter-kitzsteinhorn-paragliding-zellamsee-falkenair-1-1030x773.webp 1030w, https:\/\/tandem-paragliding-zellamsee.com\/wp-content\/uploads\/2022\/08\/stauseen-kaprun-winter-kitzsteinhorn-paragliding-zellamsee-falkenair-1-300x225.webp 300w, https:\/\/tandem-paragliding-zellamsee.com\/wp-content\/uploads\/2022\/08\/stauseen-kaprun-winter-kitzsteinhorn-paragliding-zellamsee-falkenair-1-768x576.webp 768w, https:\/\/tandem-paragliding-zellamsee.com\/wp-content\/uploads\/2022\/08\/stauseen-kaprun-winter-kitzsteinhorn-paragliding-zellamsee-falkenair-1-1536x1152.webp 1536w, https:\/\/tandem-paragliding-zellamsee.com\/wp-content\/uploads\/2022\/08\/stauseen-kaprun-winter-kitzsteinhorn-paragliding-zellamsee-falkenair-1-1500x1125.webp 1500w, https:\/\/tandem-paragliding-zellamsee.com\/wp-content\/uploads\/2022\/08\/stauseen-kaprun-winter-kitzsteinhorn-paragliding-zellamsee-falkenair-1-705x529.webp 705w, https:\/\/tandem-paragliding-zellamsee.com\/wp-content\/uploads\/2022\/08\/stauseen-kaprun-winter-kitzsteinhorn-paragliding-zellamsee-falkenair-1.webp 2048w\" sizes=\"(max-width: 800px) 100vw, 800px\" \/>\t\t\t\t\t\t\t\t\t\t\t\t\t\t\t<\/div>\n\t\t\t\t<\/div>\n\t\t\t\t\t<\/div>\n\t\t\t\t<\/div>\n\t\t<div class=\"elementor-element elementor-element-467412f e-con-full e-flex e-con e-parent\" data-id=\"467412f\" data-element_type=\"container\" data-settings=\"{&quot;background_background&quot;:&quot;classic&quot;,&quot;jet_parallax_layout_list&quot;:[]}\">\n\t\t<div class=\"elementor-element elementor-element-c9c7342 e-con-full e-flex e-con e-child\" data-id=\"c9c7342\" data-element_type=\"container\" data-settings=\"{&quot;jet_parallax_layout_list&quot;:[],&quot;background_background&quot;:&quot;classic&quot;}\">\n\t\t\t\t<div class=\"elementor-element elementor-element-8ae51e4 elementor-widget elementor-widget-heading\" data-id=\"8ae51e4\" data-element_type=\"widget\" data-widget_type=\"heading.default\">\n\t\t\t\t\t<h2 class=\"elementor-heading-title elementor-size-default\">Video del volo a motore<\/h2>\t\t\t\t<\/div>\n\t\t\t\t<\/div>\n\t\t<div class=\"elementor-element elementor-element-eb8bd10 e-con-full e-flex e-con e-child\" data-id=\"eb8bd10\" data-element_type=\"container\" data-settings=\"{&quot;jet_parallax_layout_list&quot;:[]}\">\n\t\t\t\t<div class=\"elementor-element elementor-element-65a4676 elementor-widget elementor-widget-video\" data-id=\"65a4676\" data-element_type=\"widget\" data-widget_type=\"video.default\">\n\t\t\t\t\t\t\t<div class=\"elementor-wrapper elementor-open-inline\">\n\t\t\t<div class=\"elementor-video\"><div class=\"BorlabsCookie _brlbs-cb-youtube\"><div class=\"_brlbs-content-blocker\"> <div class=\"_brlbs-embed _brlbs-video-youtube\"> <img decoding=\"async\" class=\"_brlbs-thumbnail\" src=\"https:\/\/tandem-paragliding-zellamsee.com\/wp-content\/plugins\/borlabs-cookie\/assets\/images\/cb-no-thumbnail.png\" alt=\"Youtube\"> <div class=\"_brlbs-caption\"> <p>Caricando il video accetti la privacy policy di YouTube.<br><a href=\"https:\/\/policies.google.com\/privacy\" target=\"_blank\" rel=\"nofollow noopener noreferrer\">Saperne di pi\u00f9<\/a><\/p> <p><a class=\"_brlbs-btn _brlbs-icon-play-white\" href=\"#\" data-borlabs-cookie-unblock role=\"button\">Carica video<\/a><\/p> <p><label><input type=\"checkbox\" name=\"unblockAll\" value=\"1\" checked> <small>Sblocca sempre YouTube<\/small><\/label><\/p> <\/div> <\/div> <\/div><div class=\"borlabs-hide\" data-borlabs-cookie-type=\"content-blocker\" data-borlabs-cookie-id=\"youtube\"><script type=\"text\/template\"><\/script><\/div><\/div><\/div>\t\t<\/div>\n\t\t\t\t\t\t<\/div>\n\t\t\t\t<\/div>\n\t\t\t\t<\/div>\n\t\t<div class=\"elementor-element elementor-element-8c0f3c4 image-text e-flex e-con-boxed e-con e-parent\" data-id=\"8c0f3c4\" data-element_type=\"container\" data-settings=\"{&quot;background_background&quot;:&quot;classic&quot;,&quot;jet_parallax_layout_list&quot;:[]}\">\n\t\t\t\t\t<div class=\"e-con-inner\">\n\t\t<div class=\"elementor-element elementor-element-e41f812 e-con-full e-flex e-con e-child\" data-id=\"e41f812\" data-element_type=\"container\" data-settings=\"{&quot;jet_parallax_layout_list&quot;:[]}\">\n\t\t\t\t<div class=\"elementor-element elementor-element-1f324c4 elementor-widget elementor-widget-heading\" data-id=\"1f324c4\" data-element_type=\"widget\" data-widget_type=\"heading.default\">\n\t\t\t\t\t<h2 class=\"elementor-heading-title elementor-size-default\">Tempo atmosferico<\/h2>\t\t\t\t<\/div>\n\t\t\t\t<\/div>\n\t\t<div class=\"elementor-element elementor-element-0a462f8 e-con-full e-flex e-con e-child\" data-id=\"0a462f8\" data-element_type=\"container\" data-settings=\"{&quot;motion_fx_motion_fx_scrolling&quot;:&quot;yes&quot;,&quot;motion_fx_translateX_effect&quot;:&quot;yes&quot;,&quot;motion_fx_translateX_speed&quot;:{&quot;unit&quot;:&quot;px&quot;,&quot;size&quot;:1.1,&quot;sizes&quot;:[]},&quot;motion_fx_translateX_affectedRange&quot;:{&quot;unit&quot;:&quot;%&quot;,&quot;size&quot;:&quot;&quot;,&quot;sizes&quot;:{&quot;start&quot;:0,&quot;end&quot;:50}},&quot;motion_fx_translateX_direction&quot;:&quot;negative&quot;,&quot;jet_parallax_layout_list&quot;:[],&quot;motion_fx_devices&quot;:[&quot;desktop&quot;,&quot;tablet&quot;,&quot;mobile&quot;]}\">\n\t\t\t\t<div class=\"elementor-element elementor-element-e7f5bbe elementor-widget elementor-widget-shortcode\" data-id=\"e7f5bbe\" data-element_type=\"widget\" data-widget_type=\"shortcode.default\">\n\t\t\t\t\t\t\t<div class=\"elementor-shortcode\"><iframe src=\"https:\/\/www.meteoblue.com\/de\/wetter\/widget\/daily\/staudamm-moserboden_%c3%96sterreich_7282630?geoloc=fixed&days=7&tempunit=CELSIUS&windunit=KILOMETER_PER_HOUR&precipunit=MILLIMETER&coloured=coloured&pictoicon=0&pictoicon=1&maxtemperature=0&maxtemperature=1&mintemperature=0&mintemperature=1&windspeed=0&windspeed=1&windgust=0&winddirection=0&winddirection=1&uv=0&humidity=0&precipitation=0&precipitation=1&precipitationprobability=0&precipitationprobability=1&spot=0&spot=1&pressure=0&layout=light\"  frameborder=\"0\" scrolling=\"NO\" allowtransparency=\"true\" sandbox=\"allow-same-origin allow-scripts allow-popups allow-popups-to-escape-sandbox\" style=\"width: 478px; height: 520px\"><\/iframe><div><!-- DO NOT REMOVE THIS LINK --><a href=\"https:\/\/www.meteoblue.com\/de\/wetter\/woche\/staudamm-moserboden_%c3%96sterreich_7282630?utm_source=weather_widget&utm_medium=linkus&utm_content=daily&utm_campaign=Weather%2BWidget\" target=\"_blank\">meteoblue<\/a><\/div><\/div>\n\t\t\t\t\t\t<\/div>\n\t\t\t\t<\/div>\n\t\t\t\t\t<\/div>\n\t\t\t\t<\/div>\n\t\t<div class=\"elementor-element elementor-element-8b044a7 e-flex e-con-boxed e-con e-parent\" data-id=\"8b044a7\" data-element_type=\"container\" data-settings=\"{&quot;background_background&quot;:&quot;classic&quot;,&quot;jet_parallax_layout_list&quot;:[]}\">\n\t\t\t\t\t<div class=\"e-con-inner\">\n\t\t\t\t<div class=\"elementor-element elementor-element-09f2c8a elementor-widget elementor-widget-heading\" data-id=\"09f2c8a\" data-element_type=\"widget\" data-widget_type=\"heading.default\">\n\t\t\t\t\t<h2 class=\"elementor-heading-title elementor-size-default\">Punti salienti del bacino idrico di Kaprun<\/h2>\t\t\t\t<\/div>\n\t\t\t\t\t<\/div>\n\t\t\t\t<\/div>\n\t\t<div class=\"elementor-element elementor-element-76ee97a e-flex e-con-boxed e-con e-parent\" data-id=\"76ee97a\" data-element_type=\"container\" data-settings=\"{&quot;background_background&quot;:&quot;classic&quot;,&quot;jet_parallax_layout_list&quot;:[]}\">\n\t\t\t\t\t<div class=\"e-con-inner\">\n\t\t\t\t<div class=\"elementor-element elementor-element-f117a39 elementor-widget elementor-widget-text-editor\" data-id=\"f117a39\" data-element_type=\"widget\" data-widget_type=\"text-editor.default\">\n\t\t\t\t\t\t\t\t\t<ul><li>Volo termico verso il bacino idrico di Kaprun<\/li><li>Parapendio dove gli altri camminano\u00a0<\/li><li>Visione perfetta dei due serbatoi<\/li><li>Muro della diga lungo 500 m dall&#039;alto<\/li><li>Dopo il parapendio nel mondo dell&#039;avventura<\/li><\/ul>\t\t\t\t\t\t\t\t<\/div>\n\t\t\t\t\t<\/div>\n\t\t\t\t<\/div>\n\t\t\t\t<\/div>","protected":false},"excerpt":{"rendered":"<p>Zell am See-Kaprun Parapendio sul bacino idrico di Kaprun Il parapendio tandem sopra il bacino idrico di Kaprun nella regione di Zell am See-Kaprun \u00e8 un highlight - questo \u00e8 certo. I due bacini artificiali chiamati Mooserboden e Wasserfallboden sembrano fiordi. Potresti pensare di essere in Norvegia in questo momento. Sepp, il tuo pilota, ama volare [\u2026]<\/p>","protected":false},"author":1,"featured_media":0,"parent":0,"menu_order":16,"comment_status":"closed","ping_status":"open","template":"","meta":{"_acf_changed":false,"footnotes":""},"class_list":["post-1733","page","type-page","status-publish","hentry"],"acf":[],"yoast_head":"<!-- This site is optimized with the Yoast SEO plugin v27.5 - https:\/\/yoast.com\/product\/yoast-seo-wordpress\/ -->\n<title>Paragleiten \u00fcber die Stauseen Kaprun \u26f0\ufe0f Zell am See-Kaprun<\/title>\n<meta name=\"description\" content=\"Ein beeindruckender Tandemflug f\u00fchrt \u00fcber die Stauseen in Kaprun. Die siehst die imposanten Stauseen Mooserboden und Wasserfallboden. Mehr:\" \/>\n<meta name=\"robots\" content=\"index, follow, max-snippet:-1, max-image-preview:large, max-video-preview:-1\" \/>\n<link rel=\"canonical\" href=\"https:\/\/tandem-paragliding-zellamsee.com\/it\/serbatoi-di-kaprun-in-parapendio\/\" \/>\n<meta property=\"og:locale\" content=\"it_IT\" \/>\n<meta property=\"og:type\" content=\"article\" \/>\n<meta property=\"og:title\" content=\"Paragleiten \u00fcber die Stauseen Kaprun \u26f0\ufe0f Zell am See-Kaprun\" \/>\n<meta property=\"og:description\" content=\"Ein beeindruckender Tandemflug f\u00fchrt \u00fcber die Stauseen in Kaprun. Die siehst die imposanten Stauseen Mooserboden und Wasserfallboden. Mehr:\" \/>\n<meta property=\"og:url\" content=\"https:\/\/tandem-paragliding-zellamsee.com\/it\/serbatoi-di-kaprun-in-parapendio\/\" \/>\n<meta property=\"og:site_name\" content=\"Tandem Paragliding Zell am See\" \/>\n<meta property=\"article:publisher\" content=\"https:\/\/www.facebook.com\/Falkenair\" \/>\n<meta property=\"article:modified_time\" content=\"2024-08-08T14:57:33+00:00\" \/>\n<meta property=\"og:image\" content=\"https:\/\/tandem-paragliding-zellamsee.com\/wp-content\/uploads\/2022\/08\/stauseen-kaprun-winter-kitzsteinhorn-paragliding-zellamsee-falkenair-1-1030x773.webp\" \/>\n<meta name=\"twitter:card\" content=\"summary_large_image\" \/>\n<meta name=\"twitter:label1\" content=\"Tempo di lettura stimato\" \/>\n\t<meta name=\"twitter:data1\" content=\"3 minuti\" \/>\n<script type=\"application\/ld+json\" class=\"yoast-schema-graph\">{\"@context\":\"https:\\\/\\\/schema.org\",\"@graph\":[{\"@type\":\"WebPage\",\"@id\":\"https:\\\/\\\/tandem-paragliding-zellamsee.com\\\/paragleiten-kaprun-stauseen\\\/\",\"url\":\"https:\\\/\\\/tandem-paragliding-zellamsee.com\\\/paragleiten-kaprun-stauseen\\\/\",\"name\":\"Paragleiten \u00fcber die Stauseen Kaprun \u26f0\ufe0f Zell am See-Kaprun\",\"isPartOf\":{\"@id\":\"https:\\\/\\\/tandem-paragliding-zellamsee.com\\\/#website\"},\"primaryImageOfPage\":{\"@id\":\"https:\\\/\\\/tandem-paragliding-zellamsee.com\\\/paragleiten-kaprun-stauseen\\\/#primaryimage\"},\"image\":{\"@id\":\"https:\\\/\\\/tandem-paragliding-zellamsee.com\\\/paragleiten-kaprun-stauseen\\\/#primaryimage\"},\"thumbnailUrl\":\"https:\\\/\\\/tandem-paragliding-zellamsee.com\\\/wp-content\\\/uploads\\\/2022\\\/08\\\/stauseen-kaprun-winter-kitzsteinhorn-paragliding-zellamsee-falkenair-1-1030x773.webp\",\"datePublished\":\"2021-03-17T12:28:47+00:00\",\"dateModified\":\"2024-08-08T14:57:33+00:00\",\"description\":\"Ein beeindruckender Tandemflug f\u00fchrt \u00fcber die Stauseen in Kaprun. Die siehst die imposanten Stauseen Mooserboden und Wasserfallboden. Mehr:\",\"breadcrumb\":{\"@id\":\"https:\\\/\\\/tandem-paragliding-zellamsee.com\\\/paragleiten-kaprun-stauseen\\\/#breadcrumb\"},\"inLanguage\":\"it-IT\",\"potentialAction\":[{\"@type\":\"ReadAction\",\"target\":[\"https:\\\/\\\/tandem-paragliding-zellamsee.com\\\/paragleiten-kaprun-stauseen\\\/\"]}]},{\"@type\":\"ImageObject\",\"inLanguage\":\"it-IT\",\"@id\":\"https:\\\/\\\/tandem-paragliding-zellamsee.com\\\/paragleiten-kaprun-stauseen\\\/#primaryimage\",\"url\":\"https:\\\/\\\/tandem-paragliding-zellamsee.com\\\/wp-content\\\/uploads\\\/2022\\\/08\\\/stauseen-kaprun-winter-kitzsteinhorn-paragliding-zellamsee-falkenair-1-1030x773.webp\",\"contentUrl\":\"https:\\\/\\\/tandem-paragliding-zellamsee.com\\\/wp-content\\\/uploads\\\/2022\\\/08\\\/stauseen-kaprun-winter-kitzsteinhorn-paragliding-zellamsee-falkenair-1-1030x773.webp\"},{\"@type\":\"BreadcrumbList\",\"@id\":\"https:\\\/\\\/tandem-paragliding-zellamsee.com\\\/paragleiten-kaprun-stauseen\\\/#breadcrumb\",\"itemListElement\":[{\"@type\":\"ListItem\",\"position\":1,\"name\":\"Startseite\",\"item\":\"https:\\\/\\\/tandem-paragliding-zellamsee.com\\\/\"},{\"@type\":\"ListItem\",\"position\":2,\"name\":\"Paragleiten Kaprun Stauseen\"}]},{\"@type\":\"WebSite\",\"@id\":\"https:\\\/\\\/tandem-paragliding-zellamsee.com\\\/#website\",\"url\":\"https:\\\/\\\/tandem-paragliding-zellamsee.com\\\/\",\"name\":\"Tandem Paragliding Zell am See\",\"description\":\"Tandemflug in Zell am See mit Falken Air\",\"publisher\":{\"@id\":\"https:\\\/\\\/tandem-paragliding-zellamsee.com\\\/#organization\"},\"potentialAction\":[{\"@type\":\"SearchAction\",\"target\":{\"@type\":\"EntryPoint\",\"urlTemplate\":\"https:\\\/\\\/tandem-paragliding-zellamsee.com\\\/?s={search_term_string}\"},\"query-input\":{\"@type\":\"PropertyValueSpecification\",\"valueRequired\":true,\"valueName\":\"search_term_string\"}}],\"inLanguage\":\"it-IT\"},{\"@type\":\"Organization\",\"@id\":\"https:\\\/\\\/tandem-paragliding-zellamsee.com\\\/#organization\",\"name\":\"Tandem Paragliding Zell am See\",\"url\":\"https:\\\/\\\/tandem-paragliding-zellamsee.com\\\/\",\"logo\":{\"@type\":\"ImageObject\",\"inLanguage\":\"it-IT\",\"@id\":\"https:\\\/\\\/tandem-paragliding-zellamsee.com\\\/#\\\/schema\\\/logo\\\/image\\\/\",\"url\":\"https:\\\/\\\/tandem-paragliding-zellamsee.com\\\/wp-content\\\/uploads\\\/2024\\\/06\\\/schriftzug-falkenair.svg\",\"contentUrl\":\"https:\\\/\\\/tandem-paragliding-zellamsee.com\\\/wp-content\\\/uploads\\\/2024\\\/06\\\/schriftzug-falkenair.svg\",\"width\":585.541,\"height\":91.215,\"caption\":\"Tandem Paragliding Zell am See\"},\"image\":{\"@id\":\"https:\\\/\\\/tandem-paragliding-zellamsee.com\\\/#\\\/schema\\\/logo\\\/image\\\/\"},\"sameAs\":[\"https:\\\/\\\/www.facebook.com\\\/Falkenair\",\"https:\\\/\\\/www.instagram.com\\\/falken_air\\\/\"]}]}<\/script>\n<!-- \/ Yoast SEO plugin. -->","yoast_head_json":{"title":"Paragleiten \u00fcber die Stauseen Kaprun \u26f0\ufe0f Zell am See-Kaprun","description":"Ein beeindruckender Tandemflug f\u00fchrt \u00fcber die Stauseen in Kaprun. Die siehst die imposanten Stauseen Mooserboden und Wasserfallboden. Mehr:","robots":{"index":"index","follow":"follow","max-snippet":"max-snippet:-1","max-image-preview":"max-image-preview:large","max-video-preview":"max-video-preview:-1"},"canonical":"https:\/\/tandem-paragliding-zellamsee.com\/it\/serbatoi-di-kaprun-in-parapendio\/","og_locale":"it_IT","og_type":"article","og_title":"Paragleiten \u00fcber die Stauseen Kaprun \u26f0\ufe0f Zell am See-Kaprun","og_description":"Ein beeindruckender Tandemflug f\u00fchrt \u00fcber die Stauseen in Kaprun. Die siehst die imposanten Stauseen Mooserboden und Wasserfallboden. Mehr:","og_url":"https:\/\/tandem-paragliding-zellamsee.com\/it\/serbatoi-di-kaprun-in-parapendio\/","og_site_name":"Tandem Paragliding Zell am See","article_publisher":"https:\/\/www.facebook.com\/Falkenair","article_modified_time":"2024-08-08T14:57:33+00:00","og_image":[{"url":"https:\/\/tandem-paragliding-zellamsee.com\/wp-content\/uploads\/2022\/08\/stauseen-kaprun-winter-kitzsteinhorn-paragliding-zellamsee-falkenair-1-1030x773.webp","type":"","width":"","height":""}],"twitter_card":"summary_large_image","twitter_misc":{"Tempo di lettura stimato":"3 minuti"},"schema":{"@context":"https:\/\/schema.org","@graph":[{"@type":"WebPage","@id":"https:\/\/tandem-paragliding-zellamsee.com\/paragleiten-kaprun-stauseen\/","url":"https:\/\/tandem-paragliding-zellamsee.com\/paragleiten-kaprun-stauseen\/","name":"Paragleiten \u00fcber die Stauseen Kaprun \u26f0\ufe0f Zell am See-Kaprun","isPartOf":{"@id":"https:\/\/tandem-paragliding-zellamsee.com\/#website"},"primaryImageOfPage":{"@id":"https:\/\/tandem-paragliding-zellamsee.com\/paragleiten-kaprun-stauseen\/#primaryimage"},"image":{"@id":"https:\/\/tandem-paragliding-zellamsee.com\/paragleiten-kaprun-stauseen\/#primaryimage"},"thumbnailUrl":"https:\/\/tandem-paragliding-zellamsee.com\/wp-content\/uploads\/2022\/08\/stauseen-kaprun-winter-kitzsteinhorn-paragliding-zellamsee-falkenair-1-1030x773.webp","datePublished":"2021-03-17T12:28:47+00:00","dateModified":"2024-08-08T14:57:33+00:00","description":"Ein beeindruckender Tandemflug f\u00fchrt \u00fcber die Stauseen in Kaprun. Die siehst die imposanten Stauseen Mooserboden und Wasserfallboden. Mehr:","breadcrumb":{"@id":"https:\/\/tandem-paragliding-zellamsee.com\/paragleiten-kaprun-stauseen\/#breadcrumb"},"inLanguage":"it-IT","potentialAction":[{"@type":"ReadAction","target":["https:\/\/tandem-paragliding-zellamsee.com\/paragleiten-kaprun-stauseen\/"]}]},{"@type":"ImageObject","inLanguage":"it-IT","@id":"https:\/\/tandem-paragliding-zellamsee.com\/paragleiten-kaprun-stauseen\/#primaryimage","url":"https:\/\/tandem-paragliding-zellamsee.com\/wp-content\/uploads\/2022\/08\/stauseen-kaprun-winter-kitzsteinhorn-paragliding-zellamsee-falkenair-1-1030x773.webp","contentUrl":"https:\/\/tandem-paragliding-zellamsee.com\/wp-content\/uploads\/2022\/08\/stauseen-kaprun-winter-kitzsteinhorn-paragliding-zellamsee-falkenair-1-1030x773.webp"},{"@type":"BreadcrumbList","@id":"https:\/\/tandem-paragliding-zellamsee.com\/paragleiten-kaprun-stauseen\/#breadcrumb","itemListElement":[{"@type":"ListItem","position":1,"name":"Startseite","item":"https:\/\/tandem-paragliding-zellamsee.com\/"},{"@type":"ListItem","position":2,"name":"Paragleiten Kaprun Stauseen"}]},{"@type":"WebSite","@id":"https:\/\/tandem-paragliding-zellamsee.com\/#website","url":"https:\/\/tandem-paragliding-zellamsee.com\/","name":"Tandem Paragliding Zell am See","description":"Tandemflug in Zell am See mit Falken Air","publisher":{"@id":"https:\/\/tandem-paragliding-zellamsee.com\/#organization"},"potentialAction":[{"@type":"SearchAction","target":{"@type":"EntryPoint","urlTemplate":"https:\/\/tandem-paragliding-zellamsee.com\/?s={search_term_string}"},"query-input":{"@type":"PropertyValueSpecification","valueRequired":true,"valueName":"search_term_string"}}],"inLanguage":"it-IT"},{"@type":"Organization","@id":"https:\/\/tandem-paragliding-zellamsee.com\/#organization","name":"Tandem Paragliding Zell am See","url":"https:\/\/tandem-paragliding-zellamsee.com\/","logo":{"@type":"ImageObject","inLanguage":"it-IT","@id":"https:\/\/tandem-paragliding-zellamsee.com\/#\/schema\/logo\/image\/","url":"https:\/\/tandem-paragliding-zellamsee.com\/wp-content\/uploads\/2024\/06\/schriftzug-falkenair.svg","contentUrl":"https:\/\/tandem-paragliding-zellamsee.com\/wp-content\/uploads\/2024\/06\/schriftzug-falkenair.svg","width":585.541,"height":91.215,"caption":"Tandem Paragliding Zell am See"},"image":{"@id":"https:\/\/tandem-paragliding-zellamsee.com\/#\/schema\/logo\/image\/"},"sameAs":["https:\/\/www.facebook.com\/Falkenair","https:\/\/www.instagram.com\/falken_air\/"]}]}},"_links":{"self":[{"href":"https:\/\/tandem-paragliding-zellamsee.com\/it\/wp-json\/wp\/v2\/pages\/1733","targetHints":{"allow":["GET"]}}],"collection":[{"href":"https:\/\/tandem-paragliding-zellamsee.com\/it\/wp-json\/wp\/v2\/pages"}],"about":[{"href":"https:\/\/tandem-paragliding-zellamsee.com\/it\/wp-json\/wp\/v2\/types\/page"}],"author":[{"embeddable":true,"href":"https:\/\/tandem-paragliding-zellamsee.com\/it\/wp-json\/wp\/v2\/users\/1"}],"replies":[{"embeddable":true,"href":"https:\/\/tandem-paragliding-zellamsee.com\/it\/wp-json\/wp\/v2\/comments?post=1733"}],"version-history":[{"count":5,"href":"https:\/\/tandem-paragliding-zellamsee.com\/it\/wp-json\/wp\/v2\/pages\/1733\/revisions"}],"predecessor-version":[{"id":17067,"href":"https:\/\/tandem-paragliding-zellamsee.com\/it\/wp-json\/wp\/v2\/pages\/1733\/revisions\/17067"}],"wp:attachment":[{"href":"https:\/\/tandem-paragliding-zellamsee.com\/it\/wp-json\/wp\/v2\/media?parent=1733"}],"curies":[{"name":"wp","href":"https:\/\/api.w.org\/{rel}","templated":true}]}}