{"id":11919,"date":"2022-07-21T18:42:29","date_gmt":"2022-07-21T16:42:29","guid":{"rendered":"https:\/\/tandem-paragliding-zellamsee.com\/?p=11919"},"modified":"2026-01-12T16:13:49","modified_gmt":"2026-01-12T15:13:49","slug":"attrazioni-turistiche","status":"publish","type":"page","link":"https:\/\/tandem-paragliding-zellamsee.com\/it\/attrazioni-turistiche\/","title":{"rendered":"Da vedere Zell am See-Kaprun"},"content":{"rendered":"<div data-elementor-type=\"wp-page\" data-elementor-id=\"11919\" class=\"elementor elementor-11919\" data-elementor-post-type=\"page\">\n\t\t\t\t<div class=\"elementor-element elementor-element-2c6e8c2 e-con-full e-flex e-con e-parent\" data-id=\"2c6e8c2\" data-element_type=\"container\" data-settings=\"{&quot;background_background&quot;:&quot;classic&quot;,&quot;jet_parallax_layout_list&quot;:[]}\">\n\t\t\t\t<div class=\"elementor-element elementor-element-1b12837 elementor-align-left elementor-widget elementor-widget-breadcrumbs\" data-id=\"1b12837\" data-element_type=\"widget\" data-widget_type=\"breadcrumbs.default\">\n\t\t\t\t\t<p id=\"breadcrumbs\"><span><span><a href=\"https:\/\/tandem-paragliding-zellamsee.com\/it\/\">Pagina iniziale<\/a><\/span><\/span><\/p>\t\t\t\t<\/div>\n\t\t\t\t<\/div>\n\t\t<div class=\"elementor-element elementor-element-7693e01 e-flex e-con-boxed e-con e-parent\" data-id=\"7693e01\" data-element_type=\"container\" data-settings=\"{&quot;jet_parallax_layout_list&quot;:[]}\">\n\t\t\t\t\t<div class=\"e-con-inner\">\n\t\t<div class=\"elementor-element elementor-element-1277145 e-con-full e-flex e-con e-child\" data-id=\"1277145\" data-element_type=\"container\" data-settings=\"{&quot;jet_parallax_layout_list&quot;:[]}\">\n\t\t\t\t<div class=\"elementor-element elementor-element-d16d6b6 elementor-widget elementor-widget-heading\" data-id=\"d16d6b6\" data-element_type=\"widget\" data-widget_type=\"heading.default\">\n\t\t\t\t\t<div class=\"elementor-heading-title elementor-size-default\">Zell am See-Kaprun<\/div>\t\t\t\t<\/div>\n\t\t\t\t<div class=\"elementor-element elementor-element-e87e625 elementor-widget elementor-widget-heading\" data-id=\"e87e625\" data-element_type=\"widget\" data-widget_type=\"heading.default\">\n\t\t\t\t\t<h1 class=\"elementor-heading-title elementor-size-default\">In alto sopra Zell am See<\/h1>\t\t\t\t<\/div>\n\t\t\t\t<\/div>\n\t\t<div class=\"elementor-element elementor-element-d0ae2bd e-con-full e-flex e-con e-child\" data-id=\"d0ae2bd\" data-element_type=\"container\" data-settings=\"{&quot;jet_parallax_layout_list&quot;:[]}\">\n\t\t\t\t<div class=\"elementor-element elementor-element-4fc8207 elementor-widget elementor-widget-heading\" data-id=\"4fc8207\" data-element_type=\"widget\" data-widget_type=\"heading.default\">\n\t\t\t\t\t<h2 class=\"elementor-heading-title elementor-size-default\">Scopri le attrazioni mentre voli<\/h2>\t\t\t\t<\/div>\n\t\t\t\t<div class=\"elementor-element elementor-element-1b60a44 elementor-widget elementor-widget-text-editor\" data-id=\"1b60a44\" data-element_type=\"widget\" data-widget_type=\"text-editor.default\">\n\t\t\t\t\t\t\t\t\t<p>Il parapendio biposto a Zell am See \u00e8 davvero un&#039;esperienza molto speciale durante una vacanza a Zell am See. Chiunque abbia mai volato capir\u00e0 il nostro entusiasmo per questo sport di volo. Scivoli nell&#039;aria silenziosamente e quasi senza peso. Vivi i paesaggi come un osservatore silenzioso o un uccello <strong>Viste dall&#039;alto.<\/strong> Sulla strada dalla vetta alla valle vediamo le varie attrazioni di Zell am See.<\/p>\t\t\t\t\t\t\t\t<\/div>\n\t\t\t\t<\/div>\n\t\t\t\t\t<\/div>\n\t\t\t\t<\/div>\n\t\t<div class=\"elementor-element elementor-element-c8fbaac image-text e-flex e-con-boxed e-con e-parent\" data-id=\"c8fbaac\" data-element_type=\"container\" data-settings=\"{&quot;background_background&quot;:&quot;classic&quot;,&quot;jet_parallax_layout_list&quot;:[]}\">\n\t\t\t\t\t<div class=\"e-con-inner\">\n\t\t<div class=\"elementor-element elementor-element-7749ce4 e-con-full e-flex e-con e-child\" data-id=\"7749ce4\" data-element_type=\"container\" data-settings=\"{&quot;jet_parallax_layout_list&quot;:[]}\">\n\t\t\t\t<div class=\"elementor-element elementor-element-dd52602 elementor-widget elementor-widget-heading\" data-id=\"dd52602\" data-element_type=\"widget\" data-widget_type=\"heading.default\">\n\t\t\t\t\t<h2 class=\"elementor-heading-title elementor-size-default\">Lo Schmittenh\u00f6he<\/h2>\t\t\t\t<\/div>\n\t\t\t\t<div class=\"elementor-element elementor-element-65ebaf0 elementor-widget elementor-widget-text-editor\" data-id=\"65ebaf0\" data-element_type=\"widget\" data-widget_type=\"text-editor.default\">\n\t\t\t\t\t\t\t\t\t<p>Lo Schmittenh\u00f6he \u00e8 <strong>Punto di partenza del nostro piccolo viaggio<\/strong> e il punto di partenza ottimale per voli brevi o pi\u00f9 lunghi sulla nostra regione. Non per niente la famosa montagna locale di Zell \u00e8 molto conosciuta tra gli amanti del parapendio e del parapendio.<\/p>\n<p>Qui si trovano punti di decollo in quasi tutte le direzioni del vento e buone condizioni termiche, nonch\u00e9 molte possibilit\u00e0 di atterraggio per voli di fondo pi\u00f9 lunghi, il che \u00e8 particolarmente interessante per i principianti.<\/p>\t\t\t\t\t\t\t\t<\/div>\n\t\t\t\t<\/div>\n\t\t<div class=\"elementor-element elementor-element-c58fe48 e-con-full e-flex e-con e-child\" data-id=\"c58fe48\" data-element_type=\"container\" data-settings=\"{&quot;motion_fx_motion_fx_scrolling&quot;:&quot;yes&quot;,&quot;jet_parallax_layout_list&quot;:[],&quot;motion_fx_translateY_effect&quot;:&quot;yes&quot;,&quot;motion_fx_translateY_direction&quot;:&quot;negative&quot;,&quot;motion_fx_translateY_speed&quot;:{&quot;unit&quot;:&quot;px&quot;,&quot;size&quot;:4,&quot;sizes&quot;:[]},&quot;motion_fx_translateY_affectedRange&quot;:{&quot;unit&quot;:&quot;%&quot;,&quot;size&quot;:&quot;&quot;,&quot;sizes&quot;:{&quot;start&quot;:0,&quot;end&quot;:100}},&quot;motion_fx_devices&quot;:[&quot;desktop&quot;,&quot;tablet&quot;,&quot;mobile&quot;]}\">\n\t\t\t\t<div class=\"elementor-element elementor-element-4e1467b elementor-widget elementor-widget-image\" data-id=\"4e1467b\" data-element_type=\"widget\" data-widget_type=\"image.default\">\n\t\t\t\t\t\t\t\t\t\t\t\t\t\t\t<img fetchpriority=\"high\" decoding=\"async\" width=\"800\" height=\"600\" src=\"https:\/\/tandem-paragliding-zellamsee.com\/wp-content\/uploads\/2024\/06\/52206278472_2a10c84c14_o-scaled-1-1030x773.jpg\" class=\"attachment-large size-large wp-image-15705\" alt=\"\" srcset=\"https:\/\/tandem-paragliding-zellamsee.com\/wp-content\/uploads\/2024\/06\/52206278472_2a10c84c14_o-scaled-1-1030x773.jpg 1030w, https:\/\/tandem-paragliding-zellamsee.com\/wp-content\/uploads\/2024\/06\/52206278472_2a10c84c14_o-scaled-1-300x225.jpg 300w, https:\/\/tandem-paragliding-zellamsee.com\/wp-content\/uploads\/2024\/06\/52206278472_2a10c84c14_o-scaled-1-768x576.jpg 768w, https:\/\/tandem-paragliding-zellamsee.com\/wp-content\/uploads\/2024\/06\/52206278472_2a10c84c14_o-scaled-1-1536x1152.jpg 1536w, https:\/\/tandem-paragliding-zellamsee.com\/wp-content\/uploads\/2024\/06\/52206278472_2a10c84c14_o-scaled-1-2048x1536.jpg 2048w, https:\/\/tandem-paragliding-zellamsee.com\/wp-content\/uploads\/2024\/06\/52206278472_2a10c84c14_o-scaled-1-16x12.jpg 16w\" sizes=\"(max-width: 800px) 100vw, 800px\" \/>\t\t\t\t\t\t\t\t\t\t\t\t\t\t\t<\/div>\n\t\t\t\t<\/div>\n\t\t\t\t\t<\/div>\n\t\t\t\t<\/div>\n\t\t<div class=\"elementor-element elementor-element-062d1d9 image-text e-flex e-con-boxed e-con e-parent\" data-id=\"062d1d9\" data-element_type=\"container\" data-settings=\"{&quot;background_background&quot;:&quot;classic&quot;,&quot;jet_parallax_layout_list&quot;:[]}\">\n\t\t\t\t\t<div class=\"e-con-inner\">\n\t\t<div class=\"elementor-element elementor-element-cb7a737 e-con-full e-flex e-con e-child\" data-id=\"cb7a737\" data-element_type=\"container\" data-settings=\"{&quot;motion_fx_motion_fx_scrolling&quot;:&quot;yes&quot;,&quot;jet_parallax_layout_list&quot;:[],&quot;motion_fx_translateY_effect&quot;:&quot;yes&quot;,&quot;motion_fx_translateY_direction&quot;:&quot;negative&quot;,&quot;motion_fx_translateY_speed&quot;:{&quot;unit&quot;:&quot;px&quot;,&quot;size&quot;:4,&quot;sizes&quot;:[]},&quot;motion_fx_translateY_affectedRange&quot;:{&quot;unit&quot;:&quot;%&quot;,&quot;size&quot;:&quot;&quot;,&quot;sizes&quot;:{&quot;start&quot;:0,&quot;end&quot;:100}},&quot;motion_fx_devices&quot;:[&quot;desktop&quot;,&quot;tablet&quot;,&quot;mobile&quot;]}\">\n\t\t\t\t<div class=\"elementor-element elementor-element-6088715 elementor-widget elementor-widget-image\" data-id=\"6088715\" data-element_type=\"widget\" data-widget_type=\"image.default\">\n\t\t\t\t\t\t\t\t\t\t\t\t\t\t\t<img decoding=\"async\" width=\"800\" height=\"599\" src=\"https:\/\/tandem-paragliding-zellamsee.com\/wp-content\/uploads\/2024\/07\/52207282246_4fc566cd20_o-scaled-1-1030x771.jpg\" class=\"attachment-large size-large wp-image-15822\" alt=\"\" srcset=\"https:\/\/tandem-paragliding-zellamsee.com\/wp-content\/uploads\/2024\/07\/52207282246_4fc566cd20_o-scaled-1-1030x771.jpg 1030w, https:\/\/tandem-paragliding-zellamsee.com\/wp-content\/uploads\/2024\/07\/52207282246_4fc566cd20_o-scaled-1-300x225.jpg 300w, https:\/\/tandem-paragliding-zellamsee.com\/wp-content\/uploads\/2024\/07\/52207282246_4fc566cd20_o-scaled-1-768x575.jpg 768w, https:\/\/tandem-paragliding-zellamsee.com\/wp-content\/uploads\/2024\/07\/52207282246_4fc566cd20_o-scaled-1-1536x1150.jpg 1536w, https:\/\/tandem-paragliding-zellamsee.com\/wp-content\/uploads\/2024\/07\/52207282246_4fc566cd20_o-scaled-1-2048x1534.jpg 2048w, https:\/\/tandem-paragliding-zellamsee.com\/wp-content\/uploads\/2024\/07\/52207282246_4fc566cd20_o-scaled-1-16x12.jpg 16w\" sizes=\"(max-width: 800px) 100vw, 800px\" \/>\t\t\t\t\t\t\t\t\t\t\t\t\t\t\t<\/div>\n\t\t\t\t<\/div>\n\t\t<div class=\"elementor-element elementor-element-083a834 e-con-full e-flex e-con e-child\" data-id=\"083a834\" data-element_type=\"container\" data-settings=\"{&quot;jet_parallax_layout_list&quot;:[]}\">\n\t\t\t\t<div class=\"elementor-element elementor-element-47032a5 elementor-widget elementor-widget-heading\" data-id=\"47032a5\" data-element_type=\"widget\" data-widget_type=\"heading.default\">\n\t\t\t\t\t<h2 class=\"elementor-heading-title elementor-size-default\">La montagna pi\u00f9 bella con vista<\/h2>\t\t\t\t<\/div>\n\t\t\t\t<div class=\"elementor-element elementor-element-56ce763 elementor-widget elementor-widget-text-editor\" data-id=\"56ce763\" data-element_type=\"widget\" data-widget_type=\"text-editor.default\">\n\t\t\t\t\t\t\t\t\t<p>IL <strong>Schmittenh\u00f6he<\/strong> fa parte del Pinzgauer Grasberge, una catena montuosa collegata sopra la quale conduce anche la Pinzgauer Walk, un sentiero escursionistico molto popolare. Una novit\u00e0 assoluta per tutti coloro a cui una normale escursione non basta \u00e8 il sentiero panoramico degli Alti Tauri.<\/p>\t\t\t\t\t\t\t\t<\/div>\n\t\t\t\t<div class=\"elementor-element elementor-element-4bbda3a elementor-widget elementor-widget-heading\" data-id=\"4bbda3a\" data-element_type=\"widget\" data-widget_type=\"heading.default\">\n\t\t\t\t\t<h2 class=\"elementor-heading-title elementor-size-default\">Una vista meravigliosa sul lago Zell<\/h2>\t\t\t\t<\/div>\n\t\t\t\t<div class=\"elementor-element elementor-element-bfc7498 elementor-widget elementor-widget-text-editor\" data-id=\"bfc7498\" data-element_type=\"widget\" data-widget_type=\"text-editor.default\">\n\t\t\t\t\t\t\t\t\t<p>L&#039;esperienza escursionistica a lunga distanza di prima classe potrebbe ispirarti. Le Montagne d&#039;Erba devono probabilmente il loro nome all&#039;abbondanza di verde, poich\u00e9 quasi tutte sono ricoperte di erba fino alla vetta. Gi\u00e0 durante il giro in gondola abbiamo un meraviglioso panorama del <strong>Lago Zell<\/strong> e quando arrivi in cima puoi vedere oltre 30 tremila dalla terrazza panoramica.<\/p>\n<p>Due volte a settimana, molti studenti di yoga ci salutano mentre saliamo, perch\u00e9 yoga in montagna in estate significa: Ohm Shanti e azione! A volte possiamo guardare gli esercizi di yoga dall&#039;alto.<\/p>\t\t\t\t\t\t\t\t<\/div>\n\t\t\t\t<\/div>\n\t\t\t\t\t<\/div>\n\t\t\t\t<\/div>\n\t\t<div class=\"elementor-element elementor-element-147ed1f e-con-full e-flex e-con e-parent\" data-id=\"147ed1f\" data-element_type=\"container\" data-settings=\"{&quot;background_background&quot;:&quot;classic&quot;,&quot;jet_parallax_layout_list&quot;:[]}\">\n\t\t<div class=\"elementor-element elementor-element-4255371 e-con-full e-flex e-con e-child\" data-id=\"4255371\" data-element_type=\"container\" data-settings=\"{&quot;jet_parallax_layout_list&quot;:[],&quot;background_background&quot;:&quot;classic&quot;}\">\n\t\t\t\t<div class=\"elementor-element elementor-element-960c4b8 elementor-widget elementor-widget-heading\" data-id=\"960c4b8\" data-element_type=\"widget\" data-widget_type=\"heading.default\">\n\t\t\t\t\t<h2 class=\"elementor-heading-title elementor-size-default\">Il meglio del parapendio<\/h2>\t\t\t\t<\/div>\n\t\t\t\t<\/div>\n\t\t<div class=\"elementor-element elementor-element-01e1d7a e-con-full e-flex e-con e-child\" data-id=\"01e1d7a\" data-element_type=\"container\" data-settings=\"{&quot;jet_parallax_layout_list&quot;:[]}\">\n\t\t\t\t<div class=\"elementor-element elementor-element-1b6c1d1 elementor-widget elementor-widget-video\" data-id=\"1b6c1d1\" data-element_type=\"widget\" data-widget_type=\"video.default\">\n\t\t\t\t\t\t\t<div class=\"elementor-wrapper elementor-open-inline\">\n\t\t\t<div class=\"elementor-video\"><div class=\"BorlabsCookie _brlbs-cb-youtube\"><div class=\"_brlbs-content-blocker\"> <div class=\"_brlbs-embed _brlbs-video-youtube\"> <img decoding=\"async\" class=\"_brlbs-thumbnail\" src=\"https:\/\/tandem-paragliding-zellamsee.com\/wp-content\/plugins\/borlabs-cookie\/assets\/images\/cb-no-thumbnail.png\" alt=\"Youtube\"> <div class=\"_brlbs-caption\"> <p>Caricando il video accetti la privacy policy di YouTube.<br><a href=\"https:\/\/policies.google.com\/privacy\" target=\"_blank\" rel=\"nofollow noopener noreferrer\">Saperne di pi\u00f9<\/a><\/p> <p><a class=\"_brlbs-btn _brlbs-icon-play-white\" href=\"#\" data-borlabs-cookie-unblock role=\"button\">Carica video<\/a><\/p> <p><label><input type=\"checkbox\" name=\"unblockAll\" value=\"1\" checked> <small>Sblocca sempre YouTube<\/small><\/label><\/p> <\/div> <\/div> <\/div><div class=\"borlabs-hide\" data-borlabs-cookie-type=\"content-blocker\" data-borlabs-cookie-id=\"youtube\"><script type=\"text\/template\">PGlmcmFtZSB0aXRsZT0iVGFuZGVtIFBhcmFnbGlkaW5nIGluIFplbGwgYW0gU2VlIC0gS2FwcnVuICZhbXA7IFNhYWxiYWNoIG1pdCBGYWxrZW4gQWlyLiBEZWluIFRhbmRlbWZsdWcgaW4gU2FsemJ1cmcuIiB3aWR0aD0iODAwIiBoZWlnaHQ9IjQ1MCIgc3JjPSJodHRwczovL3d3dy55b3V0dWJlLW5vY29va2llLmNvbS9lbWJlZC83VjZ2Skc0MjZBTT9mZWF0dXJlPW9lbWJlZCZyZWw9MCZlbmFibGVqc2FwaT0xJm9yaWdpbj1odHRwcyUyNTNBJTI1MkYlMjUyRnRhbmRlbS1wYXJhZ2xpZGluZy16ZWxsYW1zZWUuY29tJmNvbnRyb2xzPTEiIGZyYW1lYm9yZGVyPSIwIiBhbGxvdz0iYWNjZWxlcm9tZXRlcjsgYXV0b3BsYXk7IGNsaXBib2FyZC13cml0ZTsgZW5jcnlwdGVkLW1lZGlhOyBneXJvc2NvcGU7IHBpY3R1cmUtaW4tcGljdHVyZTsgd2ViLXNoYXJlIiByZWZlcnJlcnBvbGljeT0ic3RyaWN0LW9yaWdpbi13aGVuLWNyb3NzLW9yaWdpbiIgYWxsb3dmdWxsc2NyZWVuPjwvaWZyYW1lPg==<\/script><\/div><\/div><\/div>\t\t<\/div>\n\t\t\t\t\t\t<\/div>\n\t\t\t\t<\/div>\n\t\t\t\t<\/div>\n\t\t<div class=\"elementor-element elementor-element-68d2b87 e-flex e-con-boxed e-con e-parent\" data-id=\"68d2b87\" data-element_type=\"container\" data-settings=\"{&quot;background_background&quot;:&quot;classic&quot;,&quot;jet_parallax_layout_list&quot;:[]}\">\n\t\t\t\t\t<div class=\"e-con-inner\">\n\t\t<div class=\"elementor-element elementor-element-9bc0fad e-con-full e-flex e-con e-child\" data-id=\"9bc0fad\" data-element_type=\"container\" data-settings=\"{&quot;background_background&quot;:&quot;classic&quot;,&quot;background_motion_fx_motion_fx_scrolling&quot;:&quot;yes&quot;,&quot;background_motion_fx_opacity_effect&quot;:&quot;yes&quot;,&quot;background_motion_fx_opacity_range&quot;:{&quot;unit&quot;:&quot;%&quot;,&quot;size&quot;:&quot;&quot;,&quot;sizes&quot;:{&quot;start&quot;:46,&quot;end&quot;:100}},&quot;position&quot;:&quot;absolute&quot;,&quot;jet_parallax_layout_list&quot;:[],&quot;background_motion_fx_opacity_direction&quot;:&quot;out-in&quot;,&quot;background_motion_fx_opacity_level&quot;:{&quot;unit&quot;:&quot;px&quot;,&quot;size&quot;:10,&quot;sizes&quot;:[]},&quot;background_motion_fx_devices&quot;:[&quot;desktop&quot;,&quot;tablet&quot;,&quot;mobile&quot;]}\">\n\t\t\t\t<\/div>\n\t\t<div class=\"elementor-element elementor-element-7962d11 e-con-full e-flex e-con e-child\" data-id=\"7962d11\" data-element_type=\"container\" data-settings=\"{&quot;jet_parallax_layout_list&quot;:[],&quot;motion_fx_motion_fx_scrolling&quot;:&quot;yes&quot;,&quot;motion_fx_translateY_effect&quot;:&quot;yes&quot;,&quot;motion_fx_translateY_direction&quot;:&quot;negative&quot;,&quot;motion_fx_translateY_speed&quot;:{&quot;unit&quot;:&quot;px&quot;,&quot;size&quot;:6,&quot;sizes&quot;:[]},&quot;motion_fx_translateY_affectedRange&quot;:{&quot;unit&quot;:&quot;%&quot;,&quot;size&quot;:&quot;&quot;,&quot;sizes&quot;:{&quot;start&quot;:0,&quot;end&quot;:50}},&quot;motion_fx_devices&quot;:[&quot;desktop&quot;,&quot;tablet&quot;,&quot;mobile&quot;]}\">\n\t\t\t\t<div class=\"elementor-element elementor-element-990a53e elementor-widget elementor-widget-heading\" data-id=\"990a53e\" data-element_type=\"widget\" data-widget_type=\"heading.default\">\n\t\t\t\t\t<h2 class=\"elementor-heading-title elementor-size-default\">La citt\u00e0 di Zell am See<\/h2>\t\t\t\t<\/div>\n\t\t\t\t<div class=\"elementor-element elementor-element-ecfff41 elementor-widget elementor-widget-text-editor\" data-id=\"ecfff41\" data-element_type=\"widget\" data-widget_type=\"text-editor.default\">\n\t\t\t\t\t\t\t\t\t<p>Il piccolo si trova in una posizione pittoresca ai piedi dello Schmittenh\u00f6he <strong>Citt\u00e0 di montagna di Zell am See<\/strong>.<\/p>\t\t\t\t\t\t\t\t<\/div>\n\t\t\t\t<\/div>\n\t\t\t\t\t<\/div>\n\t\t\t\t<\/div>\n\t\t<div class=\"elementor-element elementor-element-e6593a7 e-flex e-con-boxed e-con e-parent\" data-id=\"e6593a7\" data-element_type=\"container\" data-settings=\"{&quot;jet_parallax_layout_list&quot;:[]}\">\n\t\t\t\t\t<div class=\"e-con-inner\">\n\t\t<div class=\"elementor-element elementor-element-34b2049 e-flex e-con-boxed e-con e-child\" data-id=\"34b2049\" data-element_type=\"container\" data-settings=\"{&quot;jet_parallax_layout_list&quot;:[]}\">\n\t\t\t\t\t<div class=\"e-con-inner\">\n\t\t\t\t<div class=\"elementor-element elementor-element-64938af elementor-widget elementor-widget-text-editor\" data-id=\"64938af\" data-element_type=\"widget\" data-widget_type=\"text-editor.default\">\n\t\t\t\t\t\t\t\t\t<p>La vista dall&#039;alto del lago scintillante e della citt\u00e0 adiacente \u00e8 davvero speciale. Durante il nostro viaggio con il bus navetta Falken Air viaggiamo da Kaprun a Zell am See e poi nella Schmittental.<\/p><p>C&#039;\u00e8 la Schmittenh\u00f6hebahn con la famosa cabinovia Porsche Design, che ci porta in cima alla montagna. Se la Schmittenh\u00f6hebahn ha bisogno di manutenzione, prendiamo il trassXpress e saliamo ancora per 80 metri.<\/p>\t\t\t\t\t\t\t\t<\/div>\n\t\t\t\t\t<\/div>\n\t\t\t\t<\/div>\n\t\t\t\t\t<\/div>\n\t\t\t\t<\/div>\n\t\t<div class=\"elementor-element elementor-element-f69078f image-text e-flex e-con-boxed e-con e-parent\" data-id=\"f69078f\" data-element_type=\"container\" data-settings=\"{&quot;background_background&quot;:&quot;classic&quot;,&quot;jet_parallax_layout_list&quot;:[]}\">\n\t\t\t\t\t<div class=\"e-con-inner\">\n\t\t<div class=\"elementor-element elementor-element-c89ffda e-con-full e-flex e-con e-child\" data-id=\"c89ffda\" data-element_type=\"container\" data-settings=\"{&quot;motion_fx_motion_fx_scrolling&quot;:&quot;yes&quot;,&quot;jet_parallax_layout_list&quot;:[],&quot;motion_fx_translateY_effect&quot;:&quot;yes&quot;,&quot;motion_fx_translateY_direction&quot;:&quot;negative&quot;,&quot;motion_fx_translateY_speed&quot;:{&quot;unit&quot;:&quot;px&quot;,&quot;size&quot;:2,&quot;sizes&quot;:[]},&quot;motion_fx_translateY_affectedRange&quot;:{&quot;unit&quot;:&quot;%&quot;,&quot;size&quot;:&quot;&quot;,&quot;sizes&quot;:{&quot;start&quot;:0,&quot;end&quot;:100}},&quot;motion_fx_devices&quot;:[&quot;desktop&quot;,&quot;tablet&quot;,&quot;mobile&quot;]}\">\n\t\t\t\t<div class=\"elementor-element elementor-element-07ef467 elementor-widget elementor-widget-image\" data-id=\"07ef467\" data-element_type=\"widget\" data-widget_type=\"image.default\">\n\t\t\t\t\t\t\t\t\t\t\t\t\t\t\t<img decoding=\"async\" width=\"800\" height=\"600\" src=\"https:\/\/tandem-paragliding-zellamsee.com\/wp-content\/uploads\/2022\/08\/tandem-paragliding-zellamsee-stausee-kaprun-falkenair-1030x773.webp\" class=\"attachment-large size-large wp-image-12252\" alt=\"Volo termico Classic Plus con Falken Air sui bacini artificiali di Kaprun\" srcset=\"https:\/\/tandem-paragliding-zellamsee.com\/wp-content\/uploads\/2022\/08\/tandem-paragliding-zellamsee-stausee-kaprun-falkenair-1030x773.webp 1030w, https:\/\/tandem-paragliding-zellamsee.com\/wp-content\/uploads\/2022\/08\/tandem-paragliding-zellamsee-stausee-kaprun-falkenair-300x225.webp 300w, https:\/\/tandem-paragliding-zellamsee.com\/wp-content\/uploads\/2022\/08\/tandem-paragliding-zellamsee-stausee-kaprun-falkenair-768x576.webp 768w, https:\/\/tandem-paragliding-zellamsee.com\/wp-content\/uploads\/2022\/08\/tandem-paragliding-zellamsee-stausee-kaprun-falkenair-1536x1152.webp 1536w, https:\/\/tandem-paragliding-zellamsee.com\/wp-content\/uploads\/2022\/08\/tandem-paragliding-zellamsee-stausee-kaprun-falkenair-1500x1125.webp 1500w, https:\/\/tandem-paragliding-zellamsee.com\/wp-content\/uploads\/2022\/08\/tandem-paragliding-zellamsee-stausee-kaprun-falkenair-705x529.webp 705w, https:\/\/tandem-paragliding-zellamsee.com\/wp-content\/uploads\/2022\/08\/tandem-paragliding-zellamsee-stausee-kaprun-falkenair.webp 2048w\" sizes=\"(max-width: 800px) 100vw, 800px\" \/>\t\t\t\t\t\t\t\t\t\t\t\t\t\t\t<\/div>\n\t\t\t\t<\/div>\n\t\t<div class=\"elementor-element elementor-element-d1f4883 e-con-full e-flex e-con e-child\" data-id=\"d1f4883\" data-element_type=\"container\" data-settings=\"{&quot;jet_parallax_layout_list&quot;:[]}\">\n\t\t\t\t<div class=\"elementor-element elementor-element-633133b elementor-widget elementor-widget-heading\" data-id=\"633133b\" data-element_type=\"widget\" data-widget_type=\"heading.default\">\n\t\t\t\t\t<h2 class=\"elementor-heading-title elementor-size-default\">Le rotte aeree<\/h2>\t\t\t\t<\/div>\n\t\t\t\t<div class=\"elementor-element elementor-element-116f6fd elementor-widget elementor-widget-text-editor\" data-id=\"116f6fd\" data-element_type=\"widget\" data-widget_type=\"text-editor.default\">\n\t\t\t\t\t\t\t\t\t<p>A seconda della direzione del vento e del punto di partenza, il nostro percorso si snoda in diverse direzioni. Volando verso Kaprun sorvoleremo il nuovo ristorante panoramico Franzl, dove gi\u00e0 ci aspettano moltissimi curiosi che ci salutano.<\/p>\n<p>Se hai quello pi\u00f9 lungo <a href=\"https:\/\/tandem-paragliding-zellamsee.com\/it\/prezzi\/\">Volo Classico Plus<\/a> Se avete prenotato abbiamo anche la possibilit\u00e0 di esplorare altre montagne. Se le condizioni termiche sono buone possiamo guadagnare tanta quota da poterci dirigere anche verso Maiskogel, <strong>Ghiacciaio del Kitzsteinhorn<\/strong> e al <a href=\"https:\/\/tandem-paragliding-zellamsee.com\/it\/serbatoi-di-kaprun-in-parapendio\/\">Serbatoi di Kaprun<\/a> pu\u00f2 volare.<\/p>\t\t\t\t\t\t\t\t<\/div>\n\t\t\t\t<\/div>\n\t\t\t\t\t<\/div>\n\t\t\t\t<\/div>\n\t\t<div class=\"elementor-element elementor-element-639f8b7 image-text e-flex e-con-boxed e-con e-parent\" data-id=\"639f8b7\" data-element_type=\"container\" data-settings=\"{&quot;background_background&quot;:&quot;classic&quot;,&quot;jet_parallax_layout_list&quot;:[]}\">\n\t\t\t\t\t<div class=\"e-con-inner\">\n\t\t<div class=\"elementor-element elementor-element-7d4a1d2 e-con-full e-flex e-con e-child\" data-id=\"7d4a1d2\" data-element_type=\"container\" data-settings=\"{&quot;jet_parallax_layout_list&quot;:[]}\">\n\t\t\t\t<div class=\"elementor-element elementor-element-748fb49 elementor-widget elementor-widget-heading\" data-id=\"748fb49\" data-element_type=\"widget\" data-widget_type=\"heading.default\">\n\t\t\t\t\t<h2 class=\"elementor-heading-title elementor-size-default\">Tutte le attrazioni pi\u00f9 importanti a colpo d&#039;occhio<\/h2>\t\t\t\t<\/div>\n\t\t\t\t<div class=\"elementor-element elementor-element-7a015ee elementor-widget elementor-widget-text-editor\" data-id=\"7a015ee\" data-element_type=\"widget\" data-widget_type=\"text-editor.default\">\n\t\t\t\t\t\t\t\t\t<p>Quando attraversi la valle ti rendi conto di quanto stiamo davvero volando in alto. Le montagne si abbassano e il fondovalle si trova sotto di noi. Non \u00e8 raro che attraversiamo la valle a oltre 3000 metri di altitudine. Spesso ci viene chiesto cosa sia questo edificio simile a un UFO davanti al quale voliamo: Esattamente! <strong>Terme dei Tauri Kaprun.<\/strong> Chiamate anche: Zell am See Kaprun Therme, che brillano fino a noi con le sue numerose piscine all&#039;aperto. Anche il campo da golf Zell am See Kaprun con i suoi numerosi bunker di sabbia e laghetti \u00e8 visibile da lontano.<\/p>\n<p>\u00a0<\/p>\t\t\t\t\t\t\t\t<\/div>\n\t\t\t\t<div class=\"elementor-element elementor-element-12310a3 elementor-widget elementor-widget-heading\" data-id=\"12310a3\" data-element_type=\"widget\" data-widget_type=\"heading.default\">\n\t\t\t\t\t<h2 class=\"elementor-heading-title elementor-size-default\">Guarda il castello di Kaprun dall&#039;alto<\/h2>\t\t\t\t<\/div>\n\t\t\t\t<div class=\"elementor-element elementor-element-bf8465a elementor-widget elementor-widget-text-editor\" data-id=\"bf8465a\" data-element_type=\"widget\" data-widget_type=\"text-editor.default\">\n\t\t\t\t\t\t\t\t\t<p>Ci sono alcuni altri punti salienti della nostra traversata della valle: ad esempio quella suggestiva <strong>Castello di Kaprun<\/strong>, che troneggia maestosamente sopra il villaggio di Kaprun. Il castello fortificato, costruito nel XII secolo, \u00e8 testimone della contemporaneit\u00e0, punto di riferimento e luogo di eventi tutto l&#039;anno.<\/p><p>Puoi anche visitare la famosissima gola Sigmund Thun <a href=\"https:\/\/tandem-paragliding-zellamsee.com\/it\/zell-am-see\/\">Parapendio biposto a Zell am See<\/a> ammirare dall&#039;alto. L&#039;inconfondibile turchese del lago e la gola profonda 30 metri sono visibili anche dall&#039;alto.<\/p>\t\t\t\t\t\t\t\t<\/div>\n\t\t\t\t<\/div>\n\t\t<div class=\"elementor-element elementor-element-a83c8ab e-con-full e-flex e-con e-child\" data-id=\"a83c8ab\" data-element_type=\"container\" data-settings=\"{&quot;motion_fx_motion_fx_scrolling&quot;:&quot;yes&quot;,&quot;jet_parallax_layout_list&quot;:[],&quot;motion_fx_translateY_effect&quot;:&quot;yes&quot;,&quot;motion_fx_translateY_direction&quot;:&quot;negative&quot;,&quot;motion_fx_translateY_speed&quot;:{&quot;unit&quot;:&quot;px&quot;,&quot;size&quot;:2,&quot;sizes&quot;:[]},&quot;motion_fx_translateY_affectedRange&quot;:{&quot;unit&quot;:&quot;%&quot;,&quot;size&quot;:&quot;&quot;,&quot;sizes&quot;:{&quot;start&quot;:0,&quot;end&quot;:100}},&quot;motion_fx_devices&quot;:[&quot;desktop&quot;,&quot;tablet&quot;,&quot;mobile&quot;]}\">\n\t\t\t\t<div class=\"elementor-element elementor-element-468f431 elementor-widget elementor-widget-image\" data-id=\"468f431\" data-element_type=\"widget\" data-widget_type=\"image.default\">\n\t\t\t\t\t\t\t\t\t\t\t\t\t\t\t<img loading=\"lazy\" decoding=\"async\" width=\"800\" height=\"585\" src=\"https:\/\/tandem-paragliding-zellamsee.com\/wp-content\/uploads\/2022\/07\/Burg-Kaprun-Sehenswuerdigkeiten-ZellamSee.jpg\" class=\"attachment-large size-large wp-image-11925\" alt=\"Castello di Kaprun con il bel tempo\" srcset=\"https:\/\/tandem-paragliding-zellamsee.com\/wp-content\/uploads\/2022\/07\/Burg-Kaprun-Sehenswuerdigkeiten-ZellamSee.jpg 800w, https:\/\/tandem-paragliding-zellamsee.com\/wp-content\/uploads\/2022\/07\/Burg-Kaprun-Sehenswuerdigkeiten-ZellamSee-300x219.jpg 300w, https:\/\/tandem-paragliding-zellamsee.com\/wp-content\/uploads\/2022\/07\/Burg-Kaprun-Sehenswuerdigkeiten-ZellamSee-768x562.jpg 768w, https:\/\/tandem-paragliding-zellamsee.com\/wp-content\/uploads\/2022\/07\/Burg-Kaprun-Sehenswuerdigkeiten-ZellamSee-705x516.jpg 705w\" sizes=\"(max-width: 800px) 100vw, 800px\" \/>\t\t\t\t\t\t\t\t\t\t\t\t\t\t\t<\/div>\n\t\t\t\t<\/div>\n\t\t\t\t\t<\/div>\n\t\t\t\t<\/div>\n\t\t<div class=\"elementor-element elementor-element-16b3b9a image-text e-flex e-con-boxed e-con e-parent\" data-id=\"16b3b9a\" data-element_type=\"container\" data-settings=\"{&quot;background_background&quot;:&quot;classic&quot;,&quot;jet_parallax_layout_list&quot;:[]}\">\n\t\t\t\t\t<div class=\"e-con-inner\">\n\t\t<div class=\"elementor-element elementor-element-0a07e07 e-con-full e-flex e-con e-child\" data-id=\"0a07e07\" data-element_type=\"container\" data-settings=\"{&quot;motion_fx_motion_fx_scrolling&quot;:&quot;yes&quot;,&quot;jet_parallax_layout_list&quot;:[],&quot;motion_fx_translateY_effect&quot;:&quot;yes&quot;,&quot;motion_fx_translateY_direction&quot;:&quot;negative&quot;,&quot;motion_fx_translateY_speed&quot;:{&quot;unit&quot;:&quot;px&quot;,&quot;size&quot;:2,&quot;sizes&quot;:[]},&quot;motion_fx_translateY_affectedRange&quot;:{&quot;unit&quot;:&quot;%&quot;,&quot;size&quot;:&quot;&quot;,&quot;sizes&quot;:{&quot;start&quot;:0,&quot;end&quot;:100}},&quot;motion_fx_devices&quot;:[&quot;desktop&quot;,&quot;tablet&quot;,&quot;mobile&quot;]}\">\n\t\t\t\t<div class=\"elementor-element elementor-element-8af77ef elementor-widget elementor-widget-image\" data-id=\"8af77ef\" data-element_type=\"widget\" data-widget_type=\"image.default\">\n\t\t\t\t\t\t\t\t\t\t\t\t\t\t\t<img loading=\"lazy\" decoding=\"async\" width=\"800\" height=\"600\" src=\"https:\/\/tandem-paragliding-zellamsee.com\/wp-content\/uploads\/2022\/08\/stauseen-kaprun-winter-kitzsteinhorn-paragliding-zellamsee-falkenair-1-1030x773.webp\" class=\"attachment-large size-large wp-image-12342\" alt=\"Vista invernale sul Kitzsteinhorn\" srcset=\"https:\/\/tandem-paragliding-zellamsee.com\/wp-content\/uploads\/2022\/08\/stauseen-kaprun-winter-kitzsteinhorn-paragliding-zellamsee-falkenair-1-1030x773.webp 1030w, https:\/\/tandem-paragliding-zellamsee.com\/wp-content\/uploads\/2022\/08\/stauseen-kaprun-winter-kitzsteinhorn-paragliding-zellamsee-falkenair-1-300x225.webp 300w, https:\/\/tandem-paragliding-zellamsee.com\/wp-content\/uploads\/2022\/08\/stauseen-kaprun-winter-kitzsteinhorn-paragliding-zellamsee-falkenair-1-768x576.webp 768w, https:\/\/tandem-paragliding-zellamsee.com\/wp-content\/uploads\/2022\/08\/stauseen-kaprun-winter-kitzsteinhorn-paragliding-zellamsee-falkenair-1-1536x1152.webp 1536w, https:\/\/tandem-paragliding-zellamsee.com\/wp-content\/uploads\/2022\/08\/stauseen-kaprun-winter-kitzsteinhorn-paragliding-zellamsee-falkenair-1-1500x1125.webp 1500w, https:\/\/tandem-paragliding-zellamsee.com\/wp-content\/uploads\/2022\/08\/stauseen-kaprun-winter-kitzsteinhorn-paragliding-zellamsee-falkenair-1-705x529.webp 705w, https:\/\/tandem-paragliding-zellamsee.com\/wp-content\/uploads\/2022\/08\/stauseen-kaprun-winter-kitzsteinhorn-paragliding-zellamsee-falkenair-1.webp 2048w\" sizes=\"(max-width: 800px) 100vw, 800px\" \/>\t\t\t\t\t\t\t\t\t\t\t\t\t\t\t<\/div>\n\t\t\t\t<\/div>\n\t\t<div class=\"elementor-element elementor-element-bd5310f e-con-full e-flex e-con e-child\" data-id=\"bd5310f\" data-element_type=\"container\" data-settings=\"{&quot;jet_parallax_layout_list&quot;:[]}\">\n\t\t\t\t<div class=\"elementor-element elementor-element-e22f229 elementor-widget elementor-widget-heading\" data-id=\"e22f229\" data-element_type=\"widget\" data-widget_type=\"heading.default\">\n\t\t\t\t\t<h2 class=\"elementor-heading-title elementor-size-default\">I bacini idrici di Kaprun con un&#039;imponente diga<\/h2>\t\t\t\t<\/div>\n\t\t\t\t<div class=\"elementor-element elementor-element-f171e35 elementor-widget elementor-widget-text-editor\" data-id=\"f171e35\" data-element_type=\"widget\" data-widget_type=\"text-editor.default\">\n\t\t\t\t\t\t\t\t\t<p>Se ancora non ne avete abbastanza delle numerose impressioni, potete ancora vedere le imponenti dighe alla fine della valle <strong>Bacini artificiali di alta montagna di Kaprun.<\/strong> I bacini idrici furono costruiti negli anni del dopoguerra e sono responsabili dello sviluppo di Kaprun da tranquillo villaggio agricolo a rinomata localit\u00e0 turistica. Qui la Verbund AG produce ogni giorno elettricit\u00e0 verde e rifornisce migliaia di economie domestiche in patria e all&#039;estero.<\/p>\t\t\t\t\t\t\t\t<\/div>\n\t\t\t\t<div class=\"elementor-element elementor-element-c91603b elementor-widget elementor-widget-heading\" data-id=\"c91603b\" data-element_type=\"widget\" data-widget_type=\"heading.default\">\n\t\t\t\t\t<h2 class=\"elementor-heading-title elementor-size-default\">Il gigante bianco sopra Kaprun<\/h2>\t\t\t\t<\/div>\n\t\t\t\t<div class=\"elementor-element elementor-element-fa93f38 elementor-widget elementor-widget-text-editor\" data-id=\"fa93f38\" data-element_type=\"widget\" data-widget_type=\"text-editor.default\">\n\t\t\t\t\t\t\t\t\t<p>Un po&#039; a destra del lago artificiale ci d\u00e0 il benvenuto il punto di riferimento di Kaprun, il Kitzsteinhorn. Questo magico ghiacciaio ha affascinato molti sciatori e freerider con la sua forma piramidale e il grande altopiano del ghiacciaio. La neve naturale che cade quass\u00f9 \u00e8 nota tra i suoi appassionati. La piattaforma panoramica <strong>\u201cLa parte superiore di Salisburgo\u201d<\/strong> a 3029 m sopra il livello del mare e il ristorante in vetta merita sicuramente una visita se volete rinfrescarvi un po&#039; dopo l&#039;emozionante volo.<\/p>\n<p>Proprio in fondo alla valle ce n&#039;\u00e8 uno davvero grande: il pi\u00f9 grande dell&#039;Austria, il Gro\u00dfglockner. \u00c8 alto 3798 m e si presenta a noi da lontano con le sue spuntoni scuri. Il famoso corre anche lungo la Fuschertal e parti del Gro\u00dfglockner <strong>Strada alpina del Grossglockner.<\/strong> Estremamente popolare non solo tra i motociclisti e gli automobilisti decappottabili. Allora, sei pronto per un&#039;avventura? Esplora con noi le bellezze della regione dall&#039;alto...<\/p>\t\t\t\t\t\t\t\t<\/div>\n\t\t\t\t<\/div>\n\t\t\t\t\t<\/div>\n\t\t\t\t<\/div>\n\t\t<div class=\"elementor-element elementor-element-3973905 e-flex e-con-boxed e-con e-parent\" data-id=\"3973905\" data-element_type=\"container\" data-settings=\"{&quot;background_background&quot;:&quot;classic&quot;,&quot;jet_parallax_layout_list&quot;:[]}\">\n\t\t\t\t\t<div class=\"e-con-inner\">\n\t\t\t\t<div class=\"elementor-element elementor-element-e91728a elementor-widget elementor-widget-heading\" data-id=\"e91728a\" data-element_type=\"widget\" data-widget_type=\"heading.default\">\n\t\t\t\t\t<h2 class=\"elementor-heading-title elementor-size-default\">I nostri voli invernali<\/h2>\t\t\t\t<\/div>\n\t\t\t\t\t<\/div>\n\t\t\t\t<\/div>\n\t\t<div class=\"elementor-element elementor-element-d9cd78f e-flex e-con-boxed e-con e-parent\" data-id=\"d9cd78f\" data-element_type=\"container\" data-settings=\"{&quot;background_background&quot;:&quot;classic&quot;,&quot;jet_parallax_layout_list&quot;:[]}\">\n\t\t\t\t\t<div class=\"e-con-inner\">\n\t\t<div class=\"elementor-element elementor-element-181d386 e-con-full e-flex e-con e-child\" data-id=\"181d386\" data-element_type=\"container\" data-settings=\"{&quot;jet_parallax_layout_list&quot;:[]}\">\n\t\t<div class=\"elementor-element elementor-element-a8c668d e-flex e-con-boxed e-con e-child\" data-id=\"a8c668d\" data-element_type=\"container\" data-settings=\"{&quot;jet_parallax_layout_list&quot;:[]}\">\n\t\t\t\t\t<div class=\"e-con-inner\">\n\t\t\t\t<div class=\"elementor-element elementor-element-04fe1d6 elementor-widget__width-initial elementor-widget elementor-widget-heading\" data-id=\"04fe1d6\" data-element_type=\"widget\" data-widget_type=\"heading.default\">\n\t\t\t\t\t<div class=\"elementor-heading-title elementor-size-default\">1<\/div>\t\t\t\t<\/div>\n\t\t\t\t<div class=\"elementor-element elementor-element-dac5d4e elementor-widget__width-initial elementor-widget elementor-widget-heading\" data-id=\"dac5d4e\" data-element_type=\"widget\" data-widget_type=\"heading.default\">\n\t\t\t\t\t<h3 class=\"elementor-heading-title elementor-size-default\">Fiducia e sicurezza<\/h3>\t\t\t\t<\/div>\n\t\t\t\t\t<\/div>\n\t\t\t\t<\/div>\n\t\t\t\t<div class=\"elementor-element elementor-element-75e0555 elementor-widget elementor-widget-heading\" data-id=\"75e0555\" data-element_type=\"widget\" data-widget_type=\"heading.default\">\n\t\t\t\t\t<div class=\"elementor-heading-title elementor-size-default\">Puoi contare su di noi sia dal punto di vista tecnico che organizzativo<\/div>\t\t\t\t<\/div>\n\t\t\t\t<div class=\"elementor-element elementor-element-02ba555 elementor-widget elementor-widget-text-editor\" data-id=\"02ba555\" data-element_type=\"widget\" data-widget_type=\"text-editor.default\">\n\t\t\t\t\t\t\t\t\t<ul><li><strong>Nessun costo in caso di maltempo<br \/><\/strong>rimandiamo o annulliamo<\/li><li><strong>Assicurazione completa<\/strong><br \/>durante il volo<\/li><li><strong>Piloti appassionati da oltre 20 anni<\/strong><br \/>stato testato e concesso in licenza<\/li><\/ul>\t\t\t\t\t\t\t\t<\/div>\n\t\t\t\t<\/div>\n\t\t<div class=\"elementor-element elementor-element-9ec2a9d e-con-full e-flex e-con e-child\" data-id=\"9ec2a9d\" data-element_type=\"container\" data-settings=\"{&quot;jet_parallax_layout_list&quot;:[]}\">\n\t\t<div class=\"elementor-element elementor-element-ba35124 e-flex e-con-boxed e-con e-child\" data-id=\"ba35124\" data-element_type=\"container\" data-settings=\"{&quot;jet_parallax_layout_list&quot;:[]}\">\n\t\t\t\t\t<div class=\"e-con-inner\">\n\t\t\t\t<div class=\"elementor-element elementor-element-ed844b9 elementor-widget__width-initial elementor-widget elementor-widget-heading\" data-id=\"ed844b9\" data-element_type=\"widget\" data-widget_type=\"heading.default\">\n\t\t\t\t\t<div class=\"elementor-heading-title elementor-size-default\">2<\/div>\t\t\t\t<\/div>\n\t\t\t\t<div class=\"elementor-element elementor-element-076836a elementor-widget__width-initial elementor-widget elementor-widget-heading\" data-id=\"076836a\" data-element_type=\"widget\" data-widget_type=\"heading.default\">\n\t\t\t\t\t<h3 class=\"elementor-heading-title elementor-size-default\">Massima esperienza<\/h3>\t\t\t\t<\/div>\n\t\t\t\t\t<\/div>\n\t\t\t\t<\/div>\n\t\t\t\t<div class=\"elementor-element elementor-element-51dff97 elementor-widget elementor-widget-heading\" data-id=\"51dff97\" data-element_type=\"widget\" data-widget_type=\"heading.default\">\n\t\t\t\t\t<div class=\"elementor-heading-title elementor-size-default\">vivi un volo indimenticabile\n<\/div>\t\t\t\t<\/div>\n\t\t\t\t<div class=\"elementor-element elementor-element-509f880 elementor-widget elementor-widget-text-editor\" data-id=\"509f880\" data-element_type=\"widget\" data-widget_type=\"text-editor.default\">\n\t\t\t\t\t\t\t\t\t<ul><li><strong>Vola con un professionista<br \/><\/strong>e uno dei principali piloti di sci di fondo e acro della regione<\/li><li><strong>Le migliori foto e video<\/strong><br \/>con le migliori action cam<\/li><li><strong>Controlla tu stesso l&#039;ombrello<\/strong><br \/>se vuoi durante il volo in parapendio<\/li><\/ul>\t\t\t\t\t\t\t\t<\/div>\n\t\t\t\t<\/div>\n\t\t<div class=\"elementor-element elementor-element-70e0eee e-con-full e-flex e-con e-child\" data-id=\"70e0eee\" data-element_type=\"container\" data-settings=\"{&quot;jet_parallax_layout_list&quot;:[]}\">\n\t\t<div class=\"elementor-element elementor-element-e6e1eb8 e-flex e-con-boxed e-con e-child\" data-id=\"e6e1eb8\" data-element_type=\"container\" data-settings=\"{&quot;jet_parallax_layout_list&quot;:[]}\">\n\t\t\t\t\t<div class=\"e-con-inner\">\n\t\t\t\t<div class=\"elementor-element elementor-element-df6ae49 elementor-widget__width-initial elementor-widget elementor-widget-heading\" data-id=\"df6ae49\" data-element_type=\"widget\" data-widget_type=\"heading.default\">\n\t\t\t\t\t<div class=\"elementor-heading-title elementor-size-default\">3<\/div>\t\t\t\t<\/div>\n\t\t\t\t<div class=\"elementor-element elementor-element-f353039 elementor-widget__width-initial elementor-widget elementor-widget-heading\" data-id=\"f353039\" data-element_type=\"widget\" data-widget_type=\"heading.default\">\n\t\t\t\t\t<h3 class=\"elementor-heading-title elementor-size-default\">pensato a tutto<\/h3>\t\t\t\t<\/div>\n\t\t\t\t\t<\/div>\n\t\t\t\t<\/div>\n\t\t\t\t<div class=\"elementor-element elementor-element-317d223 elementor-widget elementor-widget-heading\" data-id=\"317d223\" data-element_type=\"widget\" data-widget_type=\"heading.default\">\n\t\t\t\t\t<div class=\"elementor-heading-title elementor-size-default\">Un&#039;esperienza dall&#039;arrivo al viaggio di ritorno a casa <\/div>\t\t\t\t<\/div>\n\t\t\t\t<div class=\"elementor-element elementor-element-8192ca8 elementor-widget elementor-widget-text-editor\" data-id=\"8192ca8\" data-element_type=\"widget\" data-widget_type=\"text-editor.default\">\n\t\t\t\t\t\t\t\t\t<ul><li><strong>Servizio navetta<br \/><\/strong>alla stazione a valle (biglietto funivia non incluso)<\/li><li><strong>Certificato e adesivo<\/strong><br \/>per ricordare il tuo volo in tandem<\/li><\/ul>\t\t\t\t\t\t\t\t<\/div>\n\t\t\t\t<\/div>\n\t\t\t\t\t<\/div>\n\t\t\t\t<\/div>\n\t\t\t\t<\/div>","protected":false},"excerpt":{"rendered":"<p>Zell am See-Kaprun In alto sopra Zell am See Scoprire le attrazioni volando Il parapendio tandem a Zell am See \u00e8 davvero un&#039;esperienza molto speciale durante una vacanza a Zell am See. Chiunque abbia mai volato capir\u00e0 il nostro entusiasmo per questo sport di volo. Scivoli nell&#039;aria silenziosamente e quasi senza peso. Come un osservatore silenzioso [\u2026]<\/p>","protected":false},"author":1,"featured_media":0,"parent":0,"menu_order":21,"comment_status":"closed","ping_status":"open","template":"","meta":{"_acf_changed":false,"footnotes":""},"class_list":["post-11919","page","type-page","status-publish","hentry"],"acf":[],"yoast_head":"<!-- This site is optimized with the Yoast SEO plugin v27.5 - https:\/\/yoast.com\/product\/yoast-seo-wordpress\/ -->\n<title>Die Top Sehensw\u00fcrdigkeiten in Zell am See beim Tandemflug<\/title>\n<meta name=\"description\" content=\"Ein beeindruckender Tandemflug f\u00fchrt \u00fcber die tollsten Sehensw\u00fcrdigkeiten in Zell am See. Du siehst die Schmittenh\u00f6he, den Zeller See uvm. Jetzt abheben -&gt;\" \/>\n<meta name=\"robots\" content=\"index, follow, max-snippet:-1, max-image-preview:large, max-video-preview:-1\" \/>\n<link rel=\"canonical\" href=\"https:\/\/tandem-paragliding-zellamsee.com\/it\/attrazioni-turistiche\/\" \/>\n<meta property=\"og:locale\" content=\"it_IT\" \/>\n<meta property=\"og:type\" content=\"article\" \/>\n<meta property=\"og:title\" content=\"Die sch\u00f6nsten Sehensw\u00fcrdigkeiten von Zell am See\" \/>\n<meta property=\"og:description\" content=\"Flieg mit uns und erlebe Sightseeing aus einer ganz spannenden Perspektive!\" \/>\n<meta property=\"og:url\" content=\"https:\/\/tandem-paragliding-zellamsee.com\/it\/attrazioni-turistiche\/\" \/>\n<meta property=\"og:site_name\" content=\"Tandem Paragliding Zell am See\" \/>\n<meta property=\"article:publisher\" content=\"https:\/\/www.facebook.com\/Falkenair\" \/>\n<meta property=\"article:modified_time\" content=\"2026-01-12T15:13:49+00:00\" \/>\n<meta property=\"og:image\" content=\"https:\/\/tandem-paragliding-zellamsee.com\/wp-content\/uploads\/2022\/05\/tandem-paragliding-zellamsee-kaprun-tandemflight-schmittenhoehe-austria-paragliden.webp\" \/>\n\t<meta property=\"og:image:width\" content=\"2048\" \/>\n\t<meta property=\"og:image:height\" content=\"1536\" \/>\n\t<meta property=\"og:image:type\" content=\"image\/webp\" \/>\n<meta name=\"twitter:card\" content=\"summary_large_image\" \/>\n<meta name=\"twitter:label1\" content=\"Tempo di lettura stimato\" \/>\n\t<meta name=\"twitter:data1\" content=\"6 minuti\" \/>\n<script type=\"application\/ld+json\" class=\"yoast-schema-graph\">{\"@context\":\"https:\\\/\\\/schema.org\",\"@graph\":[{\"@type\":\"WebPage\",\"@id\":\"https:\\\/\\\/tandem-paragliding-zellamsee.com\\\/sehenswuerdigkeiten-zell-am-see\\\/\",\"url\":\"https:\\\/\\\/tandem-paragliding-zellamsee.com\\\/sehenswuerdigkeiten-zell-am-see\\\/\",\"name\":\"Die Top Sehensw\u00fcrdigkeiten in Zell am See beim Tandemflug\",\"isPartOf\":{\"@id\":\"https:\\\/\\\/tandem-paragliding-zellamsee.com\\\/#website\"},\"primaryImageOfPage\":{\"@id\":\"https:\\\/\\\/tandem-paragliding-zellamsee.com\\\/sehenswuerdigkeiten-zell-am-see\\\/#primaryimage\"},\"image\":{\"@id\":\"https:\\\/\\\/tandem-paragliding-zellamsee.com\\\/sehenswuerdigkeiten-zell-am-see\\\/#primaryimage\"},\"thumbnailUrl\":\"https:\\\/\\\/tandem-paragliding-zellamsee.com\\\/wp-content\\\/uploads\\\/2024\\\/06\\\/52206278472_2a10c84c14_o-scaled-1-1030x773.jpg\",\"datePublished\":\"2022-07-21T16:42:29+00:00\",\"dateModified\":\"2026-01-12T15:13:49+00:00\",\"description\":\"Ein beeindruckender Tandemflug f\u00fchrt \u00fcber die tollsten Sehensw\u00fcrdigkeiten in Zell am See. Du siehst die Schmittenh\u00f6he, den Zeller See uvm. Jetzt abheben ->\",\"breadcrumb\":{\"@id\":\"https:\\\/\\\/tandem-paragliding-zellamsee.com\\\/sehenswuerdigkeiten-zell-am-see\\\/#breadcrumb\"},\"inLanguage\":\"it-IT\",\"potentialAction\":[{\"@type\":\"ReadAction\",\"target\":[\"https:\\\/\\\/tandem-paragliding-zellamsee.com\\\/sehenswuerdigkeiten-zell-am-see\\\/\"]}]},{\"@type\":\"ImageObject\",\"inLanguage\":\"it-IT\",\"@id\":\"https:\\\/\\\/tandem-paragliding-zellamsee.com\\\/sehenswuerdigkeiten-zell-am-see\\\/#primaryimage\",\"url\":\"https:\\\/\\\/tandem-paragliding-zellamsee.com\\\/wp-content\\\/uploads\\\/2024\\\/06\\\/52206278472_2a10c84c14_o-scaled-1-1030x773.jpg\",\"contentUrl\":\"https:\\\/\\\/tandem-paragliding-zellamsee.com\\\/wp-content\\\/uploads\\\/2024\\\/06\\\/52206278472_2a10c84c14_o-scaled-1-1030x773.jpg\"},{\"@type\":\"BreadcrumbList\",\"@id\":\"https:\\\/\\\/tandem-paragliding-zellamsee.com\\\/sehenswuerdigkeiten-zell-am-see\\\/#breadcrumb\",\"itemListElement\":[{\"@type\":\"ListItem\",\"position\":1,\"name\":\"Startseite\",\"item\":\"https:\\\/\\\/tandem-paragliding-zellamsee.com\\\/\"},{\"@type\":\"ListItem\",\"position\":2,\"name\":\"Sehensw\u00fcrdigkeiten Zell am See-Kaprun\"}]},{\"@type\":\"WebSite\",\"@id\":\"https:\\\/\\\/tandem-paragliding-zellamsee.com\\\/#website\",\"url\":\"https:\\\/\\\/tandem-paragliding-zellamsee.com\\\/\",\"name\":\"Tandem Paragliding Zell am See\",\"description\":\"Tandemflug in Zell am See mit Falken Air\",\"publisher\":{\"@id\":\"https:\\\/\\\/tandem-paragliding-zellamsee.com\\\/#organization\"},\"potentialAction\":[{\"@type\":\"SearchAction\",\"target\":{\"@type\":\"EntryPoint\",\"urlTemplate\":\"https:\\\/\\\/tandem-paragliding-zellamsee.com\\\/?s={search_term_string}\"},\"query-input\":{\"@type\":\"PropertyValueSpecification\",\"valueRequired\":true,\"valueName\":\"search_term_string\"}}],\"inLanguage\":\"it-IT\"},{\"@type\":\"Organization\",\"@id\":\"https:\\\/\\\/tandem-paragliding-zellamsee.com\\\/#organization\",\"name\":\"Tandem Paragliding Zell am See\",\"url\":\"https:\\\/\\\/tandem-paragliding-zellamsee.com\\\/\",\"logo\":{\"@type\":\"ImageObject\",\"inLanguage\":\"it-IT\",\"@id\":\"https:\\\/\\\/tandem-paragliding-zellamsee.com\\\/#\\\/schema\\\/logo\\\/image\\\/\",\"url\":\"https:\\\/\\\/tandem-paragliding-zellamsee.com\\\/wp-content\\\/uploads\\\/2024\\\/06\\\/schriftzug-falkenair.svg\",\"contentUrl\":\"https:\\\/\\\/tandem-paragliding-zellamsee.com\\\/wp-content\\\/uploads\\\/2024\\\/06\\\/schriftzug-falkenair.svg\",\"width\":585.541,\"height\":91.215,\"caption\":\"Tandem Paragliding Zell am See\"},\"image\":{\"@id\":\"https:\\\/\\\/tandem-paragliding-zellamsee.com\\\/#\\\/schema\\\/logo\\\/image\\\/\"},\"sameAs\":[\"https:\\\/\\\/www.facebook.com\\\/Falkenair\",\"https:\\\/\\\/www.instagram.com\\\/falken_air\\\/\"]}]}<\/script>\n<!-- \/ Yoast SEO plugin. -->","yoast_head_json":{"title":"Die Top Sehensw\u00fcrdigkeiten in Zell am See beim Tandemflug","description":"Ein beeindruckender Tandemflug f\u00fchrt \u00fcber die tollsten Sehensw\u00fcrdigkeiten in Zell am See. Du siehst die Schmittenh\u00f6he, den Zeller See uvm. Jetzt abheben ->","robots":{"index":"index","follow":"follow","max-snippet":"max-snippet:-1","max-image-preview":"max-image-preview:large","max-video-preview":"max-video-preview:-1"},"canonical":"https:\/\/tandem-paragliding-zellamsee.com\/it\/attrazioni-turistiche\/","og_locale":"it_IT","og_type":"article","og_title":"Die sch\u00f6nsten Sehensw\u00fcrdigkeiten von Zell am See","og_description":"Flieg mit uns und erlebe Sightseeing aus einer ganz spannenden Perspektive!","og_url":"https:\/\/tandem-paragliding-zellamsee.com\/it\/attrazioni-turistiche\/","og_site_name":"Tandem Paragliding Zell am See","article_publisher":"https:\/\/www.facebook.com\/Falkenair","article_modified_time":"2026-01-12T15:13:49+00:00","og_image":[{"width":2048,"height":1536,"url":"https:\/\/tandem-paragliding-zellamsee.com\/wp-content\/uploads\/2022\/05\/tandem-paragliding-zellamsee-kaprun-tandemflight-schmittenhoehe-austria-paragliden.webp","type":"image\/webp"}],"twitter_card":"summary_large_image","twitter_misc":{"Tempo di lettura stimato":"6 minuti"},"schema":{"@context":"https:\/\/schema.org","@graph":[{"@type":"WebPage","@id":"https:\/\/tandem-paragliding-zellamsee.com\/sehenswuerdigkeiten-zell-am-see\/","url":"https:\/\/tandem-paragliding-zellamsee.com\/sehenswuerdigkeiten-zell-am-see\/","name":"Die Top Sehensw\u00fcrdigkeiten in Zell am See beim Tandemflug","isPartOf":{"@id":"https:\/\/tandem-paragliding-zellamsee.com\/#website"},"primaryImageOfPage":{"@id":"https:\/\/tandem-paragliding-zellamsee.com\/sehenswuerdigkeiten-zell-am-see\/#primaryimage"},"image":{"@id":"https:\/\/tandem-paragliding-zellamsee.com\/sehenswuerdigkeiten-zell-am-see\/#primaryimage"},"thumbnailUrl":"https:\/\/tandem-paragliding-zellamsee.com\/wp-content\/uploads\/2024\/06\/52206278472_2a10c84c14_o-scaled-1-1030x773.jpg","datePublished":"2022-07-21T16:42:29+00:00","dateModified":"2026-01-12T15:13:49+00:00","description":"Ein beeindruckender Tandemflug f\u00fchrt \u00fcber die tollsten Sehensw\u00fcrdigkeiten in Zell am See. Du siehst die Schmittenh\u00f6he, den Zeller See uvm. Jetzt abheben ->","breadcrumb":{"@id":"https:\/\/tandem-paragliding-zellamsee.com\/sehenswuerdigkeiten-zell-am-see\/#breadcrumb"},"inLanguage":"it-IT","potentialAction":[{"@type":"ReadAction","target":["https:\/\/tandem-paragliding-zellamsee.com\/sehenswuerdigkeiten-zell-am-see\/"]}]},{"@type":"ImageObject","inLanguage":"it-IT","@id":"https:\/\/tandem-paragliding-zellamsee.com\/sehenswuerdigkeiten-zell-am-see\/#primaryimage","url":"https:\/\/tandem-paragliding-zellamsee.com\/wp-content\/uploads\/2024\/06\/52206278472_2a10c84c14_o-scaled-1-1030x773.jpg","contentUrl":"https:\/\/tandem-paragliding-zellamsee.com\/wp-content\/uploads\/2024\/06\/52206278472_2a10c84c14_o-scaled-1-1030x773.jpg"},{"@type":"BreadcrumbList","@id":"https:\/\/tandem-paragliding-zellamsee.com\/sehenswuerdigkeiten-zell-am-see\/#breadcrumb","itemListElement":[{"@type":"ListItem","position":1,"name":"Startseite","item":"https:\/\/tandem-paragliding-zellamsee.com\/"},{"@type":"ListItem","position":2,"name":"Sehensw\u00fcrdigkeiten Zell am See-Kaprun"}]},{"@type":"WebSite","@id":"https:\/\/tandem-paragliding-zellamsee.com\/#website","url":"https:\/\/tandem-paragliding-zellamsee.com\/","name":"Tandem Paragliding Zell am See","description":"Tandemflug in Zell am See mit Falken Air","publisher":{"@id":"https:\/\/tandem-paragliding-zellamsee.com\/#organization"},"potentialAction":[{"@type":"SearchAction","target":{"@type":"EntryPoint","urlTemplate":"https:\/\/tandem-paragliding-zellamsee.com\/?s={search_term_string}"},"query-input":{"@type":"PropertyValueSpecification","valueRequired":true,"valueName":"search_term_string"}}],"inLanguage":"it-IT"},{"@type":"Organization","@id":"https:\/\/tandem-paragliding-zellamsee.com\/#organization","name":"Tandem Paragliding Zell am See","url":"https:\/\/tandem-paragliding-zellamsee.com\/","logo":{"@type":"ImageObject","inLanguage":"it-IT","@id":"https:\/\/tandem-paragliding-zellamsee.com\/#\/schema\/logo\/image\/","url":"https:\/\/tandem-paragliding-zellamsee.com\/wp-content\/uploads\/2024\/06\/schriftzug-falkenair.svg","contentUrl":"https:\/\/tandem-paragliding-zellamsee.com\/wp-content\/uploads\/2024\/06\/schriftzug-falkenair.svg","width":585.541,"height":91.215,"caption":"Tandem Paragliding Zell am See"},"image":{"@id":"https:\/\/tandem-paragliding-zellamsee.com\/#\/schema\/logo\/image\/"},"sameAs":["https:\/\/www.facebook.com\/Falkenair","https:\/\/www.instagram.com\/falken_air\/"]}]}},"_links":{"self":[{"href":"https:\/\/tandem-paragliding-zellamsee.com\/it\/wp-json\/wp\/v2\/pages\/11919","targetHints":{"allow":["GET"]}}],"collection":[{"href":"https:\/\/tandem-paragliding-zellamsee.com\/it\/wp-json\/wp\/v2\/pages"}],"about":[{"href":"https:\/\/tandem-paragliding-zellamsee.com\/it\/wp-json\/wp\/v2\/types\/page"}],"author":[{"embeddable":true,"href":"https:\/\/tandem-paragliding-zellamsee.com\/it\/wp-json\/wp\/v2\/users\/1"}],"replies":[{"embeddable":true,"href":"https:\/\/tandem-paragliding-zellamsee.com\/it\/wp-json\/wp\/v2\/comments?post=11919"}],"version-history":[{"count":5,"href":"https:\/\/tandem-paragliding-zellamsee.com\/it\/wp-json\/wp\/v2\/pages\/11919\/revisions"}],"predecessor-version":[{"id":17576,"href":"https:\/\/tandem-paragliding-zellamsee.com\/it\/wp-json\/wp\/v2\/pages\/11919\/revisions\/17576"}],"wp:attachment":[{"href":"https:\/\/tandem-paragliding-zellamsee.com\/it\/wp-json\/wp\/v2\/media?parent=11919"}],"curies":[{"name":"wp","href":"https:\/\/api.w.org\/{rel}","templated":true}]}}